{"id":4588,"date":"2020-10-11T08:11:07","date_gmt":"2020-10-11T08:11:07","guid":{"rendered":"https:\/\/asthma-check.ch\/wo-finden-sie-uns-2\/"},"modified":"2020-10-11T17:36:39","modified_gmt":"2020-10-11T17:36:39","slug":"wo-finden-sie-uns","status":"publish","type":"page","link":"https:\/\/asthma-check.ch\/it\/wo-finden-sie-uns\/","title":{"rendered":"Dove potete trovarci?"},"content":{"rendered":"<div  class='av_gmaps_sc_main_wrap av_gmaps_main_wrap '><div id='av_gmap_0' class='avia-google-map-container avia-google-map-sc av_gmaps_show_unconditionally av-no-fallback-img ' data-mapid='av_gmap_0'  style='height: 600px;'><a class=\"av_gmaps_browser_disabled av_text_confirm_link av_text_confirm_link_visible\" href=\"https:\/\/www.google.com\/maps\/search\/?api=1&#038;query=Rathausgasse%2029%20%205000%20Aarau%20%20Schweiz\" target=\"_blank\" rel=\"noopener\">Le mappe sono state disabilitate dal visitatore di questo sito. Clicca per aprire la mappa in una nuova finestra.<\/a><\/div><\/div>\n\n<style type=\"text\/css\" data-created_by=\"avia_inline_auto\" id=\"style-css-av-21lkl3g-630c2e71909a979087695dd024e4184e\">\n.flex_column.av-21lkl3g-630c2e71909a979087695dd024e4184e{\nborder-radius:0px 0px 0px 0px;\npadding:0px 0px 0px 0px;\n}\n<\/style>\n<div  class='flex_column av-21lkl3g-630c2e71909a979087695dd024e4184e av_one_full  avia-builder-el-1  el_after_av_google_map  el_before_av_layout_row  avia-builder-el-no-sibling  first flex_column_div av-zero-column-padding  '     ><style type=\"text\/css\" data-created_by=\"avia_inline_auto\" id=\"style-css-av-kg5dbxik-f6d244138abe06defdc89f36c399f230\">\n#top .av-special-heading.av-kg5dbxik-f6d244138abe06defdc89f36c399f230{\npadding-bottom:10px;\n}\nbody .av-special-heading.av-kg5dbxik-f6d244138abe06defdc89f36c399f230 .av-special-heading-tag .heading-char{\nfont-size:25px;\n}\n.av-special-heading.av-kg5dbxik-f6d244138abe06defdc89f36c399f230 .av-subheading{\nfont-size:15px;\n}\n<\/style>\n<div  class='av-special-heading av-kg5dbxik-f6d244138abe06defdc89f36c399f230 av-special-heading-h3  avia-builder-el-2  avia-builder-el-no-sibling '><h3 class='av-special-heading-tag '  itemprop=\"headline\"  >Farmacie specializzate nella consulenza per l\u2019asma con certificazione medinform<\/h3><div class=\"special-heading-border\"><div class=\"special-heading-inner-border\"><\/div><\/div><\/div><\/div><\/div><\/div><\/div><!-- close content main div --><\/div><\/div><div id='av-layout-grid-1'  class='av-layout-grid-container av-1yaath8-3c516e1a60714c6e9918755f65c6031e entry-content-wrapper main_color av-border-cells av-flex-cells  avia-builder-el-3  el_after_av_one_full  el_before_av_layout_row  grid-row-not-first  container_wrap fullsize'  >\n\n<style type=\"text\/css\" data-created_by=\"avia_inline_auto\" id=\"style-css-av-1w42gl8-6b0334c2582a83f4394dcdf7d1e23c1f\">\n.flex_cell.av-1w42gl8-6b0334c2582a83f4394dcdf7d1e23c1f{\nvertical-align:top;\n}\n.responsive #top #wrap_all .flex_cell.av-1w42gl8-6b0334c2582a83f4394dcdf7d1e23c1f{\npadding:40px 10px 40px 40px !important;\n}\n<\/style>\n<div class='flex_cell av-1w42gl8-6b0334c2582a83f4394dcdf7d1e23c1f av-gridrow-cell av_one_fourth no_margin  avia-builder-el-4  el_before_av_cell_one_fourth  avia-builder-el-first '  ><div class='flex_cell_inner'>\n<style type=\"text\/css\" data-created_by=\"avia_inline_auto\" id=\"style-css-av-1vh1ucc-4fc6f98032e8980454b2016cdc68a88b\">\n#top .av_textblock_section.av-1vh1ucc-4fc6f98032e8980454b2016cdc68a88b .avia_textblock{\nfont-size:14px;\n}\n<\/style>\n<section  class='av_textblock_section av-1vh1ucc-4fc6f98032e8980454b2016cdc68a88b '   itemscope=\"itemscope\" itemtype=\"https:\/\/schema.org\/CreativeWork\" ><div class='avia_textblock'  itemprop=\"text\" ><h4 style=\"margin-bottom: 10px;\">Aadorf:<\/h4>\n<p><strong>Aadorf Apotheke Drogerie<\/strong> Herr Markus Schurr Bahnhofstrasse 8 8355 Aadorf Tel.: 052 368 05 05 <a href=\"mailto:aadorfapotheke@ovan.ch\">aadorfapotheke@ovan.ch<\/a> <a href=\"http:\/\/www.aadorf-apotheke.ch\" target=\"_blank\" rel=\"noopener noreferrer\">www.aadorf-apotheke.ch<\/a> <\/p>\n<\/div><\/section>\n<\/div><\/div>\n<style type=\"text\/css\" data-created_by=\"avia_inline_auto\" id=\"style-css-av-1syt66k-6b01ff5fa80276c58db77d91c9888f86\">\n.flex_cell.av-1syt66k-6b01ff5fa80276c58db77d91c9888f86{\nvertical-align:top;\n}\n.responsive #top #wrap_all .flex_cell.av-1syt66k-6b01ff5fa80276c58db77d91c9888f86{\npadding:40px 10px 40px 40px !important;\n}\n<\/style>\n<div class='flex_cell av-1syt66k-6b01ff5fa80276c58db77d91c9888f86 av-gridrow-cell av_one_fourth no_margin  avia-builder-el-6  el_after_av_cell_one_fourth  el_before_av_cell_one_fourth '  ><div class='flex_cell_inner'>\n<style type=\"text\/css\" data-created_by=\"avia_inline_auto\" id=\"style-css-av-1vh1ucc-ade3d0234262ba60b55481259586e698\">\n#top .av_textblock_section.av-1vh1ucc-ade3d0234262ba60b55481259586e698 .avia_textblock{\nfont-size:14px;\n}\n<\/style>\n<section  class='av_textblock_section av-1vh1ucc-ade3d0234262ba60b55481259586e698 '   itemscope=\"itemscope\" itemtype=\"https:\/\/schema.org\/CreativeWork\" ><div class='avia_textblock'  itemprop=\"text\" ><h4 style=\"margin-bottom: 10px;\">Aarau:<\/h4>\n<p><strong>TopPharm Apotheke G\u00f6ldlin<\/strong> Christina Obrist Rathausgasse\u00a029 5001 Aarau Tel.:\u00a0062\u00a0822\u00a010\u00a067 <a href=\"mailto:kontakt@apogoeldlin.ch\">kontakt@apogoeldlin.ch<\/a> <a href=\"http:\/\/www.apotheke.ch\/goeldlin\" target=\"_blank\" rel=\"noopener noreferrer\">www.apotheke.ch\/goeldlin<\/a> <img loading=\"lazy\" decoding=\"async\" class=\"alignnone wp-image-3730 size-full\" src=\"https:\/\/asthma-check.ch\/wp-content\/uploads\/Logo_AA.png\" alt=\"\" width=\"180\" height=\"23\" \/> <\/p>\n<\/div><\/section>\n<\/div><\/div>\n<style type=\"text\/css\" data-created_by=\"avia_inline_auto\" id=\"style-css-av-1q6emq4-51413ace690872544ab427a80beafd25\">\n.flex_cell.av-1q6emq4-51413ace690872544ab427a80beafd25{\nvertical-align:top;\n}\n.responsive #top #wrap_all .flex_cell.av-1q6emq4-51413ace690872544ab427a80beafd25{\npadding:40px 10px 40px 40px !important;\n}\n<\/style>\n<div class='flex_cell av-1q6emq4-51413ace690872544ab427a80beafd25 av-gridrow-cell av_one_fourth no_margin  avia-builder-el-8  el_after_av_cell_one_fourth  el_before_av_cell_one_fourth '  ><div class='flex_cell_inner'>\n<style type=\"text\/css\" data-created_by=\"avia_inline_auto\" id=\"style-css-av-1vh1ucc-28cfd93273130986c99c7c3fe3d9e17c\">\n#top .av_textblock_section.av-1vh1ucc-28cfd93273130986c99c7c3fe3d9e17c .avia_textblock{\nfont-size:15px;\n}\n<\/style>\n<section  class='av_textblock_section av-1vh1ucc-28cfd93273130986c99c7c3fe3d9e17c '   itemscope=\"itemscope\" itemtype=\"https:\/\/schema.org\/CreativeWork\" ><div class='avia_textblock'  itemprop=\"text\" ><h4 style=\"margin-bottom: 10px;\">Aarberg:<\/h4>\n<p><strong>TopPharm Apotheke &#038; Drogerie Aarberg &#8211; Center<\/strong> Daniela Laubscher Bahnhofstrasse 11 3270 Aarberg Tel.: 032 391 71 67 <a href=\"mailto:center@aarberg.apotheke.ch\">center@aarberg.apotheke.ch<\/a> <a href=\"http:\/\/www.apotheke.ch\/aarberg-center\" target=\"_blank\" rel=\"noopener noreferrer\">www.apotheke.ch\/aarberg-center<\/a> <\/p>\n<\/div><\/section>\n<\/div><\/div>\n<style type=\"text\/css\" data-created_by=\"avia_inline_auto\" id=\"style-css-av-1ngcyto-6243992a1dc38844d97d6a6499109845\">\n.flex_cell.av-1ngcyto-6243992a1dc38844d97d6a6499109845{\nvertical-align:top;\n}\n.responsive #top #wrap_all .flex_cell.av-1ngcyto-6243992a1dc38844d97d6a6499109845{\npadding:40px 10px 40px 40px !important;\n}\n<\/style>\n<div class='flex_cell av-1ngcyto-6243992a1dc38844d97d6a6499109845 av-gridrow-cell av_one_fourth no_margin  avia-builder-el-10  el_after_av_cell_one_fourth  avia-builder-el-last '  ><div class='flex_cell_inner'>\n<style type=\"text\/css\" data-created_by=\"avia_inline_auto\" id=\"style-css-av-1vh1ucc-28cfd93273130986c99c7c3fe3d9e17c\">\n#top .av_textblock_section.av-1vh1ucc-28cfd93273130986c99c7c3fe3d9e17c .avia_textblock{\nfont-size:15px;\n}\n<\/style>\n<section  class='av_textblock_section av-1vh1ucc-28cfd93273130986c99c7c3fe3d9e17c '   itemscope=\"itemscope\" itemtype=\"https:\/\/schema.org\/CreativeWork\" ><div class='avia_textblock'  itemprop=\"text\" ><h4 style=\"margin-bottom: 10px;\">Aarberg:<\/h4>\n<p><strong>TopPharm Apotheke &#038; Drogerie Stedtli <\/strong> Angela Thomet Stadtplatz 52 3270 Aarberg Tel.: 032 391 71 61 <a href=\"mailto:stedtli@aarberg.apotheke.ch\">stedtli@aarberg.apotheke.ch<\/a> <a href=\"http:\/\/www.apotheke.ch\/aarberg-stedtli\" target=\"_blank\" rel=\"noopener noreferrer\">www.apotheke.ch\/aarberg-stedtli<\/a> <\/p>\n<\/div><\/section>\n<\/div><\/div>\n<\/div><\/p>\n<div id='av-layout-grid-2'  class='av-layout-grid-container av-1yaath8-3c516e1a60714c6e9918755f65c6031e entry-content-wrapper main_color av-border-cells av-flex-cells  avia-builder-el-12  el_after_av_layout_row  el_before_av_layout_row  grid-row-not-first  container_wrap fullsize'  >\n\n<style type=\"text\/css\" data-created_by=\"avia_inline_auto\" id=\"style-css-av-1w42gl8-6b0334c2582a83f4394dcdf7d1e23c1f\">\n.flex_cell.av-1w42gl8-6b0334c2582a83f4394dcdf7d1e23c1f{\nvertical-align:top;\n}\n.responsive #top #wrap_all .flex_cell.av-1w42gl8-6b0334c2582a83f4394dcdf7d1e23c1f{\npadding:40px 10px 40px 40px !important;\n}\n<\/style>\n<div class='flex_cell av-1w42gl8-6b0334c2582a83f4394dcdf7d1e23c1f av-gridrow-cell av_one_fourth no_margin  avia-builder-el-13  el_before_av_cell_one_fourth  avia-builder-el-first '  ><div class='flex_cell_inner'>\n<style type=\"text\/css\" data-created_by=\"avia_inline_auto\" id=\"style-css-av-1vh1ucc-4fc6f98032e8980454b2016cdc68a88b\">\n#top .av_textblock_section.av-1vh1ucc-4fc6f98032e8980454b2016cdc68a88b .avia_textblock{\nfont-size:14px;\n}\n<\/style>\n<section  class='av_textblock_section av-1vh1ucc-4fc6f98032e8980454b2016cdc68a88b '   itemscope=\"itemscope\" itemtype=\"https:\/\/schema.org\/CreativeWork\" ><div class='avia_textblock'  itemprop=\"text\" ><h4 style=\"margin-bottom: 10px;\">Affoltern:<\/h4>\n<p><b>Medbase Apotheke Affoltern am Albis<\/b> Frau Vera St\u00e4uble Centralweg 4 8910 Affoltern am Albis Tel.: 044 761 63 24 <a href=\"mailto:apotheke-affoltern@medbase.ch\">apotheke-affoltern@medbase.ch<\/a> <a href=\"https:\/\/www.medbase-apotheken.ch\/apotheken\/detail\/medbase-apotheke-affoltern-am-albis\/\" target=\"_blank\" rel=\"noopener noreferrer\">www.medbase-apotheken.ch\/apotheken\/detail\/medbase-apotheke-affoltern-am-albis\/<\/a> <\/p>\n<\/div><\/section>\n<\/div><\/div>\n<style type=\"text\/css\" data-created_by=\"avia_inline_auto\" id=\"style-css-av-1syt66k-6b01ff5fa80276c58db77d91c9888f86\">\n.flex_cell.av-1syt66k-6b01ff5fa80276c58db77d91c9888f86{\nvertical-align:top;\n}\n.responsive #top #wrap_all .flex_cell.av-1syt66k-6b01ff5fa80276c58db77d91c9888f86{\npadding:40px 10px 40px 40px !important;\n}\n<\/style>\n<div class='flex_cell av-1syt66k-6b01ff5fa80276c58db77d91c9888f86 av-gridrow-cell av_one_fourth no_margin  avia-builder-el-15  el_after_av_cell_one_fourth  el_before_av_cell_one_fourth '  ><div class='flex_cell_inner'>\n<style type=\"text\/css\" data-created_by=\"avia_inline_auto\" id=\"style-css-av-1vh1ucc-4fc6f98032e8980454b2016cdc68a88b\">\n#top .av_textblock_section.av-1vh1ucc-4fc6f98032e8980454b2016cdc68a88b .avia_textblock{\nfont-size:14px;\n}\n<\/style>\n<section  class='av_textblock_section av-1vh1ucc-4fc6f98032e8980454b2016cdc68a88b '   itemscope=\"itemscope\" itemtype=\"https:\/\/schema.org\/CreativeWork\" ><div class='avia_textblock'  itemprop=\"text\" ><h4 style=\"margin-bottom: 10px;\">Andelfingen:<\/h4>\n<p><strong>Wyland Apotheke und Drogerie AG<\/strong> Dr.\u00a0Kurt Huber Oberm\u00fchlestrasse 5 8450 Andelfingen Tel.:\u00a0052 317 33 11 wylandapo@ovan.ch <a href=\"http:\/\/www.wyland-apotheke.ch\" target=\"_blank\" rel=\"noopener noreferrer\">www.wyland-apotheke.ch<\/a> <\/p>\n<\/div><\/section>\n<\/div><\/div>\n<style type=\"text\/css\" data-created_by=\"avia_inline_auto\" id=\"style-css-av-1q6emq4-51413ace690872544ab427a80beafd25\">\n.flex_cell.av-1q6emq4-51413ace690872544ab427a80beafd25{\nvertical-align:top;\n}\n.responsive #top #wrap_all .flex_cell.av-1q6emq4-51413ace690872544ab427a80beafd25{\npadding:40px 10px 40px 40px !important;\n}\n<\/style>\n<div class='flex_cell av-1q6emq4-51413ace690872544ab427a80beafd25 av-gridrow-cell av_one_fourth no_margin  avia-builder-el-17  el_after_av_cell_one_fourth  el_before_av_cell_one_fourth '  ><div class='flex_cell_inner'>\n<style type=\"text\/css\" data-created_by=\"avia_inline_auto\" id=\"style-css-av-1s28re4-7ff6340c5e4509c0d9bbc3175255edde\">\n#top .av_textblock_section.av-1s28re4-7ff6340c5e4509c0d9bbc3175255edde .avia_textblock{\nfont-size:14px;\n}\n<\/style>\n<section  class='av_textblock_section av-1s28re4-7ff6340c5e4509c0d9bbc3175255edde '   itemscope=\"itemscope\" itemtype=\"https:\/\/schema.org\/CreativeWork\" ><div class='avia_textblock'  itemprop=\"text\" ><h4>Aubonne :<\/h4>\n<p><strong>Pharmacieplus du March\u00e9 Aubonne<\/strong> Solange Barbay et Linda Cretegny Rue de l\u2019H\u00f4tel de Ville 19 1170 Aubonne Tel. : 021 808 50 43 <a href=\"mailto:pharmaciemarche@ovan.ch\">pharmaciemarche@ovan.ch<\/a> <a href=\"http:\/\/www.pharmacieplus.ch\" target=\"_blank\" rel=\"noopener noreferrer\">www.pharmacieplus.ch<\/a> <\/p>\n<\/div><\/section>\n<\/div><\/div>\n<style type=\"text\/css\" data-created_by=\"avia_inline_auto\" id=\"style-css-av-1ngcyto-6243992a1dc38844d97d6a6499109845\">\n.flex_cell.av-1ngcyto-6243992a1dc38844d97d6a6499109845{\nvertical-align:top;\n}\n.responsive #top #wrap_all .flex_cell.av-1ngcyto-6243992a1dc38844d97d6a6499109845{\npadding:40px 10px 40px 40px !important;\n}\n<\/style>\n<div class='flex_cell av-1ngcyto-6243992a1dc38844d97d6a6499109845 av-gridrow-cell av_one_fourth no_margin  avia-builder-el-19  el_after_av_cell_one_fourth  avia-builder-el-last '  ><div class='flex_cell_inner'>\n<style type=\"text\/css\" data-created_by=\"avia_inline_auto\" id=\"style-css-av-1s28re4-7ff6340c5e4509c0d9bbc3175255edde\">\n#top .av_textblock_section.av-1s28re4-7ff6340c5e4509c0d9bbc3175255edde .avia_textblock{\nfont-size:14px;\n}\n<\/style>\n<section  class='av_textblock_section av-1s28re4-7ff6340c5e4509c0d9bbc3175255edde '   itemscope=\"itemscope\" itemtype=\"https:\/\/schema.org\/CreativeWork\" ><div class='avia_textblock'  itemprop=\"text\" ><h4 style=\"margin-bottom: 10px;\">Baar:<\/h4>\n<p><strong>TopPharm Rathaus-Apotheke<\/strong> Ursina Schwegler Dorfstrasse 3 6341 Baar Tel.: 041 761 88 28 <a href=\"mailto:info@apothekebaar.ch\">info@apothekebaar.ch<\/a> <a href=\"http:\/\/www.apotheke.ch\/rathaus-baar\" target=\"_blank\" rel=\"noopener noreferrer\">www.apotheke.ch\/rathaus-baar<\/a> <\/p>\n<\/div><\/section>\n<\/div><\/div>\n<\/div>\n<div id='av-layout-grid-3'  class='av-layout-grid-container av-1yaath8-3c516e1a60714c6e9918755f65c6031e entry-content-wrapper main_color av-border-cells av-flex-cells  avia-builder-el-21  el_after_av_layout_row  el_before_av_layout_row  grid-row-not-first  container_wrap fullsize'  >\n\n<style type=\"text\/css\" data-created_by=\"avia_inline_auto\" id=\"style-css-av-1w42gl8-6b0334c2582a83f4394dcdf7d1e23c1f\">\n.flex_cell.av-1w42gl8-6b0334c2582a83f4394dcdf7d1e23c1f{\nvertical-align:top;\n}\n.responsive #top #wrap_all .flex_cell.av-1w42gl8-6b0334c2582a83f4394dcdf7d1e23c1f{\npadding:40px 10px 40px 40px !important;\n}\n<\/style>\n<div class='flex_cell av-1w42gl8-6b0334c2582a83f4394dcdf7d1e23c1f av-gridrow-cell av_one_fourth no_margin  avia-builder-el-22  el_before_av_cell_one_fourth  avia-builder-el-first '  ><div class='flex_cell_inner'>\n<style type=\"text\/css\" data-created_by=\"avia_inline_auto\" id=\"style-css-av-1vh1ucc-ade3d0234262ba60b55481259586e698\">\n#top .av_textblock_section.av-1vh1ucc-ade3d0234262ba60b55481259586e698 .avia_textblock{\nfont-size:14px;\n}\n<\/style>\n<section  class='av_textblock_section av-1vh1ucc-ade3d0234262ba60b55481259586e698 '   itemscope=\"itemscope\" itemtype=\"https:\/\/schema.org\/CreativeWork\" ><div class='avia_textblock'  itemprop=\"text\" ><h4>Basel:<\/h4>\n<p><strong>Sonnen-Apotheke Hochreuter AG<\/strong> Matthias Hochreuter Hegenheimerstrasse 36 4055 Basel Tel.: 061 381 07 77 <a href=\"mailto:info@sonnenapo.ch\">info@sonnenapo.ch<\/a> <a href=\"http:\/\/sonnenapo.feelgoods-apotheken.ch\" target=\"_blank\" rel=\"noopener noreferrer\">sonnenapo.feelgoods-apotheken.ch<\/a> <\/p>\n<\/div><\/section>\n<\/div><\/div>\n<style type=\"text\/css\" data-created_by=\"avia_inline_auto\" id=\"style-css-av-1syt66k-6b01ff5fa80276c58db77d91c9888f86\">\n.flex_cell.av-1syt66k-6b01ff5fa80276c58db77d91c9888f86{\nvertical-align:top;\n}\n.responsive #top #wrap_all .flex_cell.av-1syt66k-6b01ff5fa80276c58db77d91c9888f86{\npadding:40px 10px 40px 40px !important;\n}\n<\/style>\n<div class='flex_cell av-1syt66k-6b01ff5fa80276c58db77d91c9888f86 av-gridrow-cell av_one_fourth no_margin  avia-builder-el-24  el_after_av_cell_one_fourth  el_before_av_cell_one_fourth '  ><div class='flex_cell_inner'>\n<style type=\"text\/css\" data-created_by=\"avia_inline_auto\" id=\"style-css-av-1vh1ucc-ade3d0234262ba60b55481259586e698\">\n#top .av_textblock_section.av-1vh1ucc-ade3d0234262ba60b55481259586e698 .avia_textblock{\nfont-size:14px;\n}\n<\/style>\n<section  class='av_textblock_section av-1vh1ucc-ade3d0234262ba60b55481259586e698 '   itemscope=\"itemscope\" itemtype=\"https:\/\/schema.org\/CreativeWork\" ><div class='avia_textblock'  itemprop=\"text\" ><h4>Basel:<\/h4>\n<p><strong>Europa Apotheke<\/strong> Loredana Vasquez Els\u00e4sserstrasse 44 4056 Basel Tel.:\u00a0061 321 54 54 <a href=\"mailto:info@europaapotheke.ch\">info@europaapotheke.ch<\/a> <a href=\"http:\/\/www.europaapotheke.ch\/\" target=\"_blank\" rel=\"noopener noreferrer\">www.europaapotheke.ch<\/a> <\/p>\n<\/div><\/section>\n<\/div><\/div>\n<style type=\"text\/css\" data-created_by=\"avia_inline_auto\" id=\"style-css-av-1q6emq4-51413ace690872544ab427a80beafd25\">\n.flex_cell.av-1q6emq4-51413ace690872544ab427a80beafd25{\nvertical-align:top;\n}\n.responsive #top #wrap_all .flex_cell.av-1q6emq4-51413ace690872544ab427a80beafd25{\npadding:40px 10px 40px 40px !important;\n}\n<\/style>\n<div class='flex_cell av-1q6emq4-51413ace690872544ab427a80beafd25 av-gridrow-cell av_one_fourth no_margin  avia-builder-el-26  el_after_av_cell_one_fourth  el_before_av_cell_one_fourth '  ><div class='flex_cell_inner'>\n<style type=\"text\/css\" data-created_by=\"avia_inline_auto\" id=\"style-css-av-1ooyrgs-f53db8b8dbe8e82b316ce6c4133e0cd4\">\n#top .av_textblock_section.av-1ooyrgs-f53db8b8dbe8e82b316ce6c4133e0cd4 .avia_textblock{\nfont-size:14px;\n}\n<\/style>\n<section  class='av_textblock_section av-1ooyrgs-f53db8b8dbe8e82b316ce6c4133e0cd4 '   itemscope=\"itemscope\" itemtype=\"https:\/\/schema.org\/CreativeWork\" ><div class='avia_textblock'  itemprop=\"text\" ><h4 style=\"margin-bottom: 10px;\">Basel:<\/h4>\n<p><strong>Klybeck Apotheke<\/strong> Dr.\u00a0Markus Fritz Klybeckstrasse 27 4057 Basel Tel.:\u00a0061\u00a0685 99 44 <a href=\"mailto:info@klybeck-apotheke.ch\">info@klybeck-apotheke.ch<\/a> <a href=\"http:\/\/www.klybeck-apotheke.ch\" target=\"_blank\" rel=\"noopener noreferrer\">www.klybeck-apotheke.ch<\/a> <\/p>\n<\/div><\/section>\n<\/div><\/div>\n<style type=\"text\/css\" data-created_by=\"avia_inline_auto\" id=\"style-css-av-1ngcyto-6243992a1dc38844d97d6a6499109845\">\n.flex_cell.av-1ngcyto-6243992a1dc38844d97d6a6499109845{\nvertical-align:top;\n}\n.responsive #top #wrap_all .flex_cell.av-1ngcyto-6243992a1dc38844d97d6a6499109845{\npadding:40px 10px 40px 40px !important;\n}\n<\/style>\n<div class='flex_cell av-1ngcyto-6243992a1dc38844d97d6a6499109845 av-gridrow-cell av_one_fourth no_margin  avia-builder-el-28  el_after_av_cell_one_fourth  avia-builder-el-last '  ><div class='flex_cell_inner'>\n<style type=\"text\/css\" data-created_by=\"avia_inline_auto\" id=\"style-css-av-1s28re4-7ff6340c5e4509c0d9bbc3175255edde\">\n#top .av_textblock_section.av-1s28re4-7ff6340c5e4509c0d9bbc3175255edde .avia_textblock{\nfont-size:14px;\n}\n<\/style>\n<section  class='av_textblock_section av-1s28re4-7ff6340c5e4509c0d9bbc3175255edde '   itemscope=\"itemscope\" itemtype=\"https:\/\/schema.org\/CreativeWork\" ><div class='avia_textblock'  itemprop=\"text\" ><h4 style=\"margin-bottom: 10px;\">Basel:<\/h4>\n<p><strong>TopPharm Apotheke Hersberger<\/strong> Prof.\u00a0Dr.\u00a0K.\u00a0Hersberger Spalenberg\u00a041 4051 Basel Tel.: 061 261 42 84 <a href=\"mailto:apotheke@hersberger.ch\">apotheke@hersberger.ch<\/a> <a href=\"http:\/\/www.hersberger.ch\" target=\"_blank\" rel=\"noopener noreferrer\">www.hersberger.ch<\/a> <img loading=\"lazy\" decoding=\"async\" class=\"alignnone wp-image-3730 size-full\" src=\"https:\/\/asthma-check.ch\/wp-content\/uploads\/Logo_AA.png\" alt=\"\" width=\"180\" height=\"23\" \/> <\/p>\n<\/div><\/section>\n<\/div><\/div>\n<\/div>\n<div id='av-layout-grid-4'  class='av-layout-grid-container av-1yaath8-3c516e1a60714c6e9918755f65c6031e entry-content-wrapper main_color av-border-cells av-flex-cells  avia-builder-el-30  el_after_av_layout_row  el_before_av_layout_row  grid-row-not-first  container_wrap fullsize'  >\n\n<style type=\"text\/css\" data-created_by=\"avia_inline_auto\" id=\"style-css-av-1w42gl8-6b0334c2582a83f4394dcdf7d1e23c1f\">\n.flex_cell.av-1w42gl8-6b0334c2582a83f4394dcdf7d1e23c1f{\nvertical-align:top;\n}\n.responsive #top #wrap_all .flex_cell.av-1w42gl8-6b0334c2582a83f4394dcdf7d1e23c1f{\npadding:40px 10px 40px 40px !important;\n}\n<\/style>\n<div class='flex_cell av-1w42gl8-6b0334c2582a83f4394dcdf7d1e23c1f av-gridrow-cell av_one_fourth no_margin  avia-builder-el-31  el_before_av_cell_one_fourth  avia-builder-el-first '  ><div class='flex_cell_inner'>\n<style type=\"text\/css\" data-created_by=\"avia_inline_auto\" id=\"style-css-av-1s28re4-7ff6340c5e4509c0d9bbc3175255edde\">\n#top .av_textblock_section.av-1s28re4-7ff6340c5e4509c0d9bbc3175255edde .avia_textblock{\nfont-size:14px;\n}\n<\/style>\n<section  class='av_textblock_section av-1s28re4-7ff6340c5e4509c0d9bbc3175255edde '   itemscope=\"itemscope\" itemtype=\"https:\/\/schema.org\/CreativeWork\" ><div class='avia_textblock'  itemprop=\"text\" ><h4 style=\"margin-bottom: 10px;\">Basel:<\/h4>\n<p><strong>TopPharm Batterie-Apotheke <\/strong> Dr. Niklaus Hoeriger Gundeldingerrain 191 4059 Basel Tel.: 061 367 95 55 <a href=\"mailto:batterie.apo@ovan.ch\">batterie.apo@ovan.ch<\/a> <a href=\"http:\/\/www.apotheke.ch\/batterie\" target=\"_blank\" rel=\"noopener noreferrer\">www.apotheke.ch\/batterie<\/a> <\/p>\n<\/div><\/section>\n<\/div><\/div>\n<style type=\"text\/css\" data-created_by=\"avia_inline_auto\" id=\"style-css-av-1syt66k-6b01ff5fa80276c58db77d91c9888f86\">\n.flex_cell.av-1syt66k-6b01ff5fa80276c58db77d91c9888f86{\nvertical-align:top;\n}\n.responsive #top #wrap_all .flex_cell.av-1syt66k-6b01ff5fa80276c58db77d91c9888f86{\npadding:40px 10px 40px 40px !important;\n}\n<\/style>\n<div class='flex_cell av-1syt66k-6b01ff5fa80276c58db77d91c9888f86 av-gridrow-cell av_one_fourth no_margin  avia-builder-el-33  el_after_av_cell_one_fourth  el_before_av_cell_one_fourth '  ><div class='flex_cell_inner'>\n<style type=\"text\/css\" data-created_by=\"avia_inline_auto\" id=\"style-css-av-1s28re4-0e23ef38d10d35299a0ed97cf21d0fa4\">\n#top .av_textblock_section.av-1s28re4-0e23ef38d10d35299a0ed97cf21d0fa4 .avia_textblock{\nfont-size:15px;\n}\n<\/style>\n<section  class='av_textblock_section av-1s28re4-0e23ef38d10d35299a0ed97cf21d0fa4 '   itemscope=\"itemscope\" itemtype=\"https:\/\/schema.org\/CreativeWork\" ><div class='avia_textblock'  itemprop=\"text\" ><h4 style=\"margin-bottom: 10px;\">Basel:<\/h4>\n<p><strong>TopPharm Apotheke Gellert<\/strong> St\u00e9phane Haller Karl Jaspers-Allee 1 4052 Basel Tel.: 061 311 05 55 <a href=\"mailto:s.haller@apotheke-basel.ch\">s.haller@apotheke-basel.ch<\/a> <a href=\"http:\/\/www.apotheke.ch\/gellert\" target=\"_blank\" rel=\"noopener noreferrer\">www.apotheke.ch\/gellert<\/a> <\/p>\n<\/div><\/section>\n<\/div><\/div>\n<style type=\"text\/css\" data-created_by=\"avia_inline_auto\" id=\"style-css-av-1q6emq4-51413ace690872544ab427a80beafd25\">\n.flex_cell.av-1q6emq4-51413ace690872544ab427a80beafd25{\nvertical-align:top;\n}\n.responsive #top #wrap_all .flex_cell.av-1q6emq4-51413ace690872544ab427a80beafd25{\npadding:40px 10px 40px 40px !important;\n}\n<\/style>\n<div class='flex_cell av-1q6emq4-51413ace690872544ab427a80beafd25 av-gridrow-cell av_one_fourth no_margin  avia-builder-el-35  el_after_av_cell_one_fourth  el_before_av_cell_one_fourth '  ><div class='flex_cell_inner'>\n<style type=\"text\/css\" data-created_by=\"avia_inline_auto\" id=\"style-css-av-1s28re4-0e23ef38d10d35299a0ed97cf21d0fa4\">\n#top .av_textblock_section.av-1s28re4-0e23ef38d10d35299a0ed97cf21d0fa4 .avia_textblock{\nfont-size:15px;\n}\n<\/style>\n<section  class='av_textblock_section av-1s28re4-0e23ef38d10d35299a0ed97cf21d0fa4 '   itemscope=\"itemscope\" itemtype=\"https:\/\/schema.org\/CreativeWork\" ><div class='avia_textblock'  itemprop=\"text\" ><h4 style=\"margin-bottom: 10px;\">Basel:<\/h4>\n<p><strong>TopPharm health &#038; go<\/strong> Dr. Evelyn Jaehne Steinenberg 23 4051 Basel Tel.: 061 416 08 08 <a href=\"mailto:toppharm@healthandgo.ch\">toppharm@healthandgo.ch<\/a> <a href=\"http:\/\/www.apotheke.ch\/healthandgo\" target=\"_blank\" rel=\"noopener noreferrer\">www.apotheke.ch\/healthandgo<\/a> <\/p>\n<\/div><\/section>\n<\/div><\/div>\n<style type=\"text\/css\" data-created_by=\"avia_inline_auto\" id=\"style-css-av-1ngcyto-6243992a1dc38844d97d6a6499109845\">\n.flex_cell.av-1ngcyto-6243992a1dc38844d97d6a6499109845{\nvertical-align:top;\n}\n.responsive #top #wrap_all .flex_cell.av-1ngcyto-6243992a1dc38844d97d6a6499109845{\npadding:40px 10px 40px 40px !important;\n}\n<\/style>\n<div class='flex_cell av-1ngcyto-6243992a1dc38844d97d6a6499109845 av-gridrow-cell av_one_fourth no_margin  avia-builder-el-37  el_after_av_cell_one_fourth  avia-builder-el-last '  ><div class='flex_cell_inner'>\n<style type=\"text\/css\" data-created_by=\"avia_inline_auto\" id=\"style-css-av-1s28re4-0e23ef38d10d35299a0ed97cf21d0fa4\">\n#top .av_textblock_section.av-1s28re4-0e23ef38d10d35299a0ed97cf21d0fa4 .avia_textblock{\nfont-size:15px;\n}\n<\/style>\n<section  class='av_textblock_section av-1s28re4-0e23ef38d10d35299a0ed97cf21d0fa4 '   itemscope=\"itemscope\" itemtype=\"https:\/\/schema.org\/CreativeWork\" ><div class='avia_textblock'  itemprop=\"text\" ><h4 style=\"margin-bottom: 10px;\">Beinwil am See:<\/h4>\n<p><strong>TopPharm Homberg Apotheke <\/strong> Barbara Kursawe Aarauerstrasse 10 5712 Beinwil am See Tel.: 062 765 40 60 <a href=\"mailto:toppharm@healthandgo.ch\">info@homberg.apotheke.ch<\/a> <a href=\"http:\/\/www.apotheke.ch\/homberg\" target=\"_blank\" rel=\"noopener noreferrer\">www.apotheke.ch\/homberg<\/a> <\/p>\n<\/div><\/section>\n<\/div><\/div>\n<\/div>\n<div id='av-layout-grid-5'  class='av-layout-grid-container av-1yaath8-3c516e1a60714c6e9918755f65c6031e entry-content-wrapper main_color av-border-cells av-flex-cells  avia-builder-el-39  el_after_av_layout_row  el_before_av_layout_row  grid-row-not-first  container_wrap fullsize'  >\n\n<style type=\"text\/css\" data-created_by=\"avia_inline_auto\" id=\"style-css-av-1w42gl8-6b0334c2582a83f4394dcdf7d1e23c1f\">\n.flex_cell.av-1w42gl8-6b0334c2582a83f4394dcdf7d1e23c1f{\nvertical-align:top;\n}\n.responsive #top #wrap_all .flex_cell.av-1w42gl8-6b0334c2582a83f4394dcdf7d1e23c1f{\npadding:40px 10px 40px 40px !important;\n}\n<\/style>\n<div class='flex_cell av-1w42gl8-6b0334c2582a83f4394dcdf7d1e23c1f av-gridrow-cell av_one_fourth no_margin  avia-builder-el-40  el_before_av_cell_one_fourth  avia-builder-el-first '  ><div class='flex_cell_inner'>\n<style type=\"text\/css\" data-created_by=\"avia_inline_auto\" id=\"style-css-av-1s28re4-0e23ef38d10d35299a0ed97cf21d0fa4\">\n#top .av_textblock_section.av-1s28re4-0e23ef38d10d35299a0ed97cf21d0fa4 .avia_textblock{\nfont-size:15px;\n}\n<\/style>\n<section  class='av_textblock_section av-1s28re4-0e23ef38d10d35299a0ed97cf21d0fa4 '   itemscope=\"itemscope\" itemtype=\"https:\/\/schema.org\/CreativeWork\" ><div class='avia_textblock'  itemprop=\"text\" ><h4 style=\"margin-bottom: 10px;\">Bellinzona:<\/h4>\n<p><strong>Farmacia Portone Pedrazzetti SA<\/strong> Numa Pedrazzetti Viale Portone 1 6500 Bellinzona Tel. : 091 826 14 14 <a href=\"mailto:portone@farmaco.ch\">portone@farmaco.ch<\/a> <a href=\"http:\/\/www.farmaco.ch\" target=\"_blank\" rel=\"noopener noreferrer\">www.farmaco.ch<\/a> <\/p>\n<\/div><\/section>\n<\/div><\/div>\n<style type=\"text\/css\" data-created_by=\"avia_inline_auto\" id=\"style-css-av-1syt66k-6b01ff5fa80276c58db77d91c9888f86\">\n.flex_cell.av-1syt66k-6b01ff5fa80276c58db77d91c9888f86{\nvertical-align:top;\n}\n.responsive #top #wrap_all .flex_cell.av-1syt66k-6b01ff5fa80276c58db77d91c9888f86{\npadding:40px 10px 40px 40px !important;\n}\n<\/style>\n<div class='flex_cell av-1syt66k-6b01ff5fa80276c58db77d91c9888f86 av-gridrow-cell av_one_fourth no_margin  avia-builder-el-42  el_after_av_cell_one_fourth  el_before_av_cell_one_fourth '  ><div class='flex_cell_inner'>\n<style type=\"text\/css\" data-created_by=\"avia_inline_auto\" id=\"style-css-av-19hkegc-149893c166953debb3eae9701d5e5267\">\n#top .av_textblock_section.av-19hkegc-149893c166953debb3eae9701d5e5267 .avia_textblock{\nfont-size:14px;\n}\n<\/style>\n<section  class='av_textblock_section av-19hkegc-149893c166953debb3eae9701d5e5267 '   itemscope=\"itemscope\" itemtype=\"https:\/\/schema.org\/CreativeWork\" ><div class='avia_textblock'  itemprop=\"text\" ><h4 style=\"margin-bottom: 10px;\">Bern:<\/h4>\n<p><strong>TopPharm Nordring-Apotheke<\/strong> Pius Germann Nordring 38 3013 Bern Tel.: 031 332 11 36 <a href=\"mailto:info@gurtenapotheke.ch\">pgermann@nordring.apotheke.ch<\/a> <a href=\"http:\/\/www.apotheke.ch\/nordring\" target=\"_blank\" rel=\"noopener noreferrer\">www.apotheke.ch\/nordring<\/a> <\/p>\n<\/div><\/section>\n<\/div><\/div>\n<style type=\"text\/css\" data-created_by=\"avia_inline_auto\" id=\"style-css-av-1q6emq4-51413ace690872544ab427a80beafd25\">\n.flex_cell.av-1q6emq4-51413ace690872544ab427a80beafd25{\nvertical-align:top;\n}\n.responsive #top #wrap_all .flex_cell.av-1q6emq4-51413ace690872544ab427a80beafd25{\npadding:40px 10px 40px 40px !important;\n}\n<\/style>\n<div class='flex_cell av-1q6emq4-51413ace690872544ab427a80beafd25 av-gridrow-cell av_one_fourth no_margin  avia-builder-el-44  el_after_av_cell_one_fourth  el_before_av_cell_one_fourth '  ><div class='flex_cell_inner'>\n<style type=\"text\/css\" data-created_by=\"avia_inline_auto\" id=\"style-css-av-19hkegc-149893c166953debb3eae9701d5e5267\">\n#top .av_textblock_section.av-19hkegc-149893c166953debb3eae9701d5e5267 .avia_textblock{\nfont-size:14px;\n}\n<\/style>\n<section  class='av_textblock_section av-19hkegc-149893c166953debb3eae9701d5e5267 '   itemscope=\"itemscope\" itemtype=\"https:\/\/schema.org\/CreativeWork\" ><div class='avia_textblock'  itemprop=\"text\" ><h4 style=\"margin-bottom: 10px;\">Bern:<\/h4>\n<p><strong>TopPharm Rathaus Apotheke<\/strong> Dr. pharm. Stefan Fritz Kramgasse 2 3000 Bern Tel.: 031 311 14 81 <a href=\"mailto:rathaus-apo.be@ovan.ch\">rathaus-apo.be@ovan.ch<\/a> <a href=\"http:\/\/www.apotheke.ch\/rathaus-bern\" target=\"_blank\" rel=\"noopener noreferrer\">www.apotheke.ch\/rathaus-bern<\/a> <\/p>\n<\/div><\/section>\n<\/div><\/div>\n<style type=\"text\/css\" data-created_by=\"avia_inline_auto\" id=\"style-css-av-1ngcyto-6243992a1dc38844d97d6a6499109845\">\n.flex_cell.av-1ngcyto-6243992a1dc38844d97d6a6499109845{\nvertical-align:top;\n}\n.responsive #top #wrap_all .flex_cell.av-1ngcyto-6243992a1dc38844d97d6a6499109845{\npadding:40px 10px 40px 40px !important;\n}\n<\/style>\n<div class='flex_cell av-1ngcyto-6243992a1dc38844d97d6a6499109845 av-gridrow-cell av_one_fourth no_margin  avia-builder-el-46  el_after_av_cell_one_fourth  avia-builder-el-last '  ><div class='flex_cell_inner'>\n<style type=\"text\/css\" data-created_by=\"avia_inline_auto\" id=\"style-css-av-19hkegc-149893c166953debb3eae9701d5e5267\">\n#top .av_textblock_section.av-19hkegc-149893c166953debb3eae9701d5e5267 .avia_textblock{\nfont-size:14px;\n}\n<\/style>\n<section  class='av_textblock_section av-19hkegc-149893c166953debb3eae9701d5e5267 '   itemscope=\"itemscope\" itemtype=\"https:\/\/schema.org\/CreativeWork\" ><div class='avia_textblock'  itemprop=\"text\" ><h4 style=\"margin-bottom: 10px;\">Bern:<\/h4>\n<p><strong>TopPharm Hirschengraben-Apotheke<\/strong> Roger Wolf Hirschengraben 9 3011 Bern Tel.: 031 311 45 55 <a href=\"mailto:hirschengrabenapo@netsec.ch\">hirschengrabenapo@netsec.ch<\/a> <a href=\"http:\/\/www.apotheke.ch\/hirschengraben\" target=\"_blank\" rel=\"noopener noreferrer\">www.apotheke.ch\/hirschengraben<\/a> <\/p>\n<\/div><\/section>\n<\/div><\/div>\n<\/div>\n<div id='av-layout-grid-6'  class='av-layout-grid-container av-1yaath8-3c516e1a60714c6e9918755f65c6031e entry-content-wrapper main_color av-border-cells av-flex-cells  avia-builder-el-48  el_after_av_layout_row  el_before_av_layout_row  grid-row-not-first  container_wrap fullsize'  >\n\n<style type=\"text\/css\" data-created_by=\"avia_inline_auto\" id=\"style-css-av-1w42gl8-6b0334c2582a83f4394dcdf7d1e23c1f\">\n.flex_cell.av-1w42gl8-6b0334c2582a83f4394dcdf7d1e23c1f{\nvertical-align:top;\n}\n.responsive #top #wrap_all .flex_cell.av-1w42gl8-6b0334c2582a83f4394dcdf7d1e23c1f{\npadding:40px 10px 40px 40px !important;\n}\n<\/style>\n<div class='flex_cell av-1w42gl8-6b0334c2582a83f4394dcdf7d1e23c1f av-gridrow-cell av_one_fourth no_margin  avia-builder-el-49  el_before_av_cell_one_fourth  avia-builder-el-first '  ><div class='flex_cell_inner'>\n<style type=\"text\/css\" data-created_by=\"avia_inline_auto\" id=\"style-css-av-19hkegc-149893c166953debb3eae9701d5e5267\">\n#top .av_textblock_section.av-19hkegc-149893c166953debb3eae9701d5e5267 .avia_textblock{\nfont-size:14px;\n}\n<\/style>\n<section  class='av_textblock_section av-19hkegc-149893c166953debb3eae9701d5e5267 '   itemscope=\"itemscope\" itemtype=\"https:\/\/schema.org\/CreativeWork\" ><div class='avia_textblock'  itemprop=\"text\" ><h4 style=\"margin-bottom: 10px;\">Bern:<\/h4>\n<p><strong>TopPharm L\u00e4nggass Apotheke<\/strong> Brigitte Ruef-F\u00fcrer L\u00e4nggassstrasse 28 3012 Bern Tel.: 031 301 23 22 <a href=\"mailto:hirschengrabenapo@netsec.ch\">laenggass.apotheke@bluewin.ch<\/a> <a href=\"http:\/\/www.apotheke.ch\/laenggass\" target=\"_blank\" rel=\"noopener noreferrer\">www.apotheke.ch\/laenggass<\/a> <\/p>\n<\/div><\/section>\n<\/div><\/div>\n<style type=\"text\/css\" data-created_by=\"avia_inline_auto\" id=\"style-css-av-1syt66k-6b01ff5fa80276c58db77d91c9888f86\">\n.flex_cell.av-1syt66k-6b01ff5fa80276c58db77d91c9888f86{\nvertical-align:top;\n}\n.responsive #top #wrap_all .flex_cell.av-1syt66k-6b01ff5fa80276c58db77d91c9888f86{\npadding:40px 10px 40px 40px !important;\n}\n<\/style>\n<div class='flex_cell av-1syt66k-6b01ff5fa80276c58db77d91c9888f86 av-gridrow-cell av_one_fourth no_margin  avia-builder-el-51  el_after_av_cell_one_fourth  el_before_av_cell_one_fourth '  ><div class='flex_cell_inner'>\n<style type=\"text\/css\" data-created_by=\"avia_inline_auto\" id=\"style-css-av-19hkegc-149893c166953debb3eae9701d5e5267\">\n#top .av_textblock_section.av-19hkegc-149893c166953debb3eae9701d5e5267 .avia_textblock{\nfont-size:14px;\n}\n<\/style>\n<section  class='av_textblock_section av-19hkegc-149893c166953debb3eae9701d5e5267 '   itemscope=\"itemscope\" itemtype=\"https:\/\/schema.org\/CreativeWork\" ><div class='avia_textblock'  itemprop=\"text\" ><h4 style=\"margin-bottom: 10px;\">Bern:<\/h4>\n<p><strong>TopPharm Eggh\u00f6lzli-Apotheke<\/strong> Annelies Steffen K\u00fcng Eggh\u00f6lzlistrasse 20 3006 Bern Tel.: 031 351 10 20 <a href=\"mailto:info@egghoelzli.apotheke.ch\">info@egghoelzli.apotheke.ch<\/a> <a href=\"http:\/\/www.apotheke.ch\/egghoelzli\" target=\"_blank\" rel=\"noopener noreferrer\">www.apotheke.ch\/egghoelzli<\/a> <\/p>\n<\/div><\/section>\n<\/div><\/div>\n<style type=\"text\/css\" data-created_by=\"avia_inline_auto\" id=\"style-css-av-1q6emq4-51413ace690872544ab427a80beafd25\">\n.flex_cell.av-1q6emq4-51413ace690872544ab427a80beafd25{\nvertical-align:top;\n}\n.responsive #top #wrap_all .flex_cell.av-1q6emq4-51413ace690872544ab427a80beafd25{\npadding:40px 10px 40px 40px !important;\n}\n<\/style>\n<div class='flex_cell av-1q6emq4-51413ace690872544ab427a80beafd25 av-gridrow-cell av_one_fourth no_margin  avia-builder-el-53  el_after_av_cell_one_fourth  el_before_av_cell_one_fourth '  ><div class='flex_cell_inner'>\n<style type=\"text\/css\" data-created_by=\"avia_inline_auto\" id=\"style-css-av-19hkegc-149893c166953debb3eae9701d5e5267\">\n#top .av_textblock_section.av-19hkegc-149893c166953debb3eae9701d5e5267 .avia_textblock{\nfont-size:14px;\n}\n<\/style>\n<section  class='av_textblock_section av-19hkegc-149893c166953debb3eae9701d5e5267 '   itemscope=\"itemscope\" itemtype=\"https:\/\/schema.org\/CreativeWork\" ><div class='avia_textblock'  itemprop=\"text\" ><h4 style=\"margin-bottom: 10px;\">Bern:<\/h4>\n<p><strong>TopPharm Apotheke R\u00f6sli<\/strong> Dominik R\u00f6sli Eigerstrasse 55 3000 Bern Tel.: 031 371 95 20 <a href=\"mailto:apotheke.roesli@ovan.ch\">apotheke.roesli@ovan.ch<\/a> <a href=\"http:\/\/www.apotheke.ch\/roesli\" target=\"_blank\" rel=\"noopener noreferrer\">www.apotheke.ch\/roesli<\/a> <\/p>\n<\/div><\/section>\n<\/div><\/div>\n<style type=\"text\/css\" data-created_by=\"avia_inline_auto\" id=\"style-css-av-1ngcyto-6243992a1dc38844d97d6a6499109845\">\n.flex_cell.av-1ngcyto-6243992a1dc38844d97d6a6499109845{\nvertical-align:top;\n}\n.responsive #top #wrap_all .flex_cell.av-1ngcyto-6243992a1dc38844d97d6a6499109845{\npadding:40px 10px 40px 40px !important;\n}\n<\/style>\n<div class='flex_cell av-1ngcyto-6243992a1dc38844d97d6a6499109845 av-gridrow-cell av_one_fourth no_margin  avia-builder-el-55  el_after_av_cell_one_fourth  avia-builder-el-last '  ><div class='flex_cell_inner'>\n<style type=\"text\/css\" data-created_by=\"avia_inline_auto\" id=\"style-css-av-19hkegc-149893c166953debb3eae9701d5e5267\">\n#top .av_textblock_section.av-19hkegc-149893c166953debb3eae9701d5e5267 .avia_textblock{\nfont-size:14px;\n}\n<\/style>\n<section  class='av_textblock_section av-19hkegc-149893c166953debb3eae9701d5e5267 '   itemscope=\"itemscope\" itemtype=\"https:\/\/schema.org\/CreativeWork\" ><div class='avia_textblock'  itemprop=\"text\" ><h4 style=\"margin-bottom: 10px;\">Biasca:<\/h4>\n<p><strong>Farmacia Rondi Pedrazzetti SA<\/strong> Cesare Gaddi Piazza Centrale 7 6710 Biasca Tel. : 091 862 20 18 <a href=\"mailto:rondi@farmaco.ch\">rondi@farmaco.ch<\/a> <a href=\"http:\/\/www.farmaco.ch\" target=\"_blank\" rel=\"noopener noreferrer\">www.farmaco.ch<\/a> <\/p>\n<\/div><\/section>\n<\/div><\/div>\n<\/div>\n<div id='av-layout-grid-7'  class='av-layout-grid-container av-1jagnuk-6f73136a5e4ea565cb92dff4fc38e803 entry-content-wrapper main_color av-border-cells av-flex-cells  avia-builder-el-57  el_after_av_layout_row  el_before_av_layout_row  grid-row-not-first  container_wrap fullsize'  >\n\n<style type=\"text\/css\" data-created_by=\"avia_inline_auto\" id=\"style-css-av-1iiy7zg-19b745230908871297c66fa990a8cf50\">\n.flex_cell.av-1iiy7zg-19b745230908871297c66fa990a8cf50{\nvertical-align:top;\n}\n.responsive #top #wrap_all .flex_cell.av-1iiy7zg-19b745230908871297c66fa990a8cf50{\npadding:40px 10px 40px 40px !important;\n}\n<\/style>\n<div class='flex_cell av-1iiy7zg-19b745230908871297c66fa990a8cf50 av-gridrow-cell av_one_fourth no_margin  avia-builder-el-58  el_before_av_cell_one_fourth  avia-builder-el-first '  ><div class='flex_cell_inner'>\n<style type=\"text\/css\" data-created_by=\"avia_inline_auto\" id=\"style-css-av-19hkegc-149893c166953debb3eae9701d5e5267\">\n#top .av_textblock_section.av-19hkegc-149893c166953debb3eae9701d5e5267 .avia_textblock{\nfont-size:14px;\n}\n<\/style>\n<section  class='av_textblock_section av-19hkegc-149893c166953debb3eae9701d5e5267 '   itemscope=\"itemscope\" itemtype=\"https:\/\/schema.org\/CreativeWork\" ><div class='avia_textblock'  itemprop=\"text\" ><h4 style=\"margin-bottom: 10px;\">Biel:<\/h4>\n<p><strong>Apotheke Dr. Hysek AG<\/strong> Claus Hysek B\u00f6zigenstrasse 162 2500 Biel Tel.: 032 345 22 22 <a href=\"mailto:apotheke@dr-hysek.ch\">apotheke@dr-hysek.ch<\/a> <a href=\"http:\/\/www.dr-hysek.ch\" target=\"_blank\" rel=\"noopener noreferrer\">www.dr-hysek.ch<\/a> <\/p>\n<\/div><\/section>\n<\/div><\/div>\n<style type=\"text\/css\" data-created_by=\"avia_inline_auto\" id=\"style-css-av-1f96gt8-0b06c3004b68b429f8f1d3d10459d61d\">\n.flex_cell.av-1f96gt8-0b06c3004b68b429f8f1d3d10459d61d{\nvertical-align:top;\n}\n.responsive #top #wrap_all .flex_cell.av-1f96gt8-0b06c3004b68b429f8f1d3d10459d61d{\npadding:40px 10px 40px 40px !important;\n}\n<\/style>\n<div class='flex_cell av-1f96gt8-0b06c3004b68b429f8f1d3d10459d61d av-gridrow-cell av_one_fourth no_margin  avia-builder-el-60  el_after_av_cell_one_fourth  el_before_av_cell_one_fourth '  ><div class='flex_cell_inner'>\n<style type=\"text\/css\" data-created_by=\"avia_inline_auto\" id=\"style-css-av-19hkegc-149893c166953debb3eae9701d5e5267\">\n#top .av_textblock_section.av-19hkegc-149893c166953debb3eae9701d5e5267 .avia_textblock{\nfont-size:14px;\n}\n<\/style>\n<section  class='av_textblock_section av-19hkegc-149893c166953debb3eae9701d5e5267 '   itemscope=\"itemscope\" itemtype=\"https:\/\/schema.org\/CreativeWork\" ><div class='avia_textblock'  itemprop=\"text\" ><h4 style=\"margin-bottom: 10px;\">Binningen:<\/h4>\n<p><strong>TopPharm Apotheke Dorenbach<\/strong> Le-Ha Locher Hauptstrasse 4 4102 Binningen Tel.: 061 501 62 62 <a href=\"mailto:info@apotheke-dorenbach.ch\">info@apotheke-dorenbach.ch<\/a> <a href=\"http:\/\/www.apotheke-dorenbach.ch\" target=\"_blank\" rel=\"noopener noreferrer\">www.apotheke-dorenbach.ch<\/a> <\/p>\n<\/div><\/section>\n<\/div><\/div>\n<style type=\"text\/css\" data-created_by=\"avia_inline_auto\" id=\"style-css-av-1b8qpgc-935e7ca711e6972c9992ab196d899890\">\n.flex_cell.av-1b8qpgc-935e7ca711e6972c9992ab196d899890{\nvertical-align:top;\n}\n.responsive #top #wrap_all .flex_cell.av-1b8qpgc-935e7ca711e6972c9992ab196d899890{\npadding:40px 40px 40px 40px !important;\n}\n<\/style>\n<div class='flex_cell av-1b8qpgc-935e7ca711e6972c9992ab196d899890 av-gridrow-cell av_one_fourth no_margin  avia-builder-el-62  el_after_av_cell_one_fourth  el_before_av_cell_one_fourth '  ><div class='flex_cell_inner'>\n<style type=\"text\/css\" data-created_by=\"avia_inline_auto\" id=\"style-css-av-19hkegc-9f6df8697f115703a41442d9dff064c5\">\n#top .av_textblock_section.av-19hkegc-9f6df8697f115703a41442d9dff064c5 .avia_textblock{\nfont-size:15px;\n}\n<\/style>\n<section  class='av_textblock_section av-19hkegc-9f6df8697f115703a41442d9dff064c5 '   itemscope=\"itemscope\" itemtype=\"https:\/\/schema.org\/CreativeWork\" ><div class='avia_textblock'  itemprop=\"text\" ><h4 style=\"margin-bottom: 10px;\">Birsfelden:<\/h4>\n<p><strong>TopPharm Birs-Apotheke<\/strong> Heuss Annina Hauptstrasse 78 4127 Birsfelden Tel: 061 311 14 13 <a href=\"mailto:info@birsapotheke.ch\">info@birsapotheke.ch<\/a> <a href=\"https:\/\/www.apotheke.ch\/birs\" target=\"_blank\" rel=\"noopener noreferrer\">www.apotheke.ch\/birs<\/a> <\/p>\n<\/div><\/section>\n<\/div><\/div>\n<style type=\"text\/css\" data-created_by=\"avia_inline_auto\" id=\"style-css-av-4cnfh8-745f3e0b5381b3afcd04f1d982b65dd7\">\n.flex_cell.av-4cnfh8-745f3e0b5381b3afcd04f1d982b65dd7{\nvertical-align:top;\n}\n.responsive #top #wrap_all .flex_cell.av-4cnfh8-745f3e0b5381b3afcd04f1d982b65dd7{\npadding:40px 10px 40px 40px !important;\n}\n<\/style>\n<div class='flex_cell av-4cnfh8-745f3e0b5381b3afcd04f1d982b65dd7 av-gridrow-cell av_one_fourth no_margin  avia-builder-el-64  el_after_av_cell_one_fourth  avia-builder-el-last '  ><div class='flex_cell_inner'>\n<style type=\"text\/css\" data-created_by=\"avia_inline_auto\" id=\"style-css-av-19hkegc-32af7f6651d012fd6c151b8bad90de1a\">\n#top .av_textblock_section.av-19hkegc-32af7f6651d012fd6c151b8bad90de1a .avia_textblock{\nfont-size:15px;\n}\n<\/style>\n<section  class='av_textblock_section av-19hkegc-32af7f6651d012fd6c151b8bad90de1a '   itemscope=\"itemscope\" itemtype=\"https:\/\/schema.org\/CreativeWork\" ><div class='avia_textblock'  itemprop=\"text\" ><h4 style=\"margin-bottom: 10px;\">Bischofszell:<\/h4>\n<p><strong>TopPharm Apotheke Bischofszell<\/strong> Matthias Weber Grabenstrasse 1 9220 Bischofszell Tel.: 071 422 15 18 <a href=\"mailto:apo.bischofszell@ovan.ch\">apo.bischofszell@ovan.ch<\/a> <a href=\"http:\/\/www.apotheke.ch\/bischofszell\" target=\"_blank\" rel=\"noopener noreferrer\">www.apotheke.ch\/bischofszell<\/a> <\/p>\n<\/div><\/section>\n<\/div><\/div>\n<\/div>\n<div id='av-layout-grid-8'  class='av-layout-grid-container av-1jagnuk-6f73136a5e4ea565cb92dff4fc38e803 entry-content-wrapper main_color av-border-cells av-flex-cells  avia-builder-el-66  el_after_av_layout_row  el_before_av_layout_row  grid-row-not-first  container_wrap fullsize'  >\n\n<style type=\"text\/css\" data-created_by=\"avia_inline_auto\" id=\"style-css-av-1iiy7zg-19b745230908871297c66fa990a8cf50\">\n.flex_cell.av-1iiy7zg-19b745230908871297c66fa990a8cf50{\nvertical-align:top;\n}\n.responsive #top #wrap_all .flex_cell.av-1iiy7zg-19b745230908871297c66fa990a8cf50{\npadding:40px 10px 40px 40px !important;\n}\n<\/style>\n<div class='flex_cell av-1iiy7zg-19b745230908871297c66fa990a8cf50 av-gridrow-cell av_one_fourth no_margin  avia-builder-el-67  el_before_av_cell_one_fourth  avia-builder-el-first '  ><div class='flex_cell_inner'>\n<style type=\"text\/css\" data-created_by=\"avia_inline_auto\" id=\"style-css-av-19hkegc-9f6df8697f115703a41442d9dff064c5\">\n#top .av_textblock_section.av-19hkegc-9f6df8697f115703a41442d9dff064c5 .avia_textblock{\nfont-size:15px;\n}\n<\/style>\n<section  class='av_textblock_section av-19hkegc-9f6df8697f115703a41442d9dff064c5 '   itemscope=\"itemscope\" itemtype=\"https:\/\/schema.org\/CreativeWork\" ><div class='avia_textblock'  itemprop=\"text\" ><h4>Bramois:<\/h4>\n<p><strong>Pharmacieplus de Bramois SA<\/strong> Monique Caloz-Ev\u00e9quoz Rue du Vieux-Village 14 1967 Bramois Tel.: 027 203 63 20 <a href=\"mailto:bramois.vs@ovan.ch\">bramois.vs@ovan.ch<\/a> <a href=\"http:\/\/www.pharmacieplus.ch\" target=\"_blank\" rel=\"noopener noreferrer\">www.pharmacieplus.ch<\/a> <\/p>\n<\/div><\/section>\n<\/div><\/div>\n<style type=\"text\/css\" data-created_by=\"avia_inline_auto\" id=\"style-css-av-1f96gt8-0b06c3004b68b429f8f1d3d10459d61d\">\n.flex_cell.av-1f96gt8-0b06c3004b68b429f8f1d3d10459d61d{\nvertical-align:top;\n}\n.responsive #top #wrap_all .flex_cell.av-1f96gt8-0b06c3004b68b429f8f1d3d10459d61d{\npadding:40px 10px 40px 40px !important;\n}\n<\/style>\n<div class='flex_cell av-1f96gt8-0b06c3004b68b429f8f1d3d10459d61d av-gridrow-cell av_one_fourth no_margin  avia-builder-el-69  el_after_av_cell_one_fourth  el_before_av_cell_one_fourth '  ><div class='flex_cell_inner'>\n<style type=\"text\/css\" data-created_by=\"avia_inline_auto\" id=\"style-css-av-19hkegc-149893c166953debb3eae9701d5e5267\">\n#top .av_textblock_section.av-19hkegc-149893c166953debb3eae9701d5e5267 .avia_textblock{\nfont-size:14px;\n}\n<\/style>\n<section  class='av_textblock_section av-19hkegc-149893c166953debb3eae9701d5e5267 '   itemscope=\"itemscope\" itemtype=\"https:\/\/schema.org\/CreativeWork\" ><div class='avia_textblock'  itemprop=\"text\" ><h4>Bonaduz:<\/h4>\n<p><strong>TopPharm Apotheke &#038; Drogerie Bonaduz<\/strong> Rahel Wildbolz Versamerstrasse 10 7402 Bonaduz Tel.: 081 630 29 10 <a href=\"mailto:info@apo-bonaduz.ch\">info@apo-bonaduz.ch<\/a> <a href=\"http:\/\/www.apotheke.ch\/bonaduz\" target=\"_blank\" rel=\"noopener noreferrer\">www.apotheke.ch\/bonaduz<\/a> <\/p>\n<\/div><\/section>\n<\/div><\/div>\n<style type=\"text\/css\" data-created_by=\"avia_inline_auto\" id=\"style-css-av-1b8qpgc-935e7ca711e6972c9992ab196d899890\">\n.flex_cell.av-1b8qpgc-935e7ca711e6972c9992ab196d899890{\nvertical-align:top;\n}\n.responsive #top #wrap_all .flex_cell.av-1b8qpgc-935e7ca711e6972c9992ab196d899890{\npadding:40px 40px 40px 40px !important;\n}\n<\/style>\n<div class='flex_cell av-1b8qpgc-935e7ca711e6972c9992ab196d899890 av-gridrow-cell av_one_fourth no_margin  avia-builder-el-71  el_after_av_cell_one_fourth  el_before_av_cell_one_fourth '  ><div class='flex_cell_inner'>\n<style type=\"text\/css\" data-created_by=\"avia_inline_auto\" id=\"style-css-av-163yefg-3ef501105d8e8f72b69138f2dc35768f\">\n#top .av_textblock_section.av-163yefg-3ef501105d8e8f72b69138f2dc35768f .avia_textblock{\nfont-size:14px;\n}\n<\/style>\n<section  class='av_textblock_section av-163yefg-3ef501105d8e8f72b69138f2dc35768f '   itemscope=\"itemscope\" itemtype=\"https:\/\/schema.org\/CreativeWork\" ><div class='avia_textblock'  itemprop=\"text\" ><h4 style=\"margin-bottom: 10px;\">Bremgarten:<\/h4>\n<p><strong>Reuss-Apotheke<\/strong> Ch. Hischier Zufikerstrasse 2 5620 Bremgarten Tel.:\u00a0056 648 21 21 <a href=\"mailto:info@reuss-apotheke.ch\"><span class=\"footer\">info@reuss-apotheke.ch<\/span><\/a> <a href=\"http:\/\/www.reuss-apotheke.ch\" target=\"_blank\" rel=\"noopener noreferrer\">http:\/\/www.reuss-apotheke.ch<\/a> <\/p>\n<\/div><\/section>\n<\/div><\/div>\n<style type=\"text\/css\" data-created_by=\"avia_inline_auto\" id=\"style-css-av-4cnfh8-745f3e0b5381b3afcd04f1d982b65dd7\">\n.flex_cell.av-4cnfh8-745f3e0b5381b3afcd04f1d982b65dd7{\nvertical-align:top;\n}\n.responsive #top #wrap_all .flex_cell.av-4cnfh8-745f3e0b5381b3afcd04f1d982b65dd7{\npadding:40px 10px 40px 40px !important;\n}\n<\/style>\n<div class='flex_cell av-4cnfh8-745f3e0b5381b3afcd04f1d982b65dd7 av-gridrow-cell av_one_fourth no_margin  avia-builder-el-73  el_after_av_cell_one_fourth  avia-builder-el-last '  ><div class='flex_cell_inner'>\n<style type=\"text\/css\" data-created_by=\"avia_inline_auto\" id=\"style-css-av-19hkegc-9f6df8697f115703a41442d9dff064c5\">\n#top .av_textblock_section.av-19hkegc-9f6df8697f115703a41442d9dff064c5 .avia_textblock{\nfont-size:15px;\n}\n<\/style>\n<section  class='av_textblock_section av-19hkegc-9f6df8697f115703a41442d9dff064c5 '   itemscope=\"itemscope\" itemtype=\"https:\/\/schema.org\/CreativeWork\" ><div class='avia_textblock'  itemprop=\"text\" ><h4 style=\"margin-bottom: 10px;\">Bremgarten:<\/h4>\n<p><strong>TopPharm Apotheke Dr. A. Meier<\/strong> Dr. Alexander Meier Marktgasse 24 5620 Bremgarten Tel.: 056 633 11 69 <a href=\"mailto:info@apotheke-bremgarten.ch\">info@apotheke-bremgarten.ch<\/a> <a href=\"http:\/\/www.apotheke.ch\/meier\" target=\"_blank\" rel=\"noopener noreferrer\">www.apotheke.ch\/meier<\/a> <\/p>\n<\/div><\/section>\n<\/div><\/div>\n<\/div>\n<div id='av-layout-grid-9'  class='av-layout-grid-container av-1jagnuk-6f73136a5e4ea565cb92dff4fc38e803 entry-content-wrapper main_color av-border-cells av-flex-cells  avia-builder-el-75  el_after_av_layout_row  el_before_av_layout_row  grid-row-not-first  container_wrap fullsize'  >\n\n<style type=\"text\/css\" data-created_by=\"avia_inline_auto\" id=\"style-css-av-1iiy7zg-19b745230908871297c66fa990a8cf50\">\n.flex_cell.av-1iiy7zg-19b745230908871297c66fa990a8cf50{\nvertical-align:top;\n}\n.responsive #top #wrap_all .flex_cell.av-1iiy7zg-19b745230908871297c66fa990a8cf50{\npadding:40px 10px 40px 40px !important;\n}\n<\/style>\n<div class='flex_cell av-1iiy7zg-19b745230908871297c66fa990a8cf50 av-gridrow-cell av_one_fourth no_margin  avia-builder-el-76  el_before_av_cell_one_fourth  avia-builder-el-first '  ><div class='flex_cell_inner'>\n<style type=\"text\/css\" data-created_by=\"avia_inline_auto\" id=\"style-css-av-114rzx8-478b29bb38680a07ab4b33572af9e409\">\n#top .av_textblock_section.av-114rzx8-478b29bb38680a07ab4b33572af9e409 .avia_textblock{\nfont-size:14px;\n}\n<\/style>\n<section  class='av_textblock_section av-114rzx8-478b29bb38680a07ab4b33572af9e409 '   itemscope=\"itemscope\" itemtype=\"https:\/\/schema.org\/CreativeWork\" ><div class='avia_textblock'  itemprop=\"text\" ><h4 style=\"margin-bottom: 10px;\">Brig:<\/h4>\n<p><strong>Apotheke Dr. Guntern<\/strong> Dr. Alain Guntern Bahnhofstrasse 6 3900 Brig Tel.:\u00a0027 923 15 15 <a href=\"mailto:info@apotheke-guntern.ch\"><span class=\"footer\">info@apotheke-guntern.ch<\/span><\/a> <a href=\"http:\/\/www.apotheke-guntern.ch\" target=\"_blank\" rel=\"noopener noreferrer\">www.apotheke-guntern.ch<\/a> <\/p>\n<\/div><\/section>\n<\/div><\/div>\n<style type=\"text\/css\" data-created_by=\"avia_inline_auto\" id=\"style-css-av-1f96gt8-0b06c3004b68b429f8f1d3d10459d61d\">\n.flex_cell.av-1f96gt8-0b06c3004b68b429f8f1d3d10459d61d{\nvertical-align:top;\n}\n.responsive #top #wrap_all .flex_cell.av-1f96gt8-0b06c3004b68b429f8f1d3d10459d61d{\npadding:40px 10px 40px 40px !important;\n}\n<\/style>\n<div class='flex_cell av-1f96gt8-0b06c3004b68b429f8f1d3d10459d61d av-gridrow-cell av_one_fourth no_margin  avia-builder-el-78  el_after_av_cell_one_fourth  el_before_av_cell_one_fourth '  ><div class='flex_cell_inner'>\n<style type=\"text\/css\" data-created_by=\"avia_inline_auto\" id=\"style-css-av-19hkegc-32af7f6651d012fd6c151b8bad90de1a\">\n#top .av_textblock_section.av-19hkegc-32af7f6651d012fd6c151b8bad90de1a .avia_textblock{\nfont-size:15px;\n}\n<\/style>\n<section  class='av_textblock_section av-19hkegc-32af7f6651d012fd6c151b8bad90de1a '   itemscope=\"itemscope\" itemtype=\"https:\/\/schema.org\/CreativeWork\" ><div class='avia_textblock'  itemprop=\"text\" ><h4 style=\"margin-bottom: 10px;\">Brugg:<\/h4>\n<p><strong>TopPharm Apotheke am Lindenplatz<\/strong> Rolf Kr\u00e4henb\u00fchl Neumarkt 3 5200 Brugg Tel.: 056 441 10 11 <a href=\"mailto:apotheke@lindenplatz.top\">apotheke@lindenplatz.top<\/a> <a href=\"http:\/\/www.apotheke.ch\/lindenplatz\" target=\"_blank\" rel=\"noopener noreferrer\">www.apotheke.ch\/lindenplatz<\/a> <\/p>\n<\/div><\/section>\n<\/div><\/div>\n<style type=\"text\/css\" data-created_by=\"avia_inline_auto\" id=\"style-css-av-1b8qpgc-935e7ca711e6972c9992ab196d899890\">\n.flex_cell.av-1b8qpgc-935e7ca711e6972c9992ab196d899890{\nvertical-align:top;\n}\n.responsive #top #wrap_all .flex_cell.av-1b8qpgc-935e7ca711e6972c9992ab196d899890{\npadding:40px 40px 40px 40px !important;\n}\n<\/style>\n<div class='flex_cell av-1b8qpgc-935e7ca711e6972c9992ab196d899890 av-gridrow-cell av_one_fourth no_margin  avia-builder-el-80  el_after_av_cell_one_fourth  el_before_av_cell_one_fourth '  ><div class='flex_cell_inner'>\n<style type=\"text\/css\" data-created_by=\"avia_inline_auto\" id=\"style-css-av-19hkegc-9f6df8697f115703a41442d9dff064c5\">\n#top .av_textblock_section.av-19hkegc-9f6df8697f115703a41442d9dff064c5 .avia_textblock{\nfont-size:15px;\n}\n<\/style>\n<section  class='av_textblock_section av-19hkegc-9f6df8697f115703a41442d9dff064c5 '   itemscope=\"itemscope\" itemtype=\"https:\/\/schema.org\/CreativeWork\" ><div class='avia_textblock'  itemprop=\"text\" ><h4 style=\"margin-bottom: 10px;\">Bubendorf:<\/h4>\n<p><strong>TopPharm Apotheke Gm\u00fcnder<\/strong> Urs Gm\u00fcnder Gr\u00fcngenstrasse 1 4416 Bubendorf Tel.: 061 921 80 90 <a href=\"mailto:mail@apo-badbubendorf.ch\">mail@apo-badbubendorf.ch<\/a> <a href=\"http:\/\/www.apotheke.ch\/badbubendorf\" target=\"_blank\" rel=\"noopener noreferrer\">www.apotheke.ch\/badbubendorf<\/a> <\/p>\n<\/div><\/section>\n<\/div><\/div>\n<style type=\"text\/css\" data-created_by=\"avia_inline_auto\" id=\"style-css-av-4cnfh8-745f3e0b5381b3afcd04f1d982b65dd7\">\n.flex_cell.av-4cnfh8-745f3e0b5381b3afcd04f1d982b65dd7{\nvertical-align:top;\n}\n.responsive #top #wrap_all .flex_cell.av-4cnfh8-745f3e0b5381b3afcd04f1d982b65dd7{\npadding:40px 10px 40px 40px !important;\n}\n<\/style>\n<div class='flex_cell av-4cnfh8-745f3e0b5381b3afcd04f1d982b65dd7 av-gridrow-cell av_one_fourth no_margin  avia-builder-el-82  el_after_av_cell_one_fourth  avia-builder-el-last '  ><div class='flex_cell_inner'>\n<style type=\"text\/css\" data-created_by=\"avia_inline_auto\" id=\"style-css-av-19hkegc-9f6df8697f115703a41442d9dff064c5\">\n#top .av_textblock_section.av-19hkegc-9f6df8697f115703a41442d9dff064c5 .avia_textblock{\nfont-size:15px;\n}\n<\/style>\n<section  class='av_textblock_section av-19hkegc-9f6df8697f115703a41442d9dff064c5 '   itemscope=\"itemscope\" itemtype=\"https:\/\/schema.org\/CreativeWork\" ><div class='avia_textblock'  itemprop=\"text\" ><h4 style=\"margin-bottom: 10px;\">Buchs:<\/h4>\n<p><strong>TopPharm Apotheke &#038; Drogerie Buchs <\/strong> Mirjam Balimann Aarauerstrasse 26 5033 Buchs Tel.: 062 836 09 09 <a href=\"mailto:info@apobuchs.ch\">info@apobuchs.ch<\/a> <a href=\"http:\/\/www.apotheke.ch\/buchs\" target=\"_blank\" rel=\"noopener noreferrer\">www.apotheke.ch\/buchs<\/a> <\/p>\n<\/div><\/section>\n<\/div><\/div>\n<\/div>\n<div id='av-layout-grid-10'  class='av-layout-grid-container av-1jagnuk-6f73136a5e4ea565cb92dff4fc38e803 entry-content-wrapper main_color av-border-cells av-flex-cells  avia-builder-el-84  el_after_av_layout_row  el_before_av_layout_row  grid-row-not-first  container_wrap fullsize'  >\n\n<style type=\"text\/css\" data-created_by=\"avia_inline_auto\" id=\"style-css-av-1iiy7zg-19b745230908871297c66fa990a8cf50\">\n.flex_cell.av-1iiy7zg-19b745230908871297c66fa990a8cf50{\nvertical-align:top;\n}\n.responsive #top #wrap_all .flex_cell.av-1iiy7zg-19b745230908871297c66fa990a8cf50{\npadding:40px 10px 40px 40px !important;\n}\n<\/style>\n<div class='flex_cell av-1iiy7zg-19b745230908871297c66fa990a8cf50 av-gridrow-cell av_one_fourth no_margin  avia-builder-el-85  el_before_av_cell_one_fourth  avia-builder-el-first '  ><div class='flex_cell_inner'>\n<style type=\"text\/css\" data-created_by=\"avia_inline_auto\" id=\"style-css-av-19hkegc-9f6df8697f115703a41442d9dff064c5\">\n#top .av_textblock_section.av-19hkegc-9f6df8697f115703a41442d9dff064c5 .avia_textblock{\nfont-size:15px;\n}\n<\/style>\n<section  class='av_textblock_section av-19hkegc-9f6df8697f115703a41442d9dff064c5 '   itemscope=\"itemscope\" itemtype=\"https:\/\/schema.org\/CreativeWork\" ><div class='avia_textblock'  itemprop=\"text\" ><h4 style=\"margin-bottom: 10px;\">Bulle:<\/h4>\n<p><strong>BENU SERPENT <\/strong> Laurance Sottas Grand-Rue 3 1630 Bulle Tel.: 026 912 76 29 <a href=\"mailto:serpent@benu.ch\">serpent@benu.ch<\/a> <a href=\"https:\/\/www.benu.ch\/fr\/pharmacies\/serpent\/\">www.benu.ch<\/a> <\/p>\n<\/div><\/section>\n<\/div><\/div>\n<style type=\"text\/css\" data-created_by=\"avia_inline_auto\" id=\"style-css-av-1iiy7zg-19b745230908871297c66fa990a8cf50\">\n.flex_cell.av-1iiy7zg-19b745230908871297c66fa990a8cf50{\nvertical-align:top;\n}\n.responsive #top #wrap_all .flex_cell.av-1iiy7zg-19b745230908871297c66fa990a8cf50{\npadding:40px 10px 40px 40px !important;\n}\n<\/style>\n<div class='flex_cell av-1iiy7zg-19b745230908871297c66fa990a8cf50 av-gridrow-cell av_one_fourth no_margin  avia-builder-el-87  el_after_av_cell_one_fourth  el_before_av_cell_one_fourth '  ><div class='flex_cell_inner'>\n<style type=\"text\/css\" data-created_by=\"avia_inline_auto\" id=\"style-css-av-19hkegc-9f6df8697f115703a41442d9dff064c5\">\n#top .av_textblock_section.av-19hkegc-9f6df8697f115703a41442d9dff064c5 .avia_textblock{\nfont-size:15px;\n}\n<\/style>\n<section  class='av_textblock_section av-19hkegc-9f6df8697f115703a41442d9dff064c5 '   itemscope=\"itemscope\" itemtype=\"https:\/\/schema.org\/CreativeWork\" ><div class='avia_textblock'  itemprop=\"text\" ><h4 style=\"margin-bottom: 10px;\">Burgdorf:<\/h4>\n<p><strong>TopPharm Apotheke Zbinden<\/strong> Thomas Zbinden Bahnhofstrasse 13 3400 Burgdorf Tel.: 034 426 22 72 <a href=\"mailto:info@zbinden.apotheke.ch\">info@zbinden.apotheke.ch<\/a> <a href=\"http:\/\/www.apotheke.ch\/zbinden\" target=\"_blank\" rel=\"noopener noreferrer\">www.apotheke.ch\/zbinden<\/a> <\/p>\n<\/div><\/section>\n<\/div><\/div>\n<style type=\"text\/css\" data-created_by=\"avia_inline_auto\" id=\"style-css-av-1f96gt8-0b06c3004b68b429f8f1d3d10459d61d\">\n.flex_cell.av-1f96gt8-0b06c3004b68b429f8f1d3d10459d61d{\nvertical-align:top;\n}\n.responsive #top #wrap_all .flex_cell.av-1f96gt8-0b06c3004b68b429f8f1d3d10459d61d{\npadding:40px 10px 40px 40px !important;\n}\n<\/style>\n<div class='flex_cell av-1f96gt8-0b06c3004b68b429f8f1d3d10459d61d av-gridrow-cell av_one_fourth no_margin  avia-builder-el-89  el_after_av_cell_one_fourth  el_before_av_cell_one_fourth '  ><div class='flex_cell_inner'><\/div><\/div>\n<style type=\"text\/css\" data-created_by=\"avia_inline_auto\" id=\"style-css-av-1b8qpgc-935e7ca711e6972c9992ab196d899890\">\n.flex_cell.av-1b8qpgc-935e7ca711e6972c9992ab196d899890{\nvertical-align:top;\n}\n.responsive #top #wrap_all .flex_cell.av-1b8qpgc-935e7ca711e6972c9992ab196d899890{\npadding:40px 40px 40px 40px !important;\n}\n<\/style>\n<div class='flex_cell av-1b8qpgc-935e7ca711e6972c9992ab196d899890 av-gridrow-cell av_one_fourth no_margin  avia-builder-el-90  el_after_av_cell_one_fourth  avia-builder-el-last '  ><div class='flex_cell_inner'><\/div><\/div>\n<\/div>\n<div id='av-layout-grid-11'  class='av-layout-grid-container av-1jagnuk-6f73136a5e4ea565cb92dff4fc38e803 entry-content-wrapper main_color av-border-cells av-flex-cells  avia-builder-el-91  el_after_av_layout_row  el_before_av_layout_row  grid-row-not-first  container_wrap fullsize'  >\n\n<style type=\"text\/css\" data-created_by=\"avia_inline_auto\" id=\"style-css-av-1iiy7zg-19b745230908871297c66fa990a8cf50\">\n.flex_cell.av-1iiy7zg-19b745230908871297c66fa990a8cf50{\nvertical-align:top;\n}\n.responsive #top #wrap_all .flex_cell.av-1iiy7zg-19b745230908871297c66fa990a8cf50{\npadding:40px 10px 40px 40px !important;\n}\n<\/style>\n<div class='flex_cell av-1iiy7zg-19b745230908871297c66fa990a8cf50 av-gridrow-cell av_one_fourth no_margin  avia-builder-el-92  el_before_av_cell_one_fourth  avia-builder-el-first '  ><div class='flex_cell_inner'>\n<style type=\"text\/css\" data-created_by=\"avia_inline_auto\" id=\"style-css-av-19hkegc-9f6df8697f115703a41442d9dff064c5\">\n#top .av_textblock_section.av-19hkegc-9f6df8697f115703a41442d9dff064c5 .avia_textblock{\nfont-size:15px;\n}\n<\/style>\n<section  class='av_textblock_section av-19hkegc-9f6df8697f115703a41442d9dff064c5 '   itemscope=\"itemscope\" itemtype=\"https:\/\/schema.org\/CreativeWork\" ><div class='avia_textblock'  itemprop=\"text\" ><h4 style=\"margin-bottom: 10px;\">Chur:<\/h4>\n<p><strong>TopPharm Apotheke Dr. Villa<\/strong> Brigitte Eggerling G\u00fcrtelstrasse 10 7000 Chur Tel.: 081 253 41 41 <a href=\"mailto:info@drvilla-chur.apotheke\">info@drvilla-chur.apotheke<\/a> <a href=\"http:\/\/www.apotheke.ch\/drvilla-chur\" target=\"_blank\" rel=\"noopener noreferrer\">www.apotheke.ch\/drvilla-chur<\/a> <\/p>\n<\/div><\/section>\n<\/div><\/div>\n<style type=\"text\/css\" data-created_by=\"avia_inline_auto\" id=\"style-css-av-1f96gt8-0b06c3004b68b429f8f1d3d10459d61d\">\n.flex_cell.av-1f96gt8-0b06c3004b68b429f8f1d3d10459d61d{\nvertical-align:top;\n}\n.responsive #top #wrap_all .flex_cell.av-1f96gt8-0b06c3004b68b429f8f1d3d10459d61d{\npadding:40px 10px 40px 40px !important;\n}\n<\/style>\n<div class='flex_cell av-1f96gt8-0b06c3004b68b429f8f1d3d10459d61d av-gridrow-cell av_one_fourth no_margin  avia-builder-el-94  el_after_av_cell_one_fourth  el_before_av_cell_one_fourth '  ><div class='flex_cell_inner'>\n<style type=\"text\/css\" data-created_by=\"avia_inline_auto\" id=\"style-css-av-19hkegc-9f6df8697f115703a41442d9dff064c5\">\n#top .av_textblock_section.av-19hkegc-9f6df8697f115703a41442d9dff064c5 .avia_textblock{\nfont-size:15px;\n}\n<\/style>\n<section  class='av_textblock_section av-19hkegc-9f6df8697f115703a41442d9dff064c5 '   itemscope=\"itemscope\" itemtype=\"https:\/\/schema.org\/CreativeWork\" ><div class='avia_textblock'  itemprop=\"text\" ><h4>Colombier:<\/h4>\n<p><strong>Pharmacieplus de Colombier SA<\/strong> Dr. Fran\u00e7ois Jeanneret Rue Haute 23 2013 Colombier Tel.: 0800 800 841 <a href=\"mailto:colombier.ne@pharmacieplus.ch\">colombier.ne@pharmacieplus.ch<\/a> <a href=\"http:\/\/www.pharmacieplus.ch\" target=\"_blank\" rel=\"noopener noreferrer\">www.pharmacieplus.ch<\/a> <\/p>\n<\/div><\/section>\n<\/div><\/div>\n<style type=\"text\/css\" data-created_by=\"avia_inline_auto\" id=\"style-css-av-1b8qpgc-935e7ca711e6972c9992ab196d899890\">\n.flex_cell.av-1b8qpgc-935e7ca711e6972c9992ab196d899890{\nvertical-align:top;\n}\n.responsive #top #wrap_all .flex_cell.av-1b8qpgc-935e7ca711e6972c9992ab196d899890{\npadding:40px 40px 40px 40px !important;\n}\n<\/style>\n<div class='flex_cell av-1b8qpgc-935e7ca711e6972c9992ab196d899890 av-gridrow-cell av_one_fourth no_margin  avia-builder-el-96  el_after_av_cell_one_fourth  el_before_av_cell_one_fourth '  ><div class='flex_cell_inner'>\n<style type=\"text\/css\" data-created_by=\"avia_inline_auto\" id=\"style-css-av-19hkegc-9f6df8697f115703a41442d9dff064c5\">\n#top .av_textblock_section.av-19hkegc-9f6df8697f115703a41442d9dff064c5 .avia_textblock{\nfont-size:15px;\n}\n<\/style>\n<section  class='av_textblock_section av-19hkegc-9f6df8697f115703a41442d9dff064c5 '   itemscope=\"itemscope\" itemtype=\"https:\/\/schema.org\/CreativeWork\" ><div class='avia_textblock'  itemprop=\"text\" ><h4 style=\"margin-bottom: 10px;\">Corminboeuf:<\/h4>\n<p><strong>Pharmacie de Corminboeuf<\/strong> Julia Vandierendounck Route du P\u00e2qui 5 1720 Corminboeuf Tel.: 026 475 47 47 <a href=\"mailto:pharmaciedecorminboeuf@ovan.ch\">pharmaciedecorminboeuf@ovan.ch<\/a> <a href=\"http:\/\/pharmaciedecorminboeuf.ch\/\">www.pharmaciedecorminboeuf.ch<\/a> <\/p>\n<\/div><\/section>\n<\/div><\/div>\n<style type=\"text\/css\" data-created_by=\"avia_inline_auto\" id=\"style-css-av-4cnfh8-745f3e0b5381b3afcd04f1d982b65dd7\">\n.flex_cell.av-4cnfh8-745f3e0b5381b3afcd04f1d982b65dd7{\nvertical-align:top;\n}\n.responsive #top #wrap_all .flex_cell.av-4cnfh8-745f3e0b5381b3afcd04f1d982b65dd7{\npadding:40px 10px 40px 40px !important;\n}\n<\/style>\n<div class='flex_cell av-4cnfh8-745f3e0b5381b3afcd04f1d982b65dd7 av-gridrow-cell av_one_fourth no_margin  avia-builder-el-98  el_after_av_cell_one_fourth  avia-builder-el-last '  ><div class='flex_cell_inner'><\/div><\/div>\n<\/div>\n<div id='av-layout-grid-12'  class='av-layout-grid-container av-1jagnuk-6f73136a5e4ea565cb92dff4fc38e803 entry-content-wrapper main_color av-border-cells av-flex-cells  avia-builder-el-99  el_after_av_layout_row  el_before_av_layout_row  grid-row-not-first  container_wrap fullsize'  >\n\n<style type=\"text\/css\" data-created_by=\"avia_inline_auto\" id=\"style-css-av-1iiy7zg-19b745230908871297c66fa990a8cf50\">\n.flex_cell.av-1iiy7zg-19b745230908871297c66fa990a8cf50{\nvertical-align:top;\n}\n.responsive #top #wrap_all .flex_cell.av-1iiy7zg-19b745230908871297c66fa990a8cf50{\npadding:40px 10px 40px 40px !important;\n}\n<\/style>\n<div class='flex_cell av-1iiy7zg-19b745230908871297c66fa990a8cf50 av-gridrow-cell av_one_fourth no_margin  avia-builder-el-100  el_before_av_cell_one_fourth  avia-builder-el-first '  ><div class='flex_cell_inner'>\n<style type=\"text\/css\" data-created_by=\"avia_inline_auto\" id=\"style-css-av-19hkegc-9f6df8697f115703a41442d9dff064c5\">\n#top .av_textblock_section.av-19hkegc-9f6df8697f115703a41442d9dff064c5 .avia_textblock{\nfont-size:15px;\n}\n<\/style>\n<section  class='av_textblock_section av-19hkegc-9f6df8697f115703a41442d9dff064c5 '   itemscope=\"itemscope\" itemtype=\"https:\/\/schema.org\/CreativeWork\" ><div class='avia_textblock'  itemprop=\"text\" ><h4 style=\"margin-bottom: 10px;\">Disentis\/Must\u00e9r:<\/h4>\n<p><strong>TopPharm Apoteca Desertina<\/strong> Simona Simonet Via Lucmagn 8 7180 Disentis\/Must\u00e9r Tel.: 081 947 64 65 <a href=\"mailto:apotheke-disentis@bluewin.ch\">apotheke-disentis@bluewin.ch<\/a> <a href=\"http:\/\/www.apotheke.ch\/desertina\" target=\"_blank\" rel=\"noopener noreferrer\">www.apotheke.ch\/desertina<\/a> <\/p>\n<\/div><\/section>\n<\/div><\/div>\n<style type=\"text\/css\" data-created_by=\"avia_inline_auto\" id=\"style-css-av-1f96gt8-0b06c3004b68b429f8f1d3d10459d61d\">\n.flex_cell.av-1f96gt8-0b06c3004b68b429f8f1d3d10459d61d{\nvertical-align:top;\n}\n.responsive #top #wrap_all .flex_cell.av-1f96gt8-0b06c3004b68b429f8f1d3d10459d61d{\npadding:40px 10px 40px 40px !important;\n}\n<\/style>\n<div class='flex_cell av-1f96gt8-0b06c3004b68b429f8f1d3d10459d61d av-gridrow-cell av_one_fourth no_margin  avia-builder-el-102  el_after_av_cell_one_fourth  el_before_av_cell_one_fourth '  ><div class='flex_cell_inner'>\n<style type=\"text\/css\" data-created_by=\"avia_inline_auto\" id=\"style-css-av-19hkegc-9f6df8697f115703a41442d9dff064c5\">\n#top .av_textblock_section.av-19hkegc-9f6df8697f115703a41442d9dff064c5 .avia_textblock{\nfont-size:15px;\n}\n<\/style>\n<section  class='av_textblock_section av-19hkegc-9f6df8697f115703a41442d9dff064c5 '   itemscope=\"itemscope\" itemtype=\"https:\/\/schema.org\/CreativeWork\" ><div class='avia_textblock'  itemprop=\"text\" ><h4 style=\"margin-bottom: 10px;\">Domat\/Ems:<\/h4>\n<p><strong>TopPharm Domat Apotheke<\/strong> Max Caviezel Via Sogn Pieder 1 7013 Domat\/Ems Tel.: 081 633 11 92 <a href=\"mailto:info@apo-ems.ch\">info@apo-ems.ch<\/a> <a href=\"http:\/\/www.apotheke.ch\/domat\" target=\"_blank\" rel=\"noopener noreferrer\">www.apotheke.ch\/domat<\/a> <\/p>\n<\/div><\/section>\n<\/div><\/div>\n<style type=\"text\/css\" data-created_by=\"avia_inline_auto\" id=\"style-css-av-1b8qpgc-935e7ca711e6972c9992ab196d899890\">\n.flex_cell.av-1b8qpgc-935e7ca711e6972c9992ab196d899890{\nvertical-align:top;\n}\n.responsive #top #wrap_all .flex_cell.av-1b8qpgc-935e7ca711e6972c9992ab196d899890{\npadding:40px 40px 40px 40px !important;\n}\n<\/style>\n<div class='flex_cell av-1b8qpgc-935e7ca711e6972c9992ab196d899890 av-gridrow-cell av_one_fourth no_margin  avia-builder-el-104  el_after_av_cell_one_fourth  el_before_av_cell_one_fourth '  ><div class='flex_cell_inner'>\n<style type=\"text\/css\" data-created_by=\"avia_inline_auto\" id=\"style-css-av-ca0zw-6ab7efa587e90f893c311d1e27d31997\">\n#top .av_textblock_section.av-ca0zw-6ab7efa587e90f893c311d1e27d31997 .avia_textblock{\nfont-size:14px;\n}\n<\/style>\n<section  class='av_textblock_section av-ca0zw-6ab7efa587e90f893c311d1e27d31997 '   itemscope=\"itemscope\" itemtype=\"https:\/\/schema.org\/CreativeWork\" ><div class='avia_textblock'  itemprop=\"text\" ><h4 style=\"margin-bottom: 10px;\">Dottikon:<\/h4>\n<p><strong>Apotheke M\u00fchlehof<\/strong> Dr. Markus Hellm\u00fcller Bahnhofstrasse 23 5605 Dottikon Tel.: 056 624 14 24 <a href=\"mailto:info@apothekedottikon.ch\">info@apothekedottikon.ch<\/a> <a href=\"http:\/\/www.apothekedottikon.ch\" target=\"_blank\" rel=\"noopener noreferrer\">www.apothekedottikon.ch<\/a> <\/p>\n<\/div><\/section>\n<\/div><\/div>\n<style type=\"text\/css\" data-created_by=\"avia_inline_auto\" id=\"style-css-av-4cnfh8-745f3e0b5381b3afcd04f1d982b65dd7\">\n.flex_cell.av-4cnfh8-745f3e0b5381b3afcd04f1d982b65dd7{\nvertical-align:top;\n}\n.responsive #top #wrap_all .flex_cell.av-4cnfh8-745f3e0b5381b3afcd04f1d982b65dd7{\npadding:40px 10px 40px 40px !important;\n}\n<\/style>\n<div class='flex_cell av-4cnfh8-745f3e0b5381b3afcd04f1d982b65dd7 av-gridrow-cell av_one_fourth no_margin  avia-builder-el-106  el_after_av_cell_one_fourth  avia-builder-el-last '  ><div class='flex_cell_inner'>\n<style type=\"text\/css\" data-created_by=\"avia_inline_auto\" id=\"style-css-av-u54xdo-c8292773052f1230d9e38f358023ec9f\">\n#top .av_textblock_section.av-u54xdo-c8292773052f1230d9e38f358023ec9f .avia_textblock{\nfont-size:14px;\n}\n<\/style>\n<section  class='av_textblock_section av-u54xdo-c8292773052f1230d9e38f358023ec9f '   itemscope=\"itemscope\" itemtype=\"https:\/\/schema.org\/CreativeWork\" ><div class='avia_textblock'  itemprop=\"text\" ><h4 style=\"margin-bottom: 10px;\">D\u00f6ttingen:<\/h4>\n<p><strong>Bahnhof-Apotheke + Drogerie \u2013 Apotheke Blumenthal AG<\/strong> Hauptstrasse 26 5312 D\u00f6ttingen Tel.: 056 245 11 50 <a href=\"mailto:info@badd.ch\" target=\"_blank\" rel=\"noopener noreferrer\">info@badd.ch<\/a> <a href=\"https:\/\/badd.ch\/\">https:\/\/badd.ch\/<\/a> <\/p>\n<\/div><\/section>\n<\/div><\/div>\n<\/div>\n<div id='av-layout-grid-13'  class='av-layout-grid-container av-1jagnuk-6f73136a5e4ea565cb92dff4fc38e803 entry-content-wrapper main_color av-border-cells av-flex-cells  avia-builder-el-108  el_after_av_layout_row  el_before_av_layout_row  grid-row-not-first  container_wrap fullsize'  >\n\n<style type=\"text\/css\" data-created_by=\"avia_inline_auto\" id=\"style-css-av-1iiy7zg-19b745230908871297c66fa990a8cf50\">\n.flex_cell.av-1iiy7zg-19b745230908871297c66fa990a8cf50{\nvertical-align:top;\n}\n.responsive #top #wrap_all .flex_cell.av-1iiy7zg-19b745230908871297c66fa990a8cf50{\npadding:40px 10px 40px 40px !important;\n}\n<\/style>\n<div class='flex_cell av-1iiy7zg-19b745230908871297c66fa990a8cf50 av-gridrow-cell av_one_fourth no_margin  avia-builder-el-109  el_before_av_cell_one_fourth  avia-builder-el-first '  ><div class='flex_cell_inner'>\n<style type=\"text\/css\" data-created_by=\"avia_inline_auto\" id=\"style-css-av-qsx2ws-45f0a5427243eeda00f671d817418297\">\n#top .av_textblock_section.av-qsx2ws-45f0a5427243eeda00f671d817418297 .avia_textblock{\nfont-size:14px;\n}\n<\/style>\n<section  class='av_textblock_section av-qsx2ws-45f0a5427243eeda00f671d817418297 '   itemscope=\"itemscope\" itemtype=\"https:\/\/schema.org\/CreativeWork\" ><div class='avia_textblock'  itemprop=\"text\" ><h4 style=\"margin-bottom: 10px;\">D\u00fcbendorf:<\/h4>\n<p><strong>TopPharm Waldmann Apotheke<\/strong> Barbara Sprenger-Briner Bahnhofstrasse 50 8600 D\u00fcbendorf Tel.: 044 821 63 42 <a href=\"mailto:waldmann-apo@ovan.ch\"><span id=\"e781747152\">waldmann-apo@ovan.ch<\/span><\/a> <a href=\"http:\/\/www.apotheke.ch\/waldmann\" target=\"_blank\" rel=\"noopener noreferrer\">www.apotheke.ch\/waldmann<\/a> <\/p>\n<\/div><\/section>\n<\/div><\/div>\n<style type=\"text\/css\" data-created_by=\"avia_inline_auto\" id=\"style-css-av-1f96gt8-0b06c3004b68b429f8f1d3d10459d61d\">\n.flex_cell.av-1f96gt8-0b06c3004b68b429f8f1d3d10459d61d{\nvertical-align:top;\n}\n.responsive #top #wrap_all .flex_cell.av-1f96gt8-0b06c3004b68b429f8f1d3d10459d61d{\npadding:40px 10px 40px 40px !important;\n}\n<\/style>\n<div class='flex_cell av-1f96gt8-0b06c3004b68b429f8f1d3d10459d61d av-gridrow-cell av_one_fourth no_margin  avia-builder-el-111  el_after_av_cell_one_fourth  el_before_av_cell_one_fourth '  ><div class='flex_cell_inner'><\/div><\/div>\n<style type=\"text\/css\" data-created_by=\"avia_inline_auto\" id=\"style-css-av-1b8qpgc-935e7ca711e6972c9992ab196d899890\">\n.flex_cell.av-1b8qpgc-935e7ca711e6972c9992ab196d899890{\nvertical-align:top;\n}\n.responsive #top #wrap_all .flex_cell.av-1b8qpgc-935e7ca711e6972c9992ab196d899890{\npadding:40px 40px 40px 40px !important;\n}\n<\/style>\n<div class='flex_cell av-1b8qpgc-935e7ca711e6972c9992ab196d899890 av-gridrow-cell av_one_fourth no_margin  avia-builder-el-112  el_after_av_cell_one_fourth  el_before_av_cell_one_fourth '  ><div class='flex_cell_inner'><\/div><\/div>\n<style type=\"text\/css\" data-created_by=\"avia_inline_auto\" id=\"style-css-av-4cnfh8-745f3e0b5381b3afcd04f1d982b65dd7\">\n.flex_cell.av-4cnfh8-745f3e0b5381b3afcd04f1d982b65dd7{\nvertical-align:top;\n}\n.responsive #top #wrap_all .flex_cell.av-4cnfh8-745f3e0b5381b3afcd04f1d982b65dd7{\npadding:40px 10px 40px 40px !important;\n}\n<\/style>\n<div class='flex_cell av-4cnfh8-745f3e0b5381b3afcd04f1d982b65dd7 av-gridrow-cell av_one_fourth no_margin  avia-builder-el-113  el_after_av_cell_one_fourth  avia-builder-el-last '  ><div class='flex_cell_inner'><\/div><\/div>\n<\/div>\n<div id='av-layout-grid-14'  class='av-layout-grid-container av-1jagnuk-6f73136a5e4ea565cb92dff4fc38e803 entry-content-wrapper main_color av-border-cells av-flex-cells  avia-builder-el-114  el_after_av_layout_row  el_before_av_layout_row  grid-row-not-first  container_wrap fullsize'  >\n\n<style type=\"text\/css\" data-created_by=\"avia_inline_auto\" id=\"style-css-av-1iiy7zg-19b745230908871297c66fa990a8cf50\">\n.flex_cell.av-1iiy7zg-19b745230908871297c66fa990a8cf50{\nvertical-align:top;\n}\n.responsive #top #wrap_all .flex_cell.av-1iiy7zg-19b745230908871297c66fa990a8cf50{\npadding:40px 10px 40px 40px !important;\n}\n<\/style>\n<div class='flex_cell av-1iiy7zg-19b745230908871297c66fa990a8cf50 av-gridrow-cell av_one_fourth no_margin  avia-builder-el-115  el_before_av_cell_one_fourth  avia-builder-el-first '  ><div class='flex_cell_inner'>\n<style type=\"text\/css\" data-created_by=\"avia_inline_auto\" id=\"style-css-av-114rzx8-478b29bb38680a07ab4b33572af9e409\">\n#top .av_textblock_section.av-114rzx8-478b29bb38680a07ab4b33572af9e409 .avia_textblock{\nfont-size:14px;\n}\n<\/style>\n<section  class='av_textblock_section av-114rzx8-478b29bb38680a07ab4b33572af9e409 '   itemscope=\"itemscope\" itemtype=\"https:\/\/schema.org\/CreativeWork\" ><div class='avia_textblock'  itemprop=\"text\" ><h4>Echallens:<\/h4>\n<p><strong>Pharmacie de l\u2019H\u00f4tel de Ville SA<\/strong> Jean-Marc Kr\u00e4henb\u00fchl Place du Ch\u00e2teau 3 1040 Echallens Tel. : 021 883 00 70 <a href=\"mailto:contact@pharmacie-echallens.ch\">contact@pharmacie-echallens.ch<\/a> <a href=\"http:\/\/www.pharmacie-echallens.ch\" target=\"_blank\" rel=\"noopener noreferrer\">www.pharmacie-echallens.ch<\/a> <\/p>\n<\/div><\/section>\n<\/div><\/div>\n<style type=\"text\/css\" data-created_by=\"avia_inline_auto\" id=\"style-css-av-1f96gt8-0b06c3004b68b429f8f1d3d10459d61d\">\n.flex_cell.av-1f96gt8-0b06c3004b68b429f8f1d3d10459d61d{\nvertical-align:top;\n}\n.responsive #top #wrap_all .flex_cell.av-1f96gt8-0b06c3004b68b429f8f1d3d10459d61d{\npadding:40px 10px 40px 40px !important;\n}\n<\/style>\n<div class='flex_cell av-1f96gt8-0b06c3004b68b429f8f1d3d10459d61d av-gridrow-cell av_one_fourth no_margin  avia-builder-el-117  el_after_av_cell_one_fourth  el_before_av_cell_one_fourth '  ><div class='flex_cell_inner'>\n<style type=\"text\/css\" data-created_by=\"avia_inline_auto\" id=\"style-css-av-114rzx8-478b29bb38680a07ab4b33572af9e409\">\n#top .av_textblock_section.av-114rzx8-478b29bb38680a07ab4b33572af9e409 .avia_textblock{\nfont-size:14px;\n}\n<\/style>\n<section  class='av_textblock_section av-114rzx8-478b29bb38680a07ab4b33572af9e409 '   itemscope=\"itemscope\" itemtype=\"https:\/\/schema.org\/CreativeWork\" ><div class='avia_textblock'  itemprop=\"text\" ><h4 style=\"margin-bottom: 10px;\">Effretikon:<\/h4>\n<p><strong>Rike-Apotheke<\/strong> Keller Andreas Rikonerstrasse 14 8307 Effretikon Tel.:\u00a0052 343 60 30 <a href=\"mailto:rike-apotheke@bluewin.ch\">rike-apotheke@bluewin.ch<\/a> <\/p>\n<\/div><\/section>\n<\/div><\/div>\n<style type=\"text\/css\" data-created_by=\"avia_inline_auto\" id=\"style-css-av-1b8qpgc-935e7ca711e6972c9992ab196d899890\">\n.flex_cell.av-1b8qpgc-935e7ca711e6972c9992ab196d899890{\nvertical-align:top;\n}\n.responsive #top #wrap_all .flex_cell.av-1b8qpgc-935e7ca711e6972c9992ab196d899890{\npadding:40px 40px 40px 40px !important;\n}\n<\/style>\n<div class='flex_cell av-1b8qpgc-935e7ca711e6972c9992ab196d899890 av-gridrow-cell av_one_fourth no_margin  avia-builder-el-119  el_after_av_cell_one_fourth  el_before_av_cell_one_fourth '  ><div class='flex_cell_inner'>\n<style type=\"text\/css\" data-created_by=\"avia_inline_auto\" id=\"style-css-av-114rzx8-478b29bb38680a07ab4b33572af9e409\">\n#top .av_textblock_section.av-114rzx8-478b29bb38680a07ab4b33572af9e409 .avia_textblock{\nfont-size:14px;\n}\n<\/style>\n<section  class='av_textblock_section av-114rzx8-478b29bb38680a07ab4b33572af9e409 '   itemscope=\"itemscope\" itemtype=\"https:\/\/schema.org\/CreativeWork\" ><div class='avia_textblock'  itemprop=\"text\" ><h4 style=\"margin-bottom: 10px;\">Eglisau:<\/h4>\n<p><strong>TopPharm Sonnen Apotheke<\/strong> Sylvia St\u00e4hli Obergass 1 8193 Eglisau Tel.: 043 810 75 36 <a href=\"mailto:eglisau@sonnen-apotheke.ch\">eglisau@sonnen-apotheke.ch<\/a> <a href=\"http:\/\/www.apotheke.ch\/sonnen-eglisau\" target=\"_blank\" rel=\"noopener noreferrer\">www.apotheke.ch\/sonnen-eglisau<\/a> <\/p>\n<\/div><\/section>\n<\/div><\/div>\n<style type=\"text\/css\" data-created_by=\"avia_inline_auto\" id=\"style-css-av-4cnfh8-745f3e0b5381b3afcd04f1d982b65dd7\">\n.flex_cell.av-4cnfh8-745f3e0b5381b3afcd04f1d982b65dd7{\nvertical-align:top;\n}\n.responsive #top #wrap_all .flex_cell.av-4cnfh8-745f3e0b5381b3afcd04f1d982b65dd7{\npadding:40px 10px 40px 40px !important;\n}\n<\/style>\n<div class='flex_cell av-4cnfh8-745f3e0b5381b3afcd04f1d982b65dd7 av-gridrow-cell av_one_fourth no_margin  avia-builder-el-121  el_after_av_cell_one_fourth  avia-builder-el-last '  ><div class='flex_cell_inner'>\n<style type=\"text\/css\" data-created_by=\"avia_inline_auto\" id=\"style-css-av-114rzx8-a619d860e9ee34564ff2e57739778adf\">\n#top .av_textblock_section.av-114rzx8-a619d860e9ee34564ff2e57739778adf .avia_textblock{\nfont-size:14px;\n}\n<\/style>\n<section  class='av_textblock_section av-114rzx8-a619d860e9ee34564ff2e57739778adf '   itemscope=\"itemscope\" itemtype=\"https:\/\/schema.org\/CreativeWork\" ><div class='avia_textblock'  itemprop=\"text\" ><h4 style=\"margin-bottom: 10px;\">Ehrendingen:<\/h4>\n<p><strong>TopPharm Damian Apotheke<\/strong> Karin J\u00e4ggi Dorfstrasse 17 5420 Ehrendingen Tel.: 056 203 40 11 <a href=\"mailto:damian-apo.ehrendingen@ovan.ch\">damian-apo.ehrendingen@ovan.ch<\/a> <a href=\"http:\/\/www.apotheke.ch\/damian-ehrendingen\" target=\"_blank\" rel=\"noopener noreferrer\">www.apotheke.ch\/damian-ehrendingen<\/a> <\/p>\n<\/div><\/section>\n<\/div><\/div>\n<\/div>\n<div id='av-layout-grid-15'  class='av-layout-grid-container av-1jagnuk-6f73136a5e4ea565cb92dff4fc38e803 entry-content-wrapper main_color av-border-cells av-flex-cells  avia-builder-el-123  el_after_av_layout_row  el_before_av_layout_row  grid-row-not-first  container_wrap fullsize'  >\n\n<style type=\"text\/css\" data-created_by=\"avia_inline_auto\" id=\"style-css-av-1iiy7zg-19b745230908871297c66fa990a8cf50\">\n.flex_cell.av-1iiy7zg-19b745230908871297c66fa990a8cf50{\nvertical-align:top;\n}\n.responsive #top #wrap_all .flex_cell.av-1iiy7zg-19b745230908871297c66fa990a8cf50{\npadding:40px 10px 40px 40px !important;\n}\n<\/style>\n<div class='flex_cell av-1iiy7zg-19b745230908871297c66fa990a8cf50 av-gridrow-cell av_one_fourth no_margin  avia-builder-el-124  el_before_av_cell_one_fourth  avia-builder-el-first '  ><div class='flex_cell_inner'>\n<style type=\"text\/css\" data-created_by=\"avia_inline_auto\" id=\"style-css-av-114rzx8-478b29bb38680a07ab4b33572af9e409\">\n#top .av_textblock_section.av-114rzx8-478b29bb38680a07ab4b33572af9e409 .avia_textblock{\nfont-size:14px;\n}\n<\/style>\n<section  class='av_textblock_section av-114rzx8-478b29bb38680a07ab4b33572af9e409 '   itemscope=\"itemscope\" itemtype=\"https:\/\/schema.org\/CreativeWork\" ><div class='avia_textblock'  itemprop=\"text\" ><h4 style=\"margin-bottom: 10px;\">Erlinsbach:<\/h4>\n<p><strong>TopPharm Apotheke &#038; Drogerie Erlinsbach<\/strong> Monika Wilders K\u00fcttigerstrasse 2a 5018 Erlinsbach Tel.: 062 857 70 00 <a href=\"mailto:info@apoerlinsbach.ch\">info@apoerlinsbach.ch<\/a> <a href=\"http:\/\/www.apotheke.ch\/erlinsbach\" target=\"_blank\" rel=\"noopener noreferrer\">www.apotheke.ch\/erlinsbach<\/a> <\/p>\n<\/div><\/section>\n<\/div><\/div>\n<style type=\"text\/css\" data-created_by=\"avia_inline_auto\" id=\"style-css-av-1f96gt8-0b06c3004b68b429f8f1d3d10459d61d\">\n.flex_cell.av-1f96gt8-0b06c3004b68b429f8f1d3d10459d61d{\nvertical-align:top;\n}\n.responsive #top #wrap_all .flex_cell.av-1f96gt8-0b06c3004b68b429f8f1d3d10459d61d{\npadding:40px 10px 40px 40px !important;\n}\n<\/style>\n<div class='flex_cell av-1f96gt8-0b06c3004b68b429f8f1d3d10459d61d av-gridrow-cell av_one_fourth no_margin  avia-builder-el-126  el_after_av_cell_one_fourth  el_before_av_cell_one_fourth '  ><div class='flex_cell_inner'>\n<style type=\"text\/css\" data-created_by=\"avia_inline_auto\" id=\"style-css-av-114rzx8-478b29bb38680a07ab4b33572af9e409\">\n#top .av_textblock_section.av-114rzx8-478b29bb38680a07ab4b33572af9e409 .avia_textblock{\nfont-size:14px;\n}\n<\/style>\n<section  class='av_textblock_section av-114rzx8-478b29bb38680a07ab4b33572af9e409 '   itemscope=\"itemscope\" itemtype=\"https:\/\/schema.org\/CreativeWork\" ><div class='avia_textblock'  itemprop=\"text\" ><h4 style=\"margin-bottom: 10px;\">Einsiedeln:<\/h4>\n<p><strong>Einsiedler Apotheke Drogerie Henseler<\/strong> Valerie Schuler Eisenbahnstrasse 2 8840 Einsiedeln Tel.: 055 412 83 83 <a href=\"mailto:info@einsiedlerapotheke.ch\">info@einsiedlerapotheke.ch<\/a> <a href=\"http:\/\/www.einsiedlerapotheke.ch\">www.einsiedlerapotheke.ch<\/a> <\/p>\n<\/div><\/section>\n<\/div><\/div>\n<style type=\"text\/css\" data-created_by=\"avia_inline_auto\" id=\"style-css-av-1b8qpgc-935e7ca711e6972c9992ab196d899890\">\n.flex_cell.av-1b8qpgc-935e7ca711e6972c9992ab196d899890{\nvertical-align:top;\n}\n.responsive #top #wrap_all .flex_cell.av-1b8qpgc-935e7ca711e6972c9992ab196d899890{\npadding:40px 40px 40px 40px !important;\n}\n<\/style>\n<div class='flex_cell av-1b8qpgc-935e7ca711e6972c9992ab196d899890 av-gridrow-cell av_one_fourth no_margin  avia-builder-el-128  el_after_av_cell_one_fourth  el_before_av_cell_one_fourth '  ><div class='flex_cell_inner'>\n<style type=\"text\/css\" data-created_by=\"avia_inline_auto\" id=\"style-css-av-114rzx8-478b29bb38680a07ab4b33572af9e409\">\n#top .av_textblock_section.av-114rzx8-478b29bb38680a07ab4b33572af9e409 .avia_textblock{\nfont-size:14px;\n}\n<\/style>\n<section  class='av_textblock_section av-114rzx8-478b29bb38680a07ab4b33572af9e409 '   itemscope=\"itemscope\" itemtype=\"https:\/\/schema.org\/CreativeWork\" ><div class='avia_textblock'  itemprop=\"text\" ><h4 style=\"margin-bottom: 10px;\">Estavayer-le-Lac:<\/h4>\n<p><strong>pharmacieplus du camus<\/strong> Martine Gutknecht Rue du Camus 2 1470 Estavayer-le-Lac Tel.: 026 663 99 22 <a href=\"mailto:camus.fr@pharmacieplus.ch\">camus.fr@pharmacieplus.ch<\/a> <a href=\"http:\/\/www.pharmacieplus.ch\/fr\/pharmacies\/camus\" target=\"_blank\" rel=\"noopener noreferrer\">www.pharmacieplus.ch<\/a> <\/p>\n<\/div><\/section>\n<\/div><\/div>\n<style type=\"text\/css\" data-created_by=\"avia_inline_auto\" id=\"style-css-av-4cnfh8-745f3e0b5381b3afcd04f1d982b65dd7\">\n.flex_cell.av-4cnfh8-745f3e0b5381b3afcd04f1d982b65dd7{\nvertical-align:top;\n}\n.responsive #top #wrap_all .flex_cell.av-4cnfh8-745f3e0b5381b3afcd04f1d982b65dd7{\npadding:40px 10px 40px 40px !important;\n}\n<\/style>\n<div class='flex_cell av-4cnfh8-745f3e0b5381b3afcd04f1d982b65dd7 av-gridrow-cell av_one_fourth no_margin  avia-builder-el-130  el_after_av_cell_one_fourth  avia-builder-el-last '  ><div class='flex_cell_inner'><\/div><\/div>\n<\/div>\n<div id='av-layout-grid-16'  class='av-layout-grid-container av-14u2b4c-d3e02b048e5f69916292c547f645f5c4 entry-content-wrapper main_color av-border-cells av-flex-cells  avia-builder-el-131  el_after_av_layout_row  el_before_av_layout_row  grid-row-not-first  container_wrap fullsize'  >\n\n<style type=\"text\/css\" data-created_by=\"avia_inline_auto\" id=\"style-css-av-13klnd8-9d1a2f3fe845da8bffd6580d2a92a669\">\n.flex_cell.av-13klnd8-9d1a2f3fe845da8bffd6580d2a92a669{\nvertical-align:top;\n}\n.responsive #top #wrap_all .flex_cell.av-13klnd8-9d1a2f3fe845da8bffd6580d2a92a669{\npadding:40px 10px 40px 40px !important;\n}\n<\/style>\n<div class='flex_cell av-13klnd8-9d1a2f3fe845da8bffd6580d2a92a669 av-gridrow-cell av_one_fourth no_margin  avia-builder-el-132  el_before_av_cell_one_fourth  avia-builder-el-first '  ><div class='flex_cell_inner'>\n<style type=\"text\/css\" data-created_by=\"avia_inline_auto\" id=\"style-css-av-114rzx8-a619d860e9ee34564ff2e57739778adf\">\n#top .av_textblock_section.av-114rzx8-a619d860e9ee34564ff2e57739778adf .avia_textblock{\nfont-size:14px;\n}\n<\/style>\n<section  class='av_textblock_section av-114rzx8-a619d860e9ee34564ff2e57739778adf '   itemscope=\"itemscope\" itemtype=\"https:\/\/schema.org\/CreativeWork\" ><div class='avia_textblock'  itemprop=\"text\" ><h4 style=\"margin-bottom: 10px;\">Fislisbach:<\/h4>\n<p><strong>TopPharm Damian Apotheke<\/strong> Thomas Haller Badenerstrasse 5c 5442 Fislisbach Tel.: 056 483 40 81 <a href=\"mailto:damian-apo.fislisbach@ovan.ch\">damian-apo.fislisbach@ovan.ch<\/a> <a href=\"http:\/\/www.apotheke.ch\/damian-fislisbach\" target=\"_blank\" rel=\"noopener noreferrer\">www.apotheke.ch\/damian-fislisbach<\/a> <\/p>\n<\/div><\/section>\n<\/div><\/div>\n<style type=\"text\/css\" data-created_by=\"avia_inline_auto\" id=\"style-css-av-zk1698-9d5883bf61a17a9888ac807a61c70319\">\n.flex_cell.av-zk1698-9d5883bf61a17a9888ac807a61c70319{\nvertical-align:top;\n}\n.responsive #top #wrap_all .flex_cell.av-zk1698-9d5883bf61a17a9888ac807a61c70319{\npadding:40px 10px 40px 40px !important;\n}\n<\/style>\n<div class='flex_cell av-zk1698-9d5883bf61a17a9888ac807a61c70319 av-gridrow-cell av_one_fourth no_margin  avia-builder-el-134  el_after_av_cell_one_fourth  el_before_av_cell_one_fourth '  ><div class='flex_cell_inner'>\n<style type=\"text\/css\" data-created_by=\"avia_inline_auto\" id=\"style-css-av-ca0zw-6ab7efa587e90f893c311d1e27d31997\">\n#top .av_textblock_section.av-ca0zw-6ab7efa587e90f893c311d1e27d31997 .avia_textblock{\nfont-size:14px;\n}\n<\/style>\n<section  class='av_textblock_section av-ca0zw-6ab7efa587e90f893c311d1e27d31997 '   itemscope=\"itemscope\" itemtype=\"https:\/\/schema.org\/CreativeWork\" ><div class='avia_textblock'  itemprop=\"text\" ><h4 style=\"margin-bottom: 10px;\">Flawil:<\/h4>\n<p><strong>Ameisen Apotheke<\/strong> Dominique B\u00e4tscher Magdendauerstrasse 10 9230 Flawil Tel.:\u00a0071\u00a0393\u00a015\u00a069 <a href=\"mailto:ameisenapo@active.ch\">ameisenapo@active.ch<\/a> <a href=\"http:\/\/www.ameisen-apotheke.ch\" target=\"_blank\" rel=\"noopener noreferrer\">www.ameisen-apotheke.ch<\/a> <img loading=\"lazy\" decoding=\"async\" class=\"alignnone wp-image-3730 size-full\" src=\"https:\/\/asthma-check.ch\/wp-content\/uploads\/Logo_AA.png\" alt=\"\" width=\"180\" height=\"23\" \/> <\/p>\n<\/div><\/section>\n<\/div><\/div>\n<style type=\"text\/css\" data-created_by=\"avia_inline_auto\" id=\"style-css-av-w6m8v0-98a43fee253c9d66456558a0968b33d9\">\n.flex_cell.av-w6m8v0-98a43fee253c9d66456558a0968b33d9{\nvertical-align:top;\n}\n.responsive #top #wrap_all .flex_cell.av-w6m8v0-98a43fee253c9d66456558a0968b33d9{\npadding:40px 10px 40px 40px !important;\n}\n<\/style>\n<div class='flex_cell av-w6m8v0-98a43fee253c9d66456558a0968b33d9 av-gridrow-cell av_one_fourth no_margin  avia-builder-el-136  el_after_av_cell_one_fourth  el_before_av_cell_one_fourth '  ><div class='flex_cell_inner'>\n<style type=\"text\/css\" data-created_by=\"avia_inline_auto\" id=\"style-css-av-u54xdo-4678566a96158a7dfa93b04d115c8642\">\n#top .av_textblock_section.av-u54xdo-4678566a96158a7dfa93b04d115c8642 .avia_textblock{\nfont-size:14px;\n}\n<\/style>\n<section  class='av_textblock_section av-u54xdo-4678566a96158a7dfa93b04d115c8642 '   itemscope=\"itemscope\" itemtype=\"https:\/\/schema.org\/CreativeWork\" ><div class='avia_textblock'  itemprop=\"text\" ><h4>Fully :<\/h4>\n<p><strong>Pharmacie von Roten<\/strong> Jean-Boris von Roten Rue de la Poste 12 1926 Fully Tel. : 027 746 11 33 <a href=\"mailto:info@pharmacie-vonroten.ch\">info@pharmacie-vonroten.ch<\/a> <a href=\"http:\/\/www.pharmacie-vonroten.ch\" target=\"_blank\" rel=\"noopener noreferrer\">www.pharmacie-vonroten.ch<\/a> <\/p>\n<\/div><\/section>\n<\/div><\/div>\n<style type=\"text\/css\" data-created_by=\"avia_inline_auto\" id=\"style-css-av-tf5cto-69097998ea736468281781e24f175e46\">\n.flex_cell.av-tf5cto-69097998ea736468281781e24f175e46{\nvertical-align:top;\n}\n.responsive #top #wrap_all .flex_cell.av-tf5cto-69097998ea736468281781e24f175e46{\npadding:40px 10px 40px 40px !important;\n}\n<\/style>\n<div class='flex_cell av-tf5cto-69097998ea736468281781e24f175e46 av-gridrow-cell av_one_fourth no_margin  avia-builder-el-138  el_after_av_cell_one_fourth  avia-builder-el-last '  ><div class='flex_cell_inner'>\n<style type=\"text\/css\" data-created_by=\"avia_inline_auto\" id=\"style-css-av-u54xdo-4678566a96158a7dfa93b04d115c8642\">\n#top .av_textblock_section.av-u54xdo-4678566a96158a7dfa93b04d115c8642 .avia_textblock{\nfont-size:14px;\n}\n<\/style>\n<section  class='av_textblock_section av-u54xdo-4678566a96158a7dfa93b04d115c8642 '   itemscope=\"itemscope\" itemtype=\"https:\/\/schema.org\/CreativeWork\" ><div class='avia_textblock'  itemprop=\"text\" ><h4 style=\"margin-bottom: 10px;\">Frick:<\/h4>\n<p><strong>Coop Vitality Frick<\/strong> Pia Binkert Hauptstrasse 37 5070 Frick Tel.:\u00a0058 878 84 70 <a href=\"mailto:apotheke.frick@coop-vitality.ch\">apotheke.frick@coop-vitality.ch<\/a> <a href=\"http:\/\/www.coopvitality.ch\" target=\"_blank\" rel=\"noopener noreferrer\">www.coopvitality.ch<\/a> <\/p>\n<\/div><\/section>\n<\/div><\/div>\n<\/div>\n<div id='av-layout-grid-17'  class='av-layout-grid-container av-14u2b4c-d3e02b048e5f69916292c547f645f5c4 entry-content-wrapper main_color av-border-cells av-flex-cells  avia-builder-el-140  el_after_av_layout_row  el_before_av_layout_row  grid-row-not-first  container_wrap fullsize'  >\n\n<style type=\"text\/css\" data-created_by=\"avia_inline_auto\" id=\"style-css-av-tf5cto-69097998ea736468281781e24f175e46\">\n.flex_cell.av-tf5cto-69097998ea736468281781e24f175e46{\nvertical-align:top;\n}\n.responsive #top #wrap_all .flex_cell.av-tf5cto-69097998ea736468281781e24f175e46{\npadding:40px 10px 40px 40px !important;\n}\n<\/style>\n<div class='flex_cell av-tf5cto-69097998ea736468281781e24f175e46 av-gridrow-cell av_one_fourth no_margin  avia-builder-el-141  el_before_av_cell_one_fourth  avia-builder-el-first '  ><div class='flex_cell_inner'>\n<style type=\"text\/css\" data-created_by=\"avia_inline_auto\" id=\"style-css-av-u54xdo-4678566a96158a7dfa93b04d115c8642\">\n#top .av_textblock_section.av-u54xdo-4678566a96158a7dfa93b04d115c8642 .avia_textblock{\nfont-size:14px;\n}\n<\/style>\n<section  class='av_textblock_section av-u54xdo-4678566a96158a7dfa93b04d115c8642 '   itemscope=\"itemscope\" itemtype=\"https:\/\/schema.org\/CreativeWork\" ><div class='avia_textblock'  itemprop=\"text\" ><h4>Gen\u00e8ve:<\/h4>\n<p><strong>pharmacieplus de Saint-Jean<\/strong> Anne-Line Feutelais Rue de Saint-Jean 2 1203 Gen\u00e8ve Tel. : 022 949 06 10 <a href=\"mailto:saintjean.ge@pharmacieplus.ch\">saintjean.ge@pharmacieplus.ch<\/a> <a href=\"http:\/\/www.pharmacieplus.ch\" target=\"_blank\" rel=\"noopener noreferrer\">www.pharmacieplus.ch<\/a> <\/p>\n<\/div><\/section>\n<\/div><\/div>\n<style type=\"text\/css\" data-created_by=\"avia_inline_auto\" id=\"style-css-av-tf5cto-69097998ea736468281781e24f175e46\">\n.flex_cell.av-tf5cto-69097998ea736468281781e24f175e46{\nvertical-align:top;\n}\n.responsive #top #wrap_all .flex_cell.av-tf5cto-69097998ea736468281781e24f175e46{\npadding:40px 10px 40px 40px !important;\n}\n<\/style>\n<div class='flex_cell av-tf5cto-69097998ea736468281781e24f175e46 av-gridrow-cell av_one_fourth no_margin  avia-builder-el-143  el_after_av_cell_one_fourth  el_before_av_cell_one_fourth '  ><div class='flex_cell_inner'>\n<style type=\"text\/css\" data-created_by=\"avia_inline_auto\" id=\"style-css-av-u54xdo-4678566a96158a7dfa93b04d115c8642\">\n#top .av_textblock_section.av-u54xdo-4678566a96158a7dfa93b04d115c8642 .avia_textblock{\nfont-size:14px;\n}\n<\/style>\n<section  class='av_textblock_section av-u54xdo-4678566a96158a7dfa93b04d115c8642 '   itemscope=\"itemscope\" itemtype=\"https:\/\/schema.org\/CreativeWork\" ><div class='avia_textblock'  itemprop=\"text\" ><h4>Gen\u00e8ve:<\/h4>\n<p><strong>pharmacieplus du rond-point<\/strong> Rond-point de Plainpalais 6 1205 Gen\u00e8ve Tel. : 022 320 07 59 <a href=\"mailto:rondpoint.ge@pharmacieplus.ch\">rondpoint.ge@pharmacieplus.ch<\/a> <a href=\"http:\/\/www.pharmacieplus.ch\" target=\"_blank\" rel=\"noopener noreferrer\">www.pharmacieplus.ch<\/a> <\/p>\n<\/div><\/section>\n<\/div><\/div>\n<style type=\"text\/css\" data-created_by=\"avia_inline_auto\" id=\"style-css-av-tf5cto-69097998ea736468281781e24f175e46\">\n.flex_cell.av-tf5cto-69097998ea736468281781e24f175e46{\nvertical-align:top;\n}\n.responsive #top #wrap_all .flex_cell.av-tf5cto-69097998ea736468281781e24f175e46{\npadding:40px 10px 40px 40px !important;\n}\n<\/style>\n<div class='flex_cell av-tf5cto-69097998ea736468281781e24f175e46 av-gridrow-cell av_one_fourth no_margin  avia-builder-el-145  el_after_av_cell_one_fourth  el_before_av_cell_one_fourth '  ><div class='flex_cell_inner'>\n<style type=\"text\/css\" data-created_by=\"avia_inline_auto\" id=\"style-css-av-u54xdo-4678566a96158a7dfa93b04d115c8642\">\n#top .av_textblock_section.av-u54xdo-4678566a96158a7dfa93b04d115c8642 .avia_textblock{\nfont-size:14px;\n}\n<\/style>\n<section  class='av_textblock_section av-u54xdo-4678566a96158a7dfa93b04d115c8642 '   itemscope=\"itemscope\" itemtype=\"https:\/\/schema.org\/CreativeWork\" ><div class='avia_textblock'  itemprop=\"text\" ><h4>Giubiasco:<\/h4>\n<p>Farmacia Fenice Pedrazzetti SA Michela Selli Via Bellinzona 33 6512 Giubiasco Tel. : 091 840 28 02 <a href=\"mailto:fenice@farmaco.ch\">fenice@farmaco.ch<\/a> <a href=\"http:\/\/www.farmaco.ch\" target=\"_blank\" rel=\"noopener noreferrer\">www.farmaco.ch<\/a> <\/p>\n<\/div><\/section>\n<\/div><\/div>\n<style type=\"text\/css\" data-created_by=\"avia_inline_auto\" id=\"style-css-av-5da8bw-02d468ac863b0d27294d8ea1a6d8b638\">\n.flex_cell.av-5da8bw-02d468ac863b0d27294d8ea1a6d8b638{\nvertical-align:top;\n}\n.responsive #top #wrap_all .flex_cell.av-5da8bw-02d468ac863b0d27294d8ea1a6d8b638{\npadding:30px 30px 30px 30px !important;\n}\n<\/style>\n<div class='flex_cell av-5da8bw-02d468ac863b0d27294d8ea1a6d8b638 av-gridrow-cell av_one_fourth no_margin  avia-builder-el-147  el_after_av_cell_one_fourth  avia-builder-el-last '  ><div class='flex_cell_inner'>\n<style type=\"text\/css\" data-created_by=\"avia_inline_auto\" id=\"style-css-av-u54xdo-4678566a96158a7dfa93b04d115c8642\">\n#top .av_textblock_section.av-u54xdo-4678566a96158a7dfa93b04d115c8642 .avia_textblock{\nfont-size:14px;\n}\n<\/style>\n<section  class='av_textblock_section av-u54xdo-4678566a96158a7dfa93b04d115c8642 '   itemscope=\"itemscope\" itemtype=\"https:\/\/schema.org\/CreativeWork\" ><div class='avia_textblock'  itemprop=\"text\" ><h4>Giubiasco:<\/h4>\n<p>Farmacia Pedrazzetti Barbara Borneo Largo Libero Olgiati 75 6512 Giubiasco Tel. : 091 857 14 65 <a href=\"mailto:pedrazzetti@farmaco.ch\">pedrazzetti@farmaco.ch<\/a> <a href=\"http:\/\/www.farmaco.ch\" target=\"_blank\" rel=\"noopener noreferrer\">www.farmaco.ch<\/a> <\/p>\n<\/div><\/section>\n<\/div><\/div>\n<\/div>\n<div id='av-layout-grid-18'  class='av-layout-grid-container av-14u2b4c-d3e02b048e5f69916292c547f645f5c4 entry-content-wrapper main_color av-border-cells av-flex-cells  avia-builder-el-149  el_after_av_layout_row  el_before_av_layout_row  grid-row-not-first  container_wrap fullsize'  >\n\n<style type=\"text\/css\" data-created_by=\"avia_inline_auto\" id=\"style-css-av-tf5cto-69097998ea736468281781e24f175e46\">\n.flex_cell.av-tf5cto-69097998ea736468281781e24f175e46{\nvertical-align:top;\n}\n.responsive #top #wrap_all .flex_cell.av-tf5cto-69097998ea736468281781e24f175e46{\npadding:40px 10px 40px 40px !important;\n}\n<\/style>\n<div class='flex_cell av-tf5cto-69097998ea736468281781e24f175e46 av-gridrow-cell av_one_fourth no_margin  avia-builder-el-150  el_before_av_cell_one_fourth  avia-builder-el-first '  ><div class='flex_cell_inner'>\n<style type=\"text\/css\" data-created_by=\"avia_inline_auto\" id=\"style-css-av-114rzx8-478b29bb38680a07ab4b33572af9e409\">\n#top .av_textblock_section.av-114rzx8-478b29bb38680a07ab4b33572af9e409 .avia_textblock{\nfont-size:14px;\n}\n<\/style>\n<section  class='av_textblock_section av-114rzx8-478b29bb38680a07ab4b33572af9e409 '   itemscope=\"itemscope\" itemtype=\"https:\/\/schema.org\/CreativeWork\" ><div class='avia_textblock'  itemprop=\"text\" ><h4 style=\"margin-bottom: 10px;\">Glattpark:<\/h4>\n<p><strong>Coop Vitality Apotheke Opfikon <\/strong>Imke Speck Boulevard Lilienthal 12 8152 Glattpark Tel.:\u00a0058 878 86 20 <a href=\"mailto:apotheke.opfikon@coop-vitality.ch\">apotheke.opfikon@coop-vitality.ch<\/a> <a href=\"https:\/\/www.coopvitality.ch\/de\/coop-vitality-opfikon\">www.coopvitality.ch\/coop-vitality-opfikon<\/a> <\/p>\n<\/div><\/section>\n<\/div><\/div>\n<style type=\"text\/css\" data-created_by=\"avia_inline_auto\" id=\"style-css-av-tf5cto-69097998ea736468281781e24f175e46\">\n.flex_cell.av-tf5cto-69097998ea736468281781e24f175e46{\nvertical-align:top;\n}\n.responsive #top #wrap_all .flex_cell.av-tf5cto-69097998ea736468281781e24f175e46{\npadding:40px 10px 40px 40px !important;\n}\n<\/style>\n<div class='flex_cell av-tf5cto-69097998ea736468281781e24f175e46 av-gridrow-cell av_one_fourth no_margin  avia-builder-el-152  el_after_av_cell_one_fourth  el_before_av_cell_one_fourth '  ><div class='flex_cell_inner'>\n<style type=\"text\/css\" data-created_by=\"avia_inline_auto\" id=\"style-css-av-114rzx8-478b29bb38680a07ab4b33572af9e409\">\n#top .av_textblock_section.av-114rzx8-478b29bb38680a07ab4b33572af9e409 .avia_textblock{\nfont-size:14px;\n}\n<\/style>\n<section  class='av_textblock_section av-114rzx8-478b29bb38680a07ab4b33572af9e409 '   itemscope=\"itemscope\" itemtype=\"https:\/\/schema.org\/CreativeWork\" ><div class='avia_textblock'  itemprop=\"text\" ><h4 style=\"margin-bottom: 10px;\">G\u00fcmligen:<\/h4>\n<p><strong>TopPharm Apotheke G\u00fcmligen<\/strong> Dr. Andreas Neuenschwander Turbenweg 2 3073 G\u00fcmligen Tel.: 031 952 62 52 <a href=\"mailto:info@apo.ch\">info@apo.ch<\/a> <a href=\"http:\/\/www.apotheke.ch\/guemligen\">www.apotheke.ch\/guemlingen<\/a> <\/p>\n<\/div><\/section>\n<\/div><\/div>\n<style type=\"text\/css\" data-created_by=\"avia_inline_auto\" id=\"style-css-av-tf5cto-69097998ea736468281781e24f175e46\">\n.flex_cell.av-tf5cto-69097998ea736468281781e24f175e46{\nvertical-align:top;\n}\n.responsive #top #wrap_all .flex_cell.av-tf5cto-69097998ea736468281781e24f175e46{\npadding:40px 10px 40px 40px !important;\n}\n<\/style>\n<div class='flex_cell av-tf5cto-69097998ea736468281781e24f175e46 av-gridrow-cell av_one_fourth no_margin  avia-builder-el-154  el_after_av_cell_one_fourth  el_before_av_cell_one_fourth '  ><div class='flex_cell_inner'><\/div><\/div>\n<style type=\"text\/css\" data-created_by=\"avia_inline_auto\" id=\"style-css-av-5da8bw-02d468ac863b0d27294d8ea1a6d8b638\">\n.flex_cell.av-5da8bw-02d468ac863b0d27294d8ea1a6d8b638{\nvertical-align:top;\n}\n.responsive #top #wrap_all .flex_cell.av-5da8bw-02d468ac863b0d27294d8ea1a6d8b638{\npadding:30px 30px 30px 30px !important;\n}\n<\/style>\n<div class='flex_cell av-5da8bw-02d468ac863b0d27294d8ea1a6d8b638 av-gridrow-cell av_one_fourth no_margin  avia-builder-el-155  el_after_av_cell_one_fourth  avia-builder-el-last '  ><div class='flex_cell_inner'><\/div><\/div>\n<\/div>\n<div id='av-layout-grid-19'  class='av-layout-grid-container av-14u2b4c-d3e02b048e5f69916292c547f645f5c4 entry-content-wrapper main_color av-border-cells av-flex-cells  avia-builder-el-156  el_after_av_layout_row  el_before_av_layout_row  grid-row-not-first  container_wrap fullsize'  >\n\n<style type=\"text\/css\" data-created_by=\"avia_inline_auto\" id=\"style-css-av-13klnd8-9d1a2f3fe845da8bffd6580d2a92a669\">\n.flex_cell.av-13klnd8-9d1a2f3fe845da8bffd6580d2a92a669{\nvertical-align:top;\n}\n.responsive #top #wrap_all .flex_cell.av-13klnd8-9d1a2f3fe845da8bffd6580d2a92a669{\npadding:40px 10px 40px 40px !important;\n}\n<\/style>\n<div class='flex_cell av-13klnd8-9d1a2f3fe845da8bffd6580d2a92a669 av-gridrow-cell av_one_fourth no_margin  avia-builder-el-157  el_before_av_cell_one_fourth  avia-builder-el-first '  ><div class='flex_cell_inner'>\n<style type=\"text\/css\" data-created_by=\"avia_inline_auto\" id=\"style-css-av-qsx2ws-45f0a5427243eeda00f671d817418297\">\n#top .av_textblock_section.av-qsx2ws-45f0a5427243eeda00f671d817418297 .avia_textblock{\nfont-size:14px;\n}\n<\/style>\n<section  class='av_textblock_section av-qsx2ws-45f0a5427243eeda00f671d817418297 '   itemscope=\"itemscope\" itemtype=\"https:\/\/schema.org\/CreativeWork\" ><div class='avia_textblock'  itemprop=\"text\" ><h4>H\u00e4gendorf:<\/h4>\n<p><strong>TopPharm Apotheke H\u00e4gendorf <\/strong>Sofia Gschwind Solothurnerstrasse 1 4614 H\u00e4gendorf Tel.: 062 209 60 50 <a href=\"mailto:info@apo-dro.ch\">info@apo-dro.ch<\/a> <a href=\"http:\/\/www.apotheke.ch\/haegendorf\" target=\"_blank\" rel=\"noopener noreferrer\">www.apotheke.ch\/haegendorf<\/a> <\/p>\n<\/div><\/section>\n<\/div><\/div>\n<style type=\"text\/css\" data-created_by=\"avia_inline_auto\" id=\"style-css-av-zk1698-9d5883bf61a17a9888ac807a61c70319\">\n.flex_cell.av-zk1698-9d5883bf61a17a9888ac807a61c70319{\nvertical-align:top;\n}\n.responsive #top #wrap_all .flex_cell.av-zk1698-9d5883bf61a17a9888ac807a61c70319{\npadding:40px 10px 40px 40px !important;\n}\n<\/style>\n<div class='flex_cell av-zk1698-9d5883bf61a17a9888ac807a61c70319 av-gridrow-cell av_one_fourth no_margin  avia-builder-el-159  el_after_av_cell_one_fourth  el_before_av_cell_one_fourth '  ><div class='flex_cell_inner'>\n<style type=\"text\/css\" data-created_by=\"avia_inline_auto\" id=\"style-css-av-qsx2ws-45f0a5427243eeda00f671d817418297\">\n#top .av_textblock_section.av-qsx2ws-45f0a5427243eeda00f671d817418297 .avia_textblock{\nfont-size:14px;\n}\n<\/style>\n<section  class='av_textblock_section av-qsx2ws-45f0a5427243eeda00f671d817418297 '   itemscope=\"itemscope\" itemtype=\"https:\/\/schema.org\/CreativeWork\" ><div class='avia_textblock'  itemprop=\"text\" ><h4>Hinwil:<\/h4>\n<p><strong>TopPharm Apotheke Hinwil<\/strong> Christine Meyer-Gerstl Z\u00fcrichstrasse 27 8340 Hinwil Tel.: 044 937 38 72 <a href=\"mailto:info@apohinwil.ch\">info@apohinwil.ch<\/a> <a href=\"http:\/\/www.apotheke.ch\/hinwil\" target=\"_blank\" rel=\"noopener noreferrer\">www.apotheke.ch\/hinwil<\/a> <\/p>\n<\/div><\/section>\n<\/div><\/div>\n<style type=\"text\/css\" data-created_by=\"avia_inline_auto\" id=\"style-css-av-w6m8v0-98a43fee253c9d66456558a0968b33d9\">\n.flex_cell.av-w6m8v0-98a43fee253c9d66456558a0968b33d9{\nvertical-align:top;\n}\n.responsive #top #wrap_all .flex_cell.av-w6m8v0-98a43fee253c9d66456558a0968b33d9{\npadding:40px 10px 40px 40px !important;\n}\n<\/style>\n<div class='flex_cell av-w6m8v0-98a43fee253c9d66456558a0968b33d9 av-gridrow-cell av_one_fourth no_margin  avia-builder-el-161  el_after_av_cell_one_fourth  el_before_av_cell_one_fourth '  ><div class='flex_cell_inner'>\n<style type=\"text\/css\" data-created_by=\"avia_inline_auto\" id=\"style-css-av-qsx2ws-45f0a5427243eeda00f671d817418297\">\n#top .av_textblock_section.av-qsx2ws-45f0a5427243eeda00f671d817418297 .avia_textblock{\nfont-size:14px;\n}\n<\/style>\n<section  class='av_textblock_section av-qsx2ws-45f0a5427243eeda00f671d817418297 '   itemscope=\"itemscope\" itemtype=\"https:\/\/schema.org\/CreativeWork\" ><div class='avia_textblock'  itemprop=\"text\" ><h4>Hochdorf:<\/h4>\n<p><strong>TopPharm Vitaluce Apotheke <\/strong>Michael Maunz Bankstrasse 4 6280 Hochdorf Tel.: 041 910 66 60 <a href=\"mailto:vitaluce-apotheke@ovan.ch\">vitaluce-apotheke@ovan.ch<\/a> <a href=\"http:\/\/www.apotheke.ch\/maunz\" target=\"_blank\" rel=\"noopener noreferrer\">www.apotheke.ch\/maunz<\/a> <\/p>\n<\/div><\/section>\n<\/div><\/div>\n<style type=\"text\/css\" data-created_by=\"avia_inline_auto\" id=\"style-css-av-tf5cto-69097998ea736468281781e24f175e46\">\n.flex_cell.av-tf5cto-69097998ea736468281781e24f175e46{\nvertical-align:top;\n}\n.responsive #top #wrap_all .flex_cell.av-tf5cto-69097998ea736468281781e24f175e46{\npadding:40px 10px 40px 40px !important;\n}\n<\/style>\n<div class='flex_cell av-tf5cto-69097998ea736468281781e24f175e46 av-gridrow-cell av_one_fourth no_margin  avia-builder-el-163  el_after_av_cell_one_fourth  avia-builder-el-last '  ><div class='flex_cell_inner'>\n<style type=\"text\/css\" data-created_by=\"avia_inline_auto\" id=\"style-css-av-114rzx8-478b29bb38680a07ab4b33572af9e409\">\n#top .av_textblock_section.av-114rzx8-478b29bb38680a07ab4b33572af9e409 .avia_textblock{\nfont-size:14px;\n}\n<\/style>\n<section  class='av_textblock_section av-114rzx8-478b29bb38680a07ab4b33572af9e409 '   itemscope=\"itemscope\" itemtype=\"https:\/\/schema.org\/CreativeWork\" ><div class='avia_textblock'  itemprop=\"text\" ><h4 style=\"margin-bottom: 10px;\">Horgen:<\/h4>\n<p><strong>TopPharm Apotheke zum Erzberg<\/strong> Yvonne Kr\u00e4nzlin Zugerstrasse\u00a027 8810 Horgen Tel.:\u00a0044\u00a0725\u00a044\u00a035 <a href=\"mailto:info@apotheke-erzberg.ch\">info@apotheke-erzberg.ch<\/a> <a href=\"http:\/\/www.apotheke-erzberg.ch\" target=\"_blank\" rel=\"noopener noreferrer\">www.apotheke-erzberg.ch<\/a> <img loading=\"lazy\" decoding=\"async\" class=\"alignnone size-full wp-image-3730\" src=\"https:\/\/asthma-check.ch\/wp-content\/uploads\/Logo_AA.png\" alt=\"\" width=\"180\" height=\"23\" \/> <\/p>\n<\/div><\/section>\n<\/div><\/div>\n<\/div>\n<div id='av-layout-grid-20'  class='av-layout-grid-container av-14u2b4c-d3e02b048e5f69916292c547f645f5c4 entry-content-wrapper main_color av-border-cells av-flex-cells  avia-builder-el-165  el_after_av_layout_row  el_before_av_layout_row  grid-row-not-first  container_wrap fullsize'  >\n\n<style type=\"text\/css\" data-created_by=\"avia_inline_auto\" id=\"style-css-av-13klnd8-9d1a2f3fe845da8bffd6580d2a92a669\">\n.flex_cell.av-13klnd8-9d1a2f3fe845da8bffd6580d2a92a669{\nvertical-align:top;\n}\n.responsive #top #wrap_all .flex_cell.av-13klnd8-9d1a2f3fe845da8bffd6580d2a92a669{\npadding:40px 10px 40px 40px !important;\n}\n<\/style>\n<div class='flex_cell av-13klnd8-9d1a2f3fe845da8bffd6580d2a92a669 av-gridrow-cell av_one_fourth no_margin  avia-builder-el-166  el_before_av_cell_one_fourth  avia-builder-el-first '  ><div class='flex_cell_inner'>\n<style type=\"text\/css\" data-created_by=\"avia_inline_auto\" id=\"style-css-av-qsx2ws-45f0a5427243eeda00f671d817418297\">\n#top .av_textblock_section.av-qsx2ws-45f0a5427243eeda00f671d817418297 .avia_textblock{\nfont-size:14px;\n}\n<\/style>\n<section  class='av_textblock_section av-qsx2ws-45f0a5427243eeda00f671d817418297 '   itemscope=\"itemscope\" itemtype=\"https:\/\/schema.org\/CreativeWork\" ><div class='avia_textblock'  itemprop=\"text\" ><h4>Hunzenschwil:<\/h4>\n<p><strong>TopPharm Apotheke &#038; Drogerie Brentano <\/strong>Dominique Brentano Hauptstrasse 7 5502 Hunzenschwil Tel.: 062 897 41 41 <a href=\"mailto:hunzenschwil@apothekebrentano.ch\">hunzenschwil@apothekebrentano.ch<\/a> <a href=\"http:\/\/www.apotheke.ch\/brentano-hunzenschwil\" target=\"_blank\" rel=\"noopener noreferrer\">www.apotheke.ch\/brentano-hunzenschwil<\/a> <\/p>\n<\/div><\/section>\n<\/div><\/div>\n<style type=\"text\/css\" data-created_by=\"avia_inline_auto\" id=\"style-css-av-zk1698-9d5883bf61a17a9888ac807a61c70319\">\n.flex_cell.av-zk1698-9d5883bf61a17a9888ac807a61c70319{\nvertical-align:top;\n}\n.responsive #top #wrap_all .flex_cell.av-zk1698-9d5883bf61a17a9888ac807a61c70319{\npadding:40px 10px 40px 40px !important;\n}\n<\/style>\n<div class='flex_cell av-zk1698-9d5883bf61a17a9888ac807a61c70319 av-gridrow-cell av_one_fourth no_margin  avia-builder-el-168  el_after_av_cell_one_fourth  el_before_av_cell_one_fourth '  ><div class='flex_cell_inner'><\/div><\/div>\n<style type=\"text\/css\" data-created_by=\"avia_inline_auto\" id=\"style-css-av-w6m8v0-98a43fee253c9d66456558a0968b33d9\">\n.flex_cell.av-w6m8v0-98a43fee253c9d66456558a0968b33d9{\nvertical-align:top;\n}\n.responsive #top #wrap_all .flex_cell.av-w6m8v0-98a43fee253c9d66456558a0968b33d9{\npadding:40px 10px 40px 40px !important;\n}\n<\/style>\n<div class='flex_cell av-w6m8v0-98a43fee253c9d66456558a0968b33d9 av-gridrow-cell av_one_fourth no_margin  avia-builder-el-169  el_after_av_cell_one_fourth  el_before_av_cell_one_fourth '  ><div class='flex_cell_inner'><\/div><\/div>\n<style type=\"text\/css\" data-created_by=\"avia_inline_auto\" id=\"style-css-av-tf5cto-69097998ea736468281781e24f175e46\">\n.flex_cell.av-tf5cto-69097998ea736468281781e24f175e46{\nvertical-align:top;\n}\n.responsive #top #wrap_all .flex_cell.av-tf5cto-69097998ea736468281781e24f175e46{\npadding:40px 10px 40px 40px !important;\n}\n<\/style>\n<div class='flex_cell av-tf5cto-69097998ea736468281781e24f175e46 av-gridrow-cell av_one_fourth no_margin  avia-builder-el-170  el_after_av_cell_one_fourth  avia-builder-el-last '  ><div class='flex_cell_inner'><\/div><\/div>\n<\/div>\n<div id='av-layout-grid-21'  class='av-layout-grid-container av-14u2b4c-d3e02b048e5f69916292c547f645f5c4 entry-content-wrapper main_color av-border-cells av-flex-cells  avia-builder-el-171  el_after_av_layout_row  el_before_av_layout_row  grid-row-not-first  container_wrap fullsize'  >\n\n<style type=\"text\/css\" data-created_by=\"avia_inline_auto\" id=\"style-css-av-13klnd8-9d1a2f3fe845da8bffd6580d2a92a669\">\n.flex_cell.av-13klnd8-9d1a2f3fe845da8bffd6580d2a92a669{\nvertical-align:top;\n}\n.responsive #top #wrap_all .flex_cell.av-13klnd8-9d1a2f3fe845da8bffd6580d2a92a669{\npadding:40px 10px 40px 40px !important;\n}\n<\/style>\n<div class='flex_cell av-13klnd8-9d1a2f3fe845da8bffd6580d2a92a669 av-gridrow-cell av_one_fourth no_margin  avia-builder-el-172  el_before_av_cell_one_fourth  avia-builder-el-first '  ><div class='flex_cell_inner'>\n<style type=\"text\/css\" data-created_by=\"avia_inline_auto\" id=\"style-css-av-ca0zw-6ab7efa587e90f893c311d1e27d31997\">\n#top .av_textblock_section.av-ca0zw-6ab7efa587e90f893c311d1e27d31997 .avia_textblock{\nfont-size:14px;\n}\n<\/style>\n<section  class='av_textblock_section av-ca0zw-6ab7efa587e90f893c311d1e27d31997 '   itemscope=\"itemscope\" itemtype=\"https:\/\/schema.org\/CreativeWork\" ><div class='avia_textblock'  itemprop=\"text\" ><h4 style=\"margin-bottom: 10px;\">Interlaken:<\/h4>\n<p><strong>Apotheke Dr. Portmann AG <\/strong>Peter Portmann H\u00f6heweg 4 3800 Interlaken Tel.:\u00a0033 828 34 34 <a href=\"mailto:info@portmann.ch\">info@portmann.ch<\/a> <a href=\"http:\/\/www.portmann.ch\">www.portmann.ch<\/a> <\/p>\n<\/div><\/section>\n<\/div><\/div>\n<style type=\"text\/css\" data-created_by=\"avia_inline_auto\" id=\"style-css-av-w6m8v0-98a43fee253c9d66456558a0968b33d9\">\n.flex_cell.av-w6m8v0-98a43fee253c9d66456558a0968b33d9{\nvertical-align:top;\n}\n.responsive #top #wrap_all .flex_cell.av-w6m8v0-98a43fee253c9d66456558a0968b33d9{\npadding:40px 10px 40px 40px !important;\n}\n<\/style>\n<div class='flex_cell av-w6m8v0-98a43fee253c9d66456558a0968b33d9 av-gridrow-cell av_one_fourth no_margin  avia-builder-el-174  el_after_av_cell_one_fourth  el_before_av_cell_one_fourth '  ><div class='flex_cell_inner'>\n<style type=\"text\/css\" data-created_by=\"avia_inline_auto\" id=\"style-css-av-qsx2ws-f58bf2b5b1d60319547cef0b980fa5dd\">\n#top .av_textblock_section.av-qsx2ws-f58bf2b5b1d60319547cef0b980fa5dd .avia_textblock{\nfont-size:16px;\n}\n<\/style>\n<section  class='av_textblock_section av-qsx2ws-f58bf2b5b1d60319547cef0b980fa5dd '   itemscope=\"itemscope\" itemtype=\"https:\/\/schema.org\/CreativeWork\" ><div class='avia_textblock'  itemprop=\"text\" ><h4>Ittigen:<\/h4>\n<p><strong>TopPharm Apotheke &#038; Ittigen <\/strong>Brigitte Fankhauser Talgut-Zentrum 5 3063 Ittigen Tel.: 031 921 08 00 <a href=\"mailto:info@apotheke-ittigen.ch\">info@apotheke-ittigen.ch<\/a> <a href=\"http:\/\/www.apotheke.ch\/ittigen\" target=\"_blank\" rel=\"noopener noreferrer\">www.apotheke.ch\/ittigen<\/a> <\/p>\n<\/div><\/section>\n<\/div><\/div>\n<style type=\"text\/css\" data-created_by=\"avia_inline_auto\" id=\"style-css-av-tf5cto-69097998ea736468281781e24f175e46\">\n.flex_cell.av-tf5cto-69097998ea736468281781e24f175e46{\nvertical-align:top;\n}\n.responsive #top #wrap_all .flex_cell.av-tf5cto-69097998ea736468281781e24f175e46{\npadding:40px 10px 40px 40px !important;\n}\n<\/style>\n<div class='flex_cell av-tf5cto-69097998ea736468281781e24f175e46 av-gridrow-cell av_one_fourth no_margin  avia-builder-el-176  el_after_av_cell_one_fourth  el_before_av_cell_one_fourth '  ><div class='flex_cell_inner'>\n<style type=\"text\/css\" data-created_by=\"avia_inline_auto\" id=\"style-css-av-u54xdo-4678566a96158a7dfa93b04d115c8642\">\n#top .av_textblock_section.av-u54xdo-4678566a96158a7dfa93b04d115c8642 .avia_textblock{\nfont-size:14px;\n}\n<\/style>\n<section  class='av_textblock_section av-u54xdo-4678566a96158a7dfa93b04d115c8642 '   itemscope=\"itemscope\" itemtype=\"https:\/\/schema.org\/CreativeWork\" ><div class='avia_textblock'  itemprop=\"text\" ><h4>Kaiseraugst:<\/h4>\n<p><strong>Lindenapotheke Liebr\u00fcti<\/strong> Raffaela Paternostro Liebr\u00fctistrasse 39 4303 Kaiseraugst Tel.: 061 811 44 52 <a href=\"mailto:kaiseraugst@lindenapo.ch\">kaiseraugst@lindenapo.ch<\/a> <a href=\"http:\/\/www.lindenapo.ch\" target=\"_blank\" rel=\"noopener noreferrer\">www.lindenapo.ch<\/a> <\/p>\n<\/div><\/section>\n<\/div><\/div>\n<style type=\"text\/css\" data-created_by=\"avia_inline_auto\" id=\"style-css-av-2zxyh8-ce621d998d7171f14a7d6f6942f9a41f\">\n.flex_cell.av-2zxyh8-ce621d998d7171f14a7d6f6942f9a41f{\nvertical-align:top;\n}\n.responsive #top #wrap_all .flex_cell.av-2zxyh8-ce621d998d7171f14a7d6f6942f9a41f{\npadding:30px 30px 30px 30px !important;\n}\n<\/style>\n<div class='flex_cell av-2zxyh8-ce621d998d7171f14a7d6f6942f9a41f av-gridrow-cell av_one_fourth no_margin  avia-builder-el-178  el_after_av_cell_one_fourth  avia-builder-el-last '  ><div class='flex_cell_inner'>\n<style type=\"text\/css\" data-created_by=\"avia_inline_auto\" id=\"style-css-av-u54xdo-4678566a96158a7dfa93b04d115c8642\">\n#top .av_textblock_section.av-u54xdo-4678566a96158a7dfa93b04d115c8642 .avia_textblock{\nfont-size:14px;\n}\n<\/style>\n<section  class='av_textblock_section av-u54xdo-4678566a96158a7dfa93b04d115c8642 '   itemscope=\"itemscope\" itemtype=\"https:\/\/schema.org\/CreativeWork\" ><div class='avia_textblock'  itemprop=\"text\" ><h4>Kirchberg:<\/h4>\n<p><strong>TopPharm Apotheke Schr\u00f6ter Kirchberg<\/strong> Michael Schr\u00f6ter Z\u00fcrichstrasse 1 3422 Kirchberg Tel.: 034 445 48 48 <a href=\"mailto:info@apothekekirchberg.ch\">info@apothekekirchberg.ch<\/a> <a href=\"http:\/\/www.apotheke.ch\/kirchberg\" target=\"_blank\" rel=\"noopener noreferrer\">www.apotheke.ch\/kirchberg<\/a> <\/p>\n<\/div><\/section>\n<\/div><\/div>\n<\/div>\n<div id='av-layout-grid-22'  class='av-layout-grid-container av-14u2b4c-d3e02b048e5f69916292c547f645f5c4 entry-content-wrapper main_color av-border-cells av-flex-cells  avia-builder-el-180  el_after_av_layout_row  el_before_av_layout_row  grid-row-not-first  container_wrap fullsize'  >\n\n<style type=\"text\/css\" data-created_by=\"avia_inline_auto\" id=\"style-css-av-13klnd8-9d1a2f3fe845da8bffd6580d2a92a669\">\n.flex_cell.av-13klnd8-9d1a2f3fe845da8bffd6580d2a92a669{\nvertical-align:top;\n}\n.responsive #top #wrap_all .flex_cell.av-13klnd8-9d1a2f3fe845da8bffd6580d2a92a669{\npadding:40px 10px 40px 40px !important;\n}\n<\/style>\n<div class='flex_cell av-13klnd8-9d1a2f3fe845da8bffd6580d2a92a669 av-gridrow-cell av_one_fourth no_margin  avia-builder-el-181  el_before_av_cell_one_fourth  avia-builder-el-first '  ><div class='flex_cell_inner'>\n<style type=\"text\/css\" data-created_by=\"avia_inline_auto\" id=\"style-css-av-u54xdo-4678566a96158a7dfa93b04d115c8642\">\n#top .av_textblock_section.av-u54xdo-4678566a96158a7dfa93b04d115c8642 .avia_textblock{\nfont-size:14px;\n}\n<\/style>\n<section  class='av_textblock_section av-u54xdo-4678566a96158a7dfa93b04d115c8642 '   itemscope=\"itemscope\" itemtype=\"https:\/\/schema.org\/CreativeWork\" ><div class='avia_textblock'  itemprop=\"text\" ><h4>K\u00f6lliken:<\/h4>\n<p><strong>TopPharm Apotheke K\u00f6lliken<\/strong> Marianne Hoop Hauptstrasse\u00a035 5742 K\u00f6lliken Tel.: +41\u00a062\u00a0723\u00a082\u00a043 <a href=\"mailto:apotheke-koelliken@bluewin.ch\">apotheke-koelliken@bluewin.ch<\/a> <a href=\"http:\/\/www.koelliken.apotheke.ch\/\" target=\"_blank\" rel=\"noopener noreferrer\">www.koelliken.apotheke.ch<\/a> <\/p>\n<\/div><\/section>\n<\/div><\/div>\n<style type=\"text\/css\" data-created_by=\"avia_inline_auto\" id=\"style-css-av-zk1698-9d5883bf61a17a9888ac807a61c70319\">\n.flex_cell.av-zk1698-9d5883bf61a17a9888ac807a61c70319{\nvertical-align:top;\n}\n.responsive #top #wrap_all .flex_cell.av-zk1698-9d5883bf61a17a9888ac807a61c70319{\npadding:40px 10px 40px 40px !important;\n}\n<\/style>\n<div class='flex_cell av-zk1698-9d5883bf61a17a9888ac807a61c70319 av-gridrow-cell av_one_fourth no_margin  avia-builder-el-183  el_after_av_cell_one_fourth  el_before_av_cell_one_fourth '  ><div class='flex_cell_inner'>\n<style type=\"text\/css\" data-created_by=\"avia_inline_auto\" id=\"style-css-av-qsx2ws-45f0a5427243eeda00f671d817418297\">\n#top .av_textblock_section.av-qsx2ws-45f0a5427243eeda00f671d817418297 .avia_textblock{\nfont-size:14px;\n}\n<\/style>\n<section  class='av_textblock_section av-qsx2ws-45f0a5427243eeda00f671d817418297 '   itemscope=\"itemscope\" itemtype=\"https:\/\/schema.org\/CreativeWork\" ><div class='avia_textblock'  itemprop=\"text\" ><h4>K\u00fcsnacht:<\/h4>\n<p><strong>Apotheke Hotz<\/strong> Barbara Bretscher Z\u00fcrichstrasse 176 8700\u00a0K\u00fcsnacht Tel.: 044\u00a0910\u00a00404 <a href=\"mailto:info@apotheke-hotz.ch\">info@apotheke-hotz.ch<\/a> <a href=\"http:\/\/www.apotheke-hotz.ch\/\" target=\"_blank\" rel=\"noopener noreferrer\">www.apotheke-hotz.ch<\/a> <\/p>\n<\/div><\/section>\n<\/div><\/div>\n<style type=\"text\/css\" data-created_by=\"avia_inline_auto\" id=\"style-css-av-w6m8v0-98a43fee253c9d66456558a0968b33d9\">\n.flex_cell.av-w6m8v0-98a43fee253c9d66456558a0968b33d9{\nvertical-align:top;\n}\n.responsive #top #wrap_all .flex_cell.av-w6m8v0-98a43fee253c9d66456558a0968b33d9{\npadding:40px 10px 40px 40px !important;\n}\n<\/style>\n<div class='flex_cell av-w6m8v0-98a43fee253c9d66456558a0968b33d9 av-gridrow-cell av_one_fourth no_margin  avia-builder-el-185  el_after_av_cell_one_fourth  el_before_av_cell_one_fourth '  ><div class='flex_cell_inner'>\n<style type=\"text\/css\" data-created_by=\"avia_inline_auto\" id=\"style-css-av-114rzx8-478b29bb38680a07ab4b33572af9e409\">\n#top .av_textblock_section.av-114rzx8-478b29bb38680a07ab4b33572af9e409 .avia_textblock{\nfont-size:14px;\n}\n<\/style>\n<section  class='av_textblock_section av-114rzx8-478b29bb38680a07ab4b33572af9e409 '   itemscope=\"itemscope\" itemtype=\"https:\/\/schema.org\/CreativeWork\" ><div class='avia_textblock'  itemprop=\"text\" ><h4>K\u00fcttigen:<\/h4>\n<p><strong>TopPharm Apotheke K\u00fcttigen<\/strong> Silvana Wenzinger Hauptstrasse\u00a025 5024 K\u00fcttigen Tel.: 062\u00a0839\u00a000\u00a077 <a href=\"mailto:info@apo5024.ch\">info@apo5024.ch<\/a> <a href=\"https:\/\/www.apotheke.ch\/kuettigen\" target=\"_blank\" rel=\"noopener noreferrer\">www.apotheke.ch\/kuettigen<\/a> <\/p>\n<\/div><\/section>\n<\/div><\/div>\n<style type=\"text\/css\" data-created_by=\"avia_inline_auto\" id=\"style-css-av-tf5cto-69097998ea736468281781e24f175e46\">\n.flex_cell.av-tf5cto-69097998ea736468281781e24f175e46{\nvertical-align:top;\n}\n.responsive #top #wrap_all .flex_cell.av-tf5cto-69097998ea736468281781e24f175e46{\npadding:40px 10px 40px 40px !important;\n}\n<\/style>\n<div class='flex_cell av-tf5cto-69097998ea736468281781e24f175e46 av-gridrow-cell av_one_fourth no_margin  avia-builder-el-187  el_after_av_cell_one_fourth  avia-builder-el-last '  ><div class='flex_cell_inner'><\/div><\/div>\n<\/div>\n<div id='av-layout-grid-23'  class='av-layout-grid-container av-14u2b4c-d3e02b048e5f69916292c547f645f5c4 entry-content-wrapper main_color av-border-cells av-flex-cells  avia-builder-el-188  el_after_av_layout_row  el_before_av_layout_row  grid-row-not-first  container_wrap fullsize'  >\n\n<style type=\"text\/css\" data-created_by=\"avia_inline_auto\" id=\"style-css-av-13klnd8-9d1a2f3fe845da8bffd6580d2a92a669\">\n.flex_cell.av-13klnd8-9d1a2f3fe845da8bffd6580d2a92a669{\nvertical-align:top;\n}\n.responsive #top #wrap_all .flex_cell.av-13klnd8-9d1a2f3fe845da8bffd6580d2a92a669{\npadding:40px 10px 40px 40px !important;\n}\n<\/style>\n<div class='flex_cell av-13klnd8-9d1a2f3fe845da8bffd6580d2a92a669 av-gridrow-cell av_one_fourth no_margin  avia-builder-el-189  el_before_av_cell_one_fourth  avia-builder-el-first '  ><div class='flex_cell_inner'>\n<style type=\"text\/css\" data-created_by=\"avia_inline_auto\" id=\"style-css-av-114rzx8-a619d860e9ee34564ff2e57739778adf\">\n#top .av_textblock_section.av-114rzx8-a619d860e9ee34564ff2e57739778adf .avia_textblock{\nfont-size:14px;\n}\n<\/style>\n<section  class='av_textblock_section av-114rzx8-a619d860e9ee34564ff2e57739778adf '   itemscope=\"itemscope\" itemtype=\"https:\/\/schema.org\/CreativeWork\" ><div class='avia_textblock'  itemprop=\"text\" ><h4>Laupen:<\/h4>\n<p><strong>TopPharm SchlossApotheke &#8211; Stedtli<\/strong> Karin Geissb\u00fchler Marktgasse 10 3177 Laupen Tel.: 031 747 30 30 <a href=\"mailto:schlossapo.laupen@ovan.ch\">schlossapo.laupen@ovan.ch<\/a> <a href=\"https:\/\/www.apotheke.ch\/schloss-stedtli\" target=\"_blank\" rel=\"noopener noreferrer\">www.apotheke.ch\/schloss-stedtli<\/a> <\/p>\n<\/div><\/section>\n<\/div><\/div>\n<style type=\"text\/css\" data-created_by=\"avia_inline_auto\" id=\"style-css-av-zk1698-9d5883bf61a17a9888ac807a61c70319\">\n.flex_cell.av-zk1698-9d5883bf61a17a9888ac807a61c70319{\nvertical-align:top;\n}\n.responsive #top #wrap_all .flex_cell.av-zk1698-9d5883bf61a17a9888ac807a61c70319{\npadding:40px 10px 40px 40px !important;\n}\n<\/style>\n<div class='flex_cell av-zk1698-9d5883bf61a17a9888ac807a61c70319 av-gridrow-cell av_one_fourth no_margin  avia-builder-el-191  el_after_av_cell_one_fourth  el_before_av_cell_one_fourth '  ><div class='flex_cell_inner'>\n<style type=\"text\/css\" data-created_by=\"avia_inline_auto\" id=\"style-css-av-114rzx8-a619d860e9ee34564ff2e57739778adf\">\n#top .av_textblock_section.av-114rzx8-a619d860e9ee34564ff2e57739778adf .avia_textblock{\nfont-size:14px;\n}\n<\/style>\n<section  class='av_textblock_section av-114rzx8-a619d860e9ee34564ff2e57739778adf '   itemscope=\"itemscope\" itemtype=\"https:\/\/schema.org\/CreativeWork\" ><div class='avia_textblock'  itemprop=\"text\" ><h4>Laupen:<\/h4>\n<p><strong>TopPharm SchlossApotheke &#8211; PolyCenter<\/strong> Ilona Zehnder Bahnweg 2 3177 Laupen Tel.: 031 747 30 00 <a href=\"mailto:schlossapo.poly@ovan.ch\">schlossapo.poly@ovan.ch<\/a> <a href=\"https:\/\/www.apotheke.ch\/schloss-polycenter\" target=\"_blank\" rel=\"noopener noreferrer\">www.apotheke.ch\/schloss-polycenter<\/a> <\/p>\n<\/div><\/section>\n<\/div><\/div>\n<style type=\"text\/css\" data-created_by=\"avia_inline_auto\" id=\"style-css-av-w6m8v0-98a43fee253c9d66456558a0968b33d9\">\n.flex_cell.av-w6m8v0-98a43fee253c9d66456558a0968b33d9{\nvertical-align:top;\n}\n.responsive #top #wrap_all .flex_cell.av-w6m8v0-98a43fee253c9d66456558a0968b33d9{\npadding:40px 10px 40px 40px !important;\n}\n<\/style>\n<div class='flex_cell av-w6m8v0-98a43fee253c9d66456558a0968b33d9 av-gridrow-cell av_one_fourth no_margin  avia-builder-el-193  el_after_av_cell_one_fourth  el_before_av_cell_one_fourth '  ><div class='flex_cell_inner'>\n<style type=\"text\/css\" data-created_by=\"avia_inline_auto\" id=\"style-css-av-114rzx8-478b29bb38680a07ab4b33572af9e409\">\n#top .av_textblock_section.av-114rzx8-478b29bb38680a07ab4b33572af9e409 .avia_textblock{\nfont-size:14px;\n}\n<\/style>\n<section  class='av_textblock_section av-114rzx8-478b29bb38680a07ab4b33572af9e409 '   itemscope=\"itemscope\" itemtype=\"https:\/\/schema.org\/CreativeWork\" ><div class='avia_textblock'  itemprop=\"text\" ><h4>Lenzburg:<\/h4>\n<p><strong>TopPharm R\u00f6mer Apotheke<\/strong> Elisabeth Schmid-Huber Aavorstadt 8 5600 Lenzburg Tel.: 062 891 29 51 <a href=\"mailto:roemer-apotheke@bluewin.ch\"> roemer-apotheke@bluewin.ch<\/a> <a href=\"http:\/\/www.apotheke.ch\/roemer-lenzburg\" target=\"_blank\" rel=\"noopener noreferrer\">www.apotheke.ch\/roemer-lenzburg<\/a> <\/p>\n<\/div><\/section>\n<\/div><\/div>\n<style type=\"text\/css\" data-created_by=\"avia_inline_auto\" id=\"style-css-av-tf5cto-69097998ea736468281781e24f175e46\">\n.flex_cell.av-tf5cto-69097998ea736468281781e24f175e46{\nvertical-align:top;\n}\n.responsive #top #wrap_all .flex_cell.av-tf5cto-69097998ea736468281781e24f175e46{\npadding:40px 10px 40px 40px !important;\n}\n<\/style>\n<div class='flex_cell av-tf5cto-69097998ea736468281781e24f175e46 av-gridrow-cell av_one_fourth no_margin  avia-builder-el-195  el_after_av_cell_one_fourth  avia-builder-el-last '  ><div class='flex_cell_inner'>\n<style type=\"text\/css\" data-created_by=\"avia_inline_auto\" id=\"style-css-av-114rzx8-478b29bb38680a07ab4b33572af9e409\">\n#top .av_textblock_section.av-114rzx8-478b29bb38680a07ab4b33572af9e409 .avia_textblock{\nfont-size:14px;\n}\n<\/style>\n<section  class='av_textblock_section av-114rzx8-478b29bb38680a07ab4b33572af9e409 '   itemscope=\"itemscope\" itemtype=\"https:\/\/schema.org\/CreativeWork\" ><div class='avia_textblock'  itemprop=\"text\" ><h4>Leytron:<\/h4>\n<p><strong>Pharmacie de Leytron<\/strong> Maurice Gay des Combes Routte de Saillon 6 1912 Leytron Tel.: 027 306 52 66 <a href=\"mailto:pharmleytron@ovan.ch\"> pharmleytron@ovan.ch<\/a> <\/p>\n<\/div><\/section>\n<\/div><\/div>\n<\/div>\n<div id='av-layout-grid-24'  class='av-layout-grid-container av-14u2b4c-d3e02b048e5f69916292c547f645f5c4 entry-content-wrapper main_color av-border-cells av-flex-cells  avia-builder-el-197  el_after_av_layout_row  el_before_av_layout_row  grid-row-not-first  container_wrap fullsize'  >\n\n<style type=\"text\/css\" data-created_by=\"avia_inline_auto\" id=\"style-css-av-13klnd8-9d1a2f3fe845da8bffd6580d2a92a669\">\n.flex_cell.av-13klnd8-9d1a2f3fe845da8bffd6580d2a92a669{\nvertical-align:top;\n}\n.responsive #top #wrap_all .flex_cell.av-13klnd8-9d1a2f3fe845da8bffd6580d2a92a669{\npadding:40px 10px 40px 40px !important;\n}\n<\/style>\n<div class='flex_cell av-13klnd8-9d1a2f3fe845da8bffd6580d2a92a669 av-gridrow-cell av_one_fourth no_margin  avia-builder-el-198  el_before_av_cell_one_fourth  avia-builder-el-first '  ><div class='flex_cell_inner'>\n<style type=\"text\/css\" data-created_by=\"avia_inline_auto\" id=\"style-css-av-114rzx8-478b29bb38680a07ab4b33572af9e409\">\n#top .av_textblock_section.av-114rzx8-478b29bb38680a07ab4b33572af9e409 .avia_textblock{\nfont-size:14px;\n}\n<\/style>\n<section  class='av_textblock_section av-114rzx8-478b29bb38680a07ab4b33572af9e409 '   itemscope=\"itemscope\" itemtype=\"https:\/\/schema.org\/CreativeWork\" ><div class='avia_textblock'  itemprop=\"text\" ><h4>Liestal:<\/h4>\n<p><strong>TopPharm Studer Apotheke Altstadt<\/strong> Christian Bongartz Rathausstrasse 53 4410 Liestal Tel.: 061 605 90 60 <a href=\"mailto:altstadt@studer-apotheken.ch\">altstadt@studer-apotheken.ch<\/a> <a href=\"http:\/\/www.apotheke.ch\/studer-altstadt\" target=\"_blank\" rel=\"noopener noreferrer\">www.apotheke.ch\/studer-altstadt<\/a> <\/p>\n<\/div><\/section>\n<\/div><\/div>\n<style type=\"text\/css\" data-created_by=\"avia_inline_auto\" id=\"style-css-av-13klnd8-9d1a2f3fe845da8bffd6580d2a92a669\">\n.flex_cell.av-13klnd8-9d1a2f3fe845da8bffd6580d2a92a669{\nvertical-align:top;\n}\n.responsive #top #wrap_all .flex_cell.av-13klnd8-9d1a2f3fe845da8bffd6580d2a92a669{\npadding:40px 10px 40px 40px !important;\n}\n<\/style>\n<div class='flex_cell av-13klnd8-9d1a2f3fe845da8bffd6580d2a92a669 av-gridrow-cell av_one_fourth no_margin  avia-builder-el-200  el_after_av_cell_one_fourth  el_before_av_cell_one_fourth '  ><div class='flex_cell_inner'>\n<style type=\"text\/css\" data-created_by=\"avia_inline_auto\" id=\"style-css-av-114rzx8-478b29bb38680a07ab4b33572af9e409\">\n#top .av_textblock_section.av-114rzx8-478b29bb38680a07ab4b33572af9e409 .avia_textblock{\nfont-size:14px;\n}\n<\/style>\n<section  class='av_textblock_section av-114rzx8-478b29bb38680a07ab4b33572af9e409 '   itemscope=\"itemscope\" itemtype=\"https:\/\/schema.org\/CreativeWork\" ><div class='avia_textblock'  itemprop=\"text\" ><h4>Lugano:<\/h4>\n<p><strong>Farmacia Stadio<\/strong> Denise De Bonis Via Monte Boglia 5 6900 Lugano Tel. : 091 972 11 33 <a href=\"mailto:farmaciastadio@ovan.ch\">farmaciastadio@ovan.ch<\/a> <a href=\"http:\/\/www.farmaciastadio.ch\" target=\"_blank\" rel=\"noopener noreferrer\">www.farmaciastadio.ch<\/a> <\/p>\n<\/div><\/section>\n<\/div><\/div>\n<style type=\"text\/css\" data-created_by=\"avia_inline_auto\" id=\"style-css-av-w6m8v0-98a43fee253c9d66456558a0968b33d9\">\n.flex_cell.av-w6m8v0-98a43fee253c9d66456558a0968b33d9{\nvertical-align:top;\n}\n.responsive #top #wrap_all .flex_cell.av-w6m8v0-98a43fee253c9d66456558a0968b33d9{\npadding:40px 10px 40px 40px !important;\n}\n<\/style>\n<div class='flex_cell av-w6m8v0-98a43fee253c9d66456558a0968b33d9 av-gridrow-cell av_one_fourth no_margin  avia-builder-el-202  el_after_av_cell_one_fourth  el_before_av_cell_one_fourth '  ><div class='flex_cell_inner'>\n<style type=\"text\/css\" data-created_by=\"avia_inline_auto\" id=\"style-css-av-114rzx8-478b29bb38680a07ab4b33572af9e409\">\n#top .av_textblock_section.av-114rzx8-478b29bb38680a07ab4b33572af9e409 .avia_textblock{\nfont-size:14px;\n}\n<\/style>\n<section  class='av_textblock_section av-114rzx8-478b29bb38680a07ab4b33572af9e409 '   itemscope=\"itemscope\" itemtype=\"https:\/\/schema.org\/CreativeWork\" ><div class='avia_textblock'  itemprop=\"text\" ><h4>Luzern:<\/h4>\n<p><strong>TopPharm Apotheke &#038; Drogerie Ruopigen<\/strong> Anita Wampfler Ruopigen-Zentrum 6015 Luzern Tel.: 041 259 22 59 <a href=\"mailto:info@apotheke-ruopigen.ch\">info@apotheke-ruopigen.ch<\/a> <a href=\"http:\/\/www.apotheke.ch\/ruopigen\" target=\"_blank\" rel=\"noopener noreferrer\">www.apotheke.ch\/ruopigen<\/a> <\/p>\n<\/div><\/section>\n<\/div><\/div>\n<style type=\"text\/css\" data-created_by=\"avia_inline_auto\" id=\"style-css-av-tf5cto-69097998ea736468281781e24f175e46\">\n.flex_cell.av-tf5cto-69097998ea736468281781e24f175e46{\nvertical-align:top;\n}\n.responsive #top #wrap_all .flex_cell.av-tf5cto-69097998ea736468281781e24f175e46{\npadding:40px 10px 40px 40px !important;\n}\n<\/style>\n<div class='flex_cell av-tf5cto-69097998ea736468281781e24f175e46 av-gridrow-cell av_one_fourth no_margin  avia-builder-el-204  el_after_av_cell_one_fourth  avia-builder-el-last '  ><div class='flex_cell_inner'>\n<style type=\"text\/css\" data-created_by=\"avia_inline_auto\" id=\"style-css-av-114rzx8-478b29bb38680a07ab4b33572af9e409\">\n#top .av_textblock_section.av-114rzx8-478b29bb38680a07ab4b33572af9e409 .avia_textblock{\nfont-size:14px;\n}\n<\/style>\n<section  class='av_textblock_section av-114rzx8-478b29bb38680a07ab4b33572af9e409 '   itemscope=\"itemscope\" itemtype=\"https:\/\/schema.org\/CreativeWork\" ><div class='avia_textblock'  itemprop=\"text\" ><h4>Luzern:<\/h4>\n<p><strong>TopPharm Dr. Schmid`s See-Apotheke<\/strong> Dr. Balthasar Schmid Kapellplatz 10 6004 Luzern Tel.: 041 410 88 80 <a href=\"mailto:seeapotheke@drschmid.ch\">seeapotheke@drschmid.ch<\/a> <a href=\"http:\/\/www.apotheke.ch\/see\" target=\"_blank\" rel=\"noopener noreferrer\">www.apotheke.ch\/see<\/a> <\/p>\n<\/div><\/section>\n<\/div><\/div>\n<\/div>\n<div id='av-layout-grid-25'  class='av-layout-grid-container av-14u2b4c-d3e02b048e5f69916292c547f645f5c4 entry-content-wrapper main_color av-border-cells av-flex-cells  avia-builder-el-206  el_after_av_layout_row  el_before_av_layout_row  grid-row-not-first  container_wrap fullsize'  >\n\n<style type=\"text\/css\" data-created_by=\"avia_inline_auto\" id=\"style-css-av-13klnd8-9d1a2f3fe845da8bffd6580d2a92a669\">\n.flex_cell.av-13klnd8-9d1a2f3fe845da8bffd6580d2a92a669{\nvertical-align:top;\n}\n.responsive #top #wrap_all .flex_cell.av-13klnd8-9d1a2f3fe845da8bffd6580d2a92a669{\npadding:40px 10px 40px 40px !important;\n}\n<\/style>\n<div class='flex_cell av-13klnd8-9d1a2f3fe845da8bffd6580d2a92a669 av-gridrow-cell av_one_fourth no_margin  avia-builder-el-207  el_before_av_cell_one_fourth  avia-builder-el-first '  ><div class='flex_cell_inner'>\n<style type=\"text\/css\" data-created_by=\"avia_inline_auto\" id=\"style-css-av-114rzx8-478b29bb38680a07ab4b33572af9e409\">\n#top .av_textblock_section.av-114rzx8-478b29bb38680a07ab4b33572af9e409 .avia_textblock{\nfont-size:14px;\n}\n<\/style>\n<section  class='av_textblock_section av-114rzx8-478b29bb38680a07ab4b33572af9e409 '   itemscope=\"itemscope\" itemtype=\"https:\/\/schema.org\/CreativeWork\" ><div class='avia_textblock'  itemprop=\"text\" ><h4>Magden:<\/h4>\n<p><strong>TopPharm Hirschen Apotheke<\/strong> Gian Battista Camenisch Hirschenweg 1 4312 Magden Tel.: 061 841 28 77 <a href=\"mailto:info@hirschenapotheke.ch\">info@hirschenapotheke.ch<\/a> <a href=\"http:\/\/www.apotheke.ch\/hirschen\" target=\"_blank\" rel=\"noopener noreferrer\">www.apotheke.ch\/hirschen<\/a> <\/p>\n<\/div><\/section>\n<\/div><\/div>\n<style type=\"text\/css\" data-created_by=\"avia_inline_auto\" id=\"style-css-av-zk1698-9d5883bf61a17a9888ac807a61c70319\">\n.flex_cell.av-zk1698-9d5883bf61a17a9888ac807a61c70319{\nvertical-align:top;\n}\n.responsive #top #wrap_all .flex_cell.av-zk1698-9d5883bf61a17a9888ac807a61c70319{\npadding:40px 10px 40px 40px !important;\n}\n<\/style>\n<div class='flex_cell av-zk1698-9d5883bf61a17a9888ac807a61c70319 av-gridrow-cell av_one_fourth no_margin  avia-builder-el-209  el_after_av_cell_one_fourth  el_before_av_cell_one_fourth '  ><div class='flex_cell_inner'>\n<style type=\"text\/css\" data-created_by=\"avia_inline_auto\" id=\"style-css-av-114rzx8-478b29bb38680a07ab4b33572af9e409\">\n#top .av_textblock_section.av-114rzx8-478b29bb38680a07ab4b33572af9e409 .avia_textblock{\nfont-size:14px;\n}\n<\/style>\n<section  class='av_textblock_section av-114rzx8-478b29bb38680a07ab4b33572af9e409 '   itemscope=\"itemscope\" itemtype=\"https:\/\/schema.org\/CreativeWork\" ><div class='avia_textblock'  itemprop=\"text\" ><h4>Malleray:<\/h4>\n<p><strong>pharmacieplus salzmann<\/strong> Daniel Salzmann Place de la Gare 3 2735 Malleray Tel.: 032 491 60 70 <a href=\"mailto:salzmann.malleray@pharmacieplus.ch\">salzmann.malleray@pharmacieplus.ch<\/a> <a href=\"http:\/\/www.pharmacieplus.ch\/fr\/pharmacies\/salzmann\">www.pharmacieplus.ch\/fr\/pharmacies\/salzmann<\/a> <\/p>\n<\/div><\/section>\n<\/div><\/div>\n<style type=\"text\/css\" data-created_by=\"avia_inline_auto\" id=\"style-css-av-w6m8v0-98a43fee253c9d66456558a0968b33d9\">\n.flex_cell.av-w6m8v0-98a43fee253c9d66456558a0968b33d9{\nvertical-align:top;\n}\n.responsive #top #wrap_all .flex_cell.av-w6m8v0-98a43fee253c9d66456558a0968b33d9{\npadding:40px 10px 40px 40px !important;\n}\n<\/style>\n<div class='flex_cell av-w6m8v0-98a43fee253c9d66456558a0968b33d9 av-gridrow-cell av_one_fourth no_margin  avia-builder-el-211  el_after_av_cell_one_fourth  el_before_av_cell_one_fourth '  ><div class='flex_cell_inner'>\n<style type=\"text\/css\" data-created_by=\"avia_inline_auto\" id=\"style-css-av-114rzx8-478b29bb38680a07ab4b33572af9e409\">\n#top .av_textblock_section.av-114rzx8-478b29bb38680a07ab4b33572af9e409 .avia_textblock{\nfont-size:14px;\n}\n<\/style>\n<section  class='av_textblock_section av-114rzx8-478b29bb38680a07ab4b33572af9e409 '   itemscope=\"itemscope\" itemtype=\"https:\/\/schema.org\/CreativeWork\" ><div class='avia_textblock'  itemprop=\"text\" ><h4>Malleray:<\/h4>\n<p><strong>Pharmacie von Roten<\/strong> Jean-Boris von Roten Rue de la Post 12 2735 Malleray Tel.: 027 746 11 33 <a href=\"mailto:jb.vonroten@pharmacie-vonroten.ch\">jb.vonroten@pharmacie-vonroten.ch<\/a><a href=\"https:\/\/www.pharmacie-vonroten.ch\/\"> www.pharmacie-vonroten.ch<\/a> <\/p>\n<\/div><\/section>\n<\/div><\/div>\n<style type=\"text\/css\" data-created_by=\"avia_inline_auto\" id=\"style-css-av-tf5cto-69097998ea736468281781e24f175e46\">\n.flex_cell.av-tf5cto-69097998ea736468281781e24f175e46{\nvertical-align:top;\n}\n.responsive #top #wrap_all .flex_cell.av-tf5cto-69097998ea736468281781e24f175e46{\npadding:40px 10px 40px 40px !important;\n}\n<\/style>\n<div class='flex_cell av-tf5cto-69097998ea736468281781e24f175e46 av-gridrow-cell av_one_fourth no_margin  avia-builder-el-213  el_after_av_cell_one_fourth  avia-builder-el-last '  ><div class='flex_cell_inner'>\n<style type=\"text\/css\" data-created_by=\"avia_inline_auto\" id=\"style-css-av-114rzx8-478b29bb38680a07ab4b33572af9e409\">\n#top .av_textblock_section.av-114rzx8-478b29bb38680a07ab4b33572af9e409 .avia_textblock{\nfont-size:14px;\n}\n<\/style>\n<section  class='av_textblock_section av-114rzx8-478b29bb38680a07ab4b33572af9e409 '   itemscope=\"itemscope\" itemtype=\"https:\/\/schema.org\/CreativeWork\" ><div class='avia_textblock'  itemprop=\"text\" ><h4>M\u00e4nnedorf:<\/h4>\n<p><strong>TopPharm See-Apotheke<\/strong> Bruni Katja Seestrasse 206 8708 M\u00e4nnedorf Tel: 044 444 22 22 <a href=\"mailto:seeapotheke@ovan.ch\">seeapotheke@ovan.ch<\/a> <a href=\"https:\/\/www.apotheke.ch\/see-maennedorf\" target=\"_blank\" rel=\"noopener noreferrer\">www.apotheke.ch\/see-maennedorf<\/a> <\/p>\n<\/div><\/section>\n<\/div><\/div>\n<\/div>\n<div id='av-layout-grid-26'  class='av-layout-grid-container av-14u2b4c-d3e02b048e5f69916292c547f645f5c4 entry-content-wrapper main_color av-border-cells av-flex-cells  avia-builder-el-215  el_after_av_layout_row  el_before_av_layout_row  grid-row-not-first  container_wrap fullsize'  >\n\n<style type=\"text\/css\" data-created_by=\"avia_inline_auto\" id=\"style-css-av-13klnd8-9d1a2f3fe845da8bffd6580d2a92a669\">\n.flex_cell.av-13klnd8-9d1a2f3fe845da8bffd6580d2a92a669{\nvertical-align:top;\n}\n.responsive #top #wrap_all .flex_cell.av-13klnd8-9d1a2f3fe845da8bffd6580d2a92a669{\npadding:40px 10px 40px 40px !important;\n}\n<\/style>\n<div class='flex_cell av-13klnd8-9d1a2f3fe845da8bffd6580d2a92a669 av-gridrow-cell av_one_fourth no_margin  avia-builder-el-216  el_before_av_cell_one_fourth  avia-builder-el-first '  ><div class='flex_cell_inner'>\n<style type=\"text\/css\" data-created_by=\"avia_inline_auto\" id=\"style-css-av-114rzx8-478b29bb38680a07ab4b33572af9e409\">\n#top .av_textblock_section.av-114rzx8-478b29bb38680a07ab4b33572af9e409 .avia_textblock{\nfont-size:14px;\n}\n<\/style>\n<section  class='av_textblock_section av-114rzx8-478b29bb38680a07ab4b33572af9e409 '   itemscope=\"itemscope\" itemtype=\"https:\/\/schema.org\/CreativeWork\" ><div class='avia_textblock'  itemprop=\"text\" ><h4>Martigny:<\/h4>\n<p><strong>pharmacieplus du l\u00e9man<\/strong> Camille Bouilliez Rue du L\u00e9man 18B 1920 Martigny Tel.: 027 720 55 75 <a href=\"mailto:infoleman@pharmacieplus.ch\">infoleman@pharmacieplus.ch<\/a> <a href=\"http:\/\/www.pharmacieplusduleman.ch\" target=\"_blank\" rel=\"noopener noreferrer\">www.pharmacieplusduleman.ch<\/a> <\/p>\n<\/div><\/section>\n<\/div><\/div>\n<style type=\"text\/css\" data-created_by=\"avia_inline_auto\" id=\"style-css-av-zk1698-9d5883bf61a17a9888ac807a61c70319\">\n.flex_cell.av-zk1698-9d5883bf61a17a9888ac807a61c70319{\nvertical-align:top;\n}\n.responsive #top #wrap_all .flex_cell.av-zk1698-9d5883bf61a17a9888ac807a61c70319{\npadding:40px 10px 40px 40px !important;\n}\n<\/style>\n<div class='flex_cell av-zk1698-9d5883bf61a17a9888ac807a61c70319 av-gridrow-cell av_one_fourth no_margin  avia-builder-el-218  el_after_av_cell_one_fourth  el_before_av_cell_one_fourth '  ><div class='flex_cell_inner'>\n<style type=\"text\/css\" data-created_by=\"avia_inline_auto\" id=\"style-css-av-114rzx8-478b29bb38680a07ab4b33572af9e409\">\n#top .av_textblock_section.av-114rzx8-478b29bb38680a07ab4b33572af9e409 .avia_textblock{\nfont-size:14px;\n}\n<\/style>\n<section  class='av_textblock_section av-114rzx8-478b29bb38680a07ab4b33572af9e409 '   itemscope=\"itemscope\" itemtype=\"https:\/\/schema.org\/CreativeWork\" ><div class='avia_textblock'  itemprop=\"text\" ><h4>Martigny:<\/h4>\n<p><strong>pharmacieplus lauber<\/strong> Chantal Ray Vuadens \/ Nicolas Dorsaz Avenue de la Gare 7 1920 Martigny Tel.: 027 722 20 05 <a href=\"mailto:info@pharmacielauber.ch\">info@pharmacielauber.ch<\/a> <a href=\"http:\/\/www.pharmacieplusduleman.ch\" target=\"_blank\" rel=\"noopener noreferrer\">www.pharmacieplusduleman.ch<\/a> <\/p>\n<\/div><\/section>\n<\/div><\/div>\n<style type=\"text\/css\" data-created_by=\"avia_inline_auto\" id=\"style-css-av-w6m8v0-98a43fee253c9d66456558a0968b33d9\">\n.flex_cell.av-w6m8v0-98a43fee253c9d66456558a0968b33d9{\nvertical-align:top;\n}\n.responsive #top #wrap_all .flex_cell.av-w6m8v0-98a43fee253c9d66456558a0968b33d9{\npadding:40px 10px 40px 40px !important;\n}\n<\/style>\n<div class='flex_cell av-w6m8v0-98a43fee253c9d66456558a0968b33d9 av-gridrow-cell av_one_fourth no_margin  avia-builder-el-220  el_after_av_cell_one_fourth  el_before_av_cell_one_fourth '  ><div class='flex_cell_inner'>\n<style type=\"text\/css\" data-created_by=\"avia_inline_auto\" id=\"style-css-av-ca0zw-6ab7efa587e90f893c311d1e27d31997\">\n#top .av_textblock_section.av-ca0zw-6ab7efa587e90f893c311d1e27d31997 .avia_textblock{\nfont-size:14px;\n}\n<\/style>\n<section  class='av_textblock_section av-ca0zw-6ab7efa587e90f893c311d1e27d31997 '   itemscope=\"itemscope\" itemtype=\"https:\/\/schema.org\/CreativeWork\" ><div class='avia_textblock'  itemprop=\"text\" ><h4>Melano:<\/h4>\n<p><strong>Farmacia Generoso Sagl<\/strong> Arianna Ghielmetti Via Cantonale 6818 Melano <a href=\"mailto:info@farmacia-generoso.ch\">info@farmacia-generoso.ch<\/a> <a href=\"http:\/\/www.farmacia-generoso.ch\" target=\"_blank\" rel=\"noopener noreferrer\">www.farmacia-generoso.ch<\/a> <\/p>\n<\/div><\/section>\n<\/div><\/div>\n<style type=\"text\/css\" data-created_by=\"avia_inline_auto\" id=\"style-css-av-tf5cto-69097998ea736468281781e24f175e46\">\n.flex_cell.av-tf5cto-69097998ea736468281781e24f175e46{\nvertical-align:top;\n}\n.responsive #top #wrap_all .flex_cell.av-tf5cto-69097998ea736468281781e24f175e46{\npadding:40px 10px 40px 40px !important;\n}\n<\/style>\n<div class='flex_cell av-tf5cto-69097998ea736468281781e24f175e46 av-gridrow-cell av_one_fourth no_margin  avia-builder-el-222  el_after_av_cell_one_fourth  avia-builder-el-last '  ><div class='flex_cell_inner'>\n<style type=\"text\/css\" data-created_by=\"avia_inline_auto\" id=\"style-css-av-ca0zw-18eb224eeb742637a0ad24fa82678f3c\">\n#top .av_textblock_section.av-ca0zw-18eb224eeb742637a0ad24fa82678f3c .avia_textblock{\nfont-size:14px;\n}\n<\/style>\n<section  class='av_textblock_section av-ca0zw-18eb224eeb742637a0ad24fa82678f3c '   itemscope=\"itemscope\" itemtype=\"https:\/\/schema.org\/CreativeWork\" ><div class='avia_textblock'  itemprop=\"text\" ><h4>Menziken:<\/h4>\n<p><strong>Apotheke Dr.\u00a0M\u00fcller<\/strong> Dr.\u00a0Bernhard M\u00fcller Sagiweg\u00a06 5737\u00a0Menziken Tel.: 062\u00a0771\u00a066\u00a066 <a href=\"mailto:apo.mueller@ovan.ch\">apo.mueller@ovan.ch <\/a> <a href=\"https:\/\/www.apomueller.ch\/de\/portrait\">www.apomueller.ch\/de\/portrait<\/a> <\/p>\n<\/div><\/section>\n<\/div><\/div>\n<\/div>\n<div id='av-layout-grid-27'  class='av-layout-grid-container av-14u2b4c-d3e02b048e5f69916292c547f645f5c4 entry-content-wrapper main_color av-border-cells av-flex-cells  avia-builder-el-224  el_after_av_layout_row  el_before_av_layout_row  grid-row-not-first  container_wrap fullsize'  >\n\n<style type=\"text\/css\" data-created_by=\"avia_inline_auto\" id=\"style-css-av-13klnd8-9d1a2f3fe845da8bffd6580d2a92a669\">\n.flex_cell.av-13klnd8-9d1a2f3fe845da8bffd6580d2a92a669{\nvertical-align:top;\n}\n.responsive #top #wrap_all .flex_cell.av-13klnd8-9d1a2f3fe845da8bffd6580d2a92a669{\npadding:40px 10px 40px 40px !important;\n}\n<\/style>\n<div class='flex_cell av-13klnd8-9d1a2f3fe845da8bffd6580d2a92a669 av-gridrow-cell av_one_fourth no_margin  avia-builder-el-225  el_before_av_cell_one_fourth  avia-builder-el-first '  ><div class='flex_cell_inner'>\n<style type=\"text\/css\" data-created_by=\"avia_inline_auto\" id=\"style-css-av-ca0zw-6ab7efa587e90f893c311d1e27d31997\">\n#top .av_textblock_section.av-ca0zw-6ab7efa587e90f893c311d1e27d31997 .avia_textblock{\nfont-size:14px;\n}\n<\/style>\n<section  class='av_textblock_section av-ca0zw-6ab7efa587e90f893c311d1e27d31997 '   itemscope=\"itemscope\" itemtype=\"https:\/\/schema.org\/CreativeWork\" ><div class='avia_textblock'  itemprop=\"text\" ><h4>M\u00f6hlin:<\/h4>\n<p><strong>Apotheke M\u00f6hlin AG<\/strong> Susanne Hagebeucker Hauptstrasse 64 4313 M\u00f6hlin Tel. : 061 851 40 40 <a href=\"mailto:contact@apomoehlin.ch\">contact@apomoehlin.ch<\/a> <a href=\"http:\/\/www.apomoehlin.ch\" target=\"_blank\" rel=\"noopener noreferrer\">www.apomoehlin.ch<\/a> <\/p>\n<\/div><\/section>\n<\/div><\/div>\n<style type=\"text\/css\" data-created_by=\"avia_inline_auto\" id=\"style-css-av-zk1698-9d5883bf61a17a9888ac807a61c70319\">\n.flex_cell.av-zk1698-9d5883bf61a17a9888ac807a61c70319{\nvertical-align:top;\n}\n.responsive #top #wrap_all .flex_cell.av-zk1698-9d5883bf61a17a9888ac807a61c70319{\npadding:40px 10px 40px 40px !important;\n}\n<\/style>\n<div class='flex_cell av-zk1698-9d5883bf61a17a9888ac807a61c70319 av-gridrow-cell av_one_fourth no_margin  avia-builder-el-227  el_after_av_cell_one_fourth  el_before_av_cell_one_fourth '  ><div class='flex_cell_inner'>\n<style type=\"text\/css\" data-created_by=\"avia_inline_auto\" id=\"style-css-av-u54xdo-4678566a96158a7dfa93b04d115c8642\">\n#top .av_textblock_section.av-u54xdo-4678566a96158a7dfa93b04d115c8642 .avia_textblock{\nfont-size:14px;\n}\n<\/style>\n<section  class='av_textblock_section av-u54xdo-4678566a96158a7dfa93b04d115c8642 '   itemscope=\"itemscope\" itemtype=\"https:\/\/schema.org\/CreativeWork\" ><div class='avia_textblock'  itemprop=\"text\" ><h4 style=\"margin-bottom: 10px;\">Muttenz:<\/h4>\n<p><strong>R\u00f6ssli Apotheke <\/strong>Myrta Abgottspon Hauptstrasse 54 4132 Muttenz Tel.:\u00a0061 461 25 25 <a href=\"mailto:info@roessliapotheke.ch\">info@roessliapotheke.ch<\/a> <a href=\"http:\/\/www.roessliapotheke.ch\">www.roessliapotheke.ch<\/a> <\/p>\n<\/div><\/section>\n<\/div><\/div>\n<style type=\"text\/css\" data-created_by=\"avia_inline_auto\" id=\"style-css-av-w6m8v0-98a43fee253c9d66456558a0968b33d9\">\n.flex_cell.av-w6m8v0-98a43fee253c9d66456558a0968b33d9{\nvertical-align:top;\n}\n.responsive #top #wrap_all .flex_cell.av-w6m8v0-98a43fee253c9d66456558a0968b33d9{\npadding:40px 10px 40px 40px !important;\n}\n<\/style>\n<div class='flex_cell av-w6m8v0-98a43fee253c9d66456558a0968b33d9 av-gridrow-cell av_one_fourth no_margin  avia-builder-el-229  el_after_av_cell_one_fourth  el_before_av_cell_one_fourth '  ><div class='flex_cell_inner'>\n<style type=\"text\/css\" data-created_by=\"avia_inline_auto\" id=\"style-css-av-114rzx8-478b29bb38680a07ab4b33572af9e409\">\n#top .av_textblock_section.av-114rzx8-478b29bb38680a07ab4b33572af9e409 .avia_textblock{\nfont-size:14px;\n}\n<\/style>\n<section  class='av_textblock_section av-114rzx8-478b29bb38680a07ab4b33572af9e409 '   itemscope=\"itemscope\" itemtype=\"https:\/\/schema.org\/CreativeWork\" ><div class='avia_textblock'  itemprop=\"text\" ><h4>Muhen:<\/h4>\n<p><strong>TopPharm Zentrum Apotheke<\/strong> Ursula Egloff Hauptstrasse 38 5037 Muhen Tel.: 062 723 07 37 <a href=\"mailto:zentrum-apo.muhen@bluewin.ch\">zentrum-apo.muhen@bluewin.ch<\/a> <a href=\"http:\/\/www.apotheke.ch\/muhen\" target=\"_blank\" rel=\"noopener noreferrer\">www.apotheke.ch\/muhen<\/a> <\/p>\n<\/div><\/section>\n<\/div><\/div>\n<style type=\"text\/css\" data-created_by=\"avia_inline_auto\" id=\"style-css-av-tf5cto-69097998ea736468281781e24f175e46\">\n.flex_cell.av-tf5cto-69097998ea736468281781e24f175e46{\nvertical-align:top;\n}\n.responsive #top #wrap_all .flex_cell.av-tf5cto-69097998ea736468281781e24f175e46{\npadding:40px 10px 40px 40px !important;\n}\n<\/style>\n<div class='flex_cell av-tf5cto-69097998ea736468281781e24f175e46 av-gridrow-cell av_one_fourth no_margin  avia-builder-el-231  el_after_av_cell_one_fourth  avia-builder-el-last '  ><div class='flex_cell_inner'>\n<style type=\"text\/css\" data-created_by=\"avia_inline_auto\" id=\"style-css-av-u54xdo-4678566a96158a7dfa93b04d115c8642\">\n#top .av_textblock_section.av-u54xdo-4678566a96158a7dfa93b04d115c8642 .avia_textblock{\nfont-size:14px;\n}\n<\/style>\n<section  class='av_textblock_section av-u54xdo-4678566a96158a7dfa93b04d115c8642 '   itemscope=\"itemscope\" itemtype=\"https:\/\/schema.org\/CreativeWork\" ><div class='avia_textblock'  itemprop=\"text\" ><h4 style=\"margin-bottom: 10px;\">Muri:<\/h4>\n<p><strong>TopPharm Egg Apotheke Vitalis <\/strong>Lukas Wild Z\u00fcrcherstrasse 23 5630 Muri Tel.: 056 664 71 81 <a href=\"mailto:info@egg.apotheke.ch\">info@egg.apotheke.ch<\/a> <a href=\"http:\/\/www.apotheke.ch\/egg\" target=\"_blank\" rel=\"noopener noreferrer\">www.apotheke.ch\/egg<\/a> <\/p>\n<\/div><\/section>\n<\/div><\/div>\n<\/div>\n<div id='av-layout-grid-28'  class='av-layout-grid-container av-14u2b4c-d3e02b048e5f69916292c547f645f5c4 entry-content-wrapper main_color av-border-cells av-flex-cells  avia-builder-el-233  el_after_av_layout_row  el_before_av_layout_row  grid-row-not-first  container_wrap fullsize'  >\n\n<style type=\"text\/css\" data-created_by=\"avia_inline_auto\" id=\"style-css-av-zk1698-9d5883bf61a17a9888ac807a61c70319\">\n.flex_cell.av-zk1698-9d5883bf61a17a9888ac807a61c70319{\nvertical-align:top;\n}\n.responsive #top #wrap_all .flex_cell.av-zk1698-9d5883bf61a17a9888ac807a61c70319{\npadding:40px 10px 40px 40px !important;\n}\n<\/style>\n<div class='flex_cell av-zk1698-9d5883bf61a17a9888ac807a61c70319 av-gridrow-cell av_one_fourth no_margin  avia-builder-el-234  el_before_av_cell_one_fourth  avia-builder-el-first '  ><div class='flex_cell_inner'>\n<style type=\"text\/css\" data-created_by=\"avia_inline_auto\" id=\"style-css-av-u54xdo-4678566a96158a7dfa93b04d115c8642\">\n#top .av_textblock_section.av-u54xdo-4678566a96158a7dfa93b04d115c8642 .avia_textblock{\nfont-size:14px;\n}\n<\/style>\n<section  class='av_textblock_section av-u54xdo-4678566a96158a7dfa93b04d115c8642 '   itemscope=\"itemscope\" itemtype=\"https:\/\/schema.org\/CreativeWork\" ><div class='avia_textblock'  itemprop=\"text\" ><h4>Neuch\u00e2tel:<\/h4>\n<p><strong>Pharmacie de l\u2019Orangerie<\/strong> Dr. Antoine Wildhaber Rue de l\u2019Orangerie 2000 Neuch\u00e2tel Tel. : 032 725 12 04 <a href=\"mailto:pharmacie@orangerie.ch\">pharmacie@orangerie.ch<\/a> <a href=\"http:\/\/www.orangerie.ch\" target=\"_blank\" rel=\"noopener noreferrer\">www.orangerie.ch<\/a> <\/p>\n<\/div><\/section>\n<\/div><\/div>\n<style type=\"text\/css\" data-created_by=\"avia_inline_auto\" id=\"style-css-av-w6m8v0-98a43fee253c9d66456558a0968b33d9\">\n.flex_cell.av-w6m8v0-98a43fee253c9d66456558a0968b33d9{\nvertical-align:top;\n}\n.responsive #top #wrap_all .flex_cell.av-w6m8v0-98a43fee253c9d66456558a0968b33d9{\npadding:40px 10px 40px 40px !important;\n}\n<\/style>\n<div class='flex_cell av-w6m8v0-98a43fee253c9d66456558a0968b33d9 av-gridrow-cell av_one_fourth no_margin  avia-builder-el-236  el_after_av_cell_one_fourth  el_before_av_cell_one_fourth '  ><div class='flex_cell_inner'>\n<style type=\"text\/css\" data-created_by=\"avia_inline_auto\" id=\"style-css-av-u54xdo-4678566a96158a7dfa93b04d115c8642\">\n#top .av_textblock_section.av-u54xdo-4678566a96158a7dfa93b04d115c8642 .avia_textblock{\nfont-size:14px;\n}\n<\/style>\n<section  class='av_textblock_section av-u54xdo-4678566a96158a7dfa93b04d115c8642 '   itemscope=\"itemscope\" itemtype=\"https:\/\/schema.org\/CreativeWork\" ><div class='avia_textblock'  itemprop=\"text\" ><h4 style=\"margin-bottom: 10px;\">Neuenhof:<\/h4>\n<p><strong>TopPharm Neuenhofer Apotheke <\/strong>Mauro Santin Albertstrasse 4 5432 Neuenhof Tel.: 056 406 11 20 <a href=\"mailto:info@neuenhoferapo.ch\">info@neuenhoferapo.ch<\/a> <a href=\"http:\/\/www.apotheke.ch\/neuenhofer\" target=\"_blank\" rel=\"noopener noreferrer\">www.apotheke.ch\/neuenhofer<\/a> <\/p>\n<\/div><\/section>\n<\/div><\/div>\n<style type=\"text\/css\" data-created_by=\"avia_inline_auto\" id=\"style-css-av-tf5cto-69097998ea736468281781e24f175e46\">\n.flex_cell.av-tf5cto-69097998ea736468281781e24f175e46{\nvertical-align:top;\n}\n.responsive #top #wrap_all .flex_cell.av-tf5cto-69097998ea736468281781e24f175e46{\npadding:40px 10px 40px 40px !important;\n}\n<\/style>\n<div class='flex_cell av-tf5cto-69097998ea736468281781e24f175e46 av-gridrow-cell av_one_fourth no_margin  avia-builder-el-238  el_after_av_cell_one_fourth  el_before_av_cell_one_fourth '  ><div class='flex_cell_inner'>\n<style type=\"text\/css\" data-created_by=\"avia_inline_auto\" id=\"style-css-av-u54xdo-4678566a96158a7dfa93b04d115c8642\">\n#top .av_textblock_section.av-u54xdo-4678566a96158a7dfa93b04d115c8642 .avia_textblock{\nfont-size:14px;\n}\n<\/style>\n<section  class='av_textblock_section av-u54xdo-4678566a96158a7dfa93b04d115c8642 '   itemscope=\"itemscope\" itemtype=\"https:\/\/schema.org\/CreativeWork\" ><div class='avia_textblock'  itemprop=\"text\" ><h4 style=\"margin-bottom: 10px;\">Niederglatt:<\/h4>\n<p><strong>TopPharm Sonnen Apotheke &#038; Drogerie <\/strong>Karin F\u00fcnfschilling Grafschaftstrasse 8 8172 Niederglatt Tel.: 044 850 01 10 <a href=\"mailto:info@sonnen-apotheke.ch\">info@sonnen-apotheke.ch<\/a> <a href=\"http:\/\/www.apotheke.ch\/sonnen\">www.apotheke.ch\/sonnen<\/a> <\/p>\n<\/div><\/section>\n<\/div><\/div>\n<style type=\"text\/css\" data-created_by=\"avia_inline_auto\" id=\"style-css-av-3740lo-7043de6a81aeb7d4c3713bdabc3d5d7a\">\n.flex_cell.av-3740lo-7043de6a81aeb7d4c3713bdabc3d5d7a{\nvertical-align:top;\n}\n.responsive #top #wrap_all .flex_cell.av-3740lo-7043de6a81aeb7d4c3713bdabc3d5d7a{\npadding:30px 30px 30px 30px !important;\n}\n<\/style>\n<div class='flex_cell av-3740lo-7043de6a81aeb7d4c3713bdabc3d5d7a av-gridrow-cell av_one_fourth no_margin  avia-builder-el-240  el_after_av_cell_one_fourth  avia-builder-el-last '  ><div class='flex_cell_inner'>\n<style type=\"text\/css\" data-created_by=\"avia_inline_auto\" id=\"style-css-av-u54xdo-c8292773052f1230d9e38f358023ec9f\">\n#top .av_textblock_section.av-u54xdo-c8292773052f1230d9e38f358023ec9f .avia_textblock{\nfont-size:14px;\n}\n<\/style>\n<section  class='av_textblock_section av-u54xdo-c8292773052f1230d9e38f358023ec9f '   itemscope=\"itemscope\" itemtype=\"https:\/\/schema.org\/CreativeWork\" ><div class='avia_textblock'  itemprop=\"text\" ><h4 style=\"margin-bottom: 10px;\">Nussbaumen:<\/h4>\n<p><strong>TopPharm Damian Apotheke &#038; Drogerie <\/strong>Sibylle R\u00e4ber Schulstrasse 3 5415 Nussbaumen Tel.: 056 296 10 41 <a href=\"mailto:damian-apo.nussbaumen@ovan.ch\">damian-apo.nussbaumen@ovan.ch<\/a> <a href=\"http:\/\/www.apotheke.ch\/damian-nussbaumen\">www.apotheke.ch\/damian-nussbaumen<\/a> <\/p>\n<\/div><\/section>\n<\/div><\/div>\n<\/div>\n<div id='av-layout-grid-29'  class='av-layout-grid-container av-14u2b4c-d3e02b048e5f69916292c547f645f5c4 entry-content-wrapper main_color av-border-cells av-flex-cells  avia-builder-el-242  el_after_av_layout_row  el_before_av_layout_row  grid-row-not-first  container_wrap fullsize'  >\n\n<style type=\"text\/css\" data-created_by=\"avia_inline_auto\" id=\"style-css-av-13klnd8-9d1a2f3fe845da8bffd6580d2a92a669\">\n.flex_cell.av-13klnd8-9d1a2f3fe845da8bffd6580d2a92a669{\nvertical-align:top;\n}\n.responsive #top #wrap_all .flex_cell.av-13klnd8-9d1a2f3fe845da8bffd6580d2a92a669{\npadding:40px 10px 40px 40px !important;\n}\n<\/style>\n<div class='flex_cell av-13klnd8-9d1a2f3fe845da8bffd6580d2a92a669 av-gridrow-cell av_one_fourth no_margin  avia-builder-el-243  el_before_av_cell_one_fourth  avia-builder-el-first '  ><div class='flex_cell_inner'>\n<style type=\"text\/css\" data-created_by=\"avia_inline_auto\" id=\"style-css-av-qsx2ws-45f0a5427243eeda00f671d817418297\">\n#top .av_textblock_section.av-qsx2ws-45f0a5427243eeda00f671d817418297 .avia_textblock{\nfont-size:14px;\n}\n<\/style>\n<section  class='av_textblock_section av-qsx2ws-45f0a5427243eeda00f671d817418297 '   itemscope=\"itemscope\" itemtype=\"https:\/\/schema.org\/CreativeWork\" ><div class='avia_textblock'  itemprop=\"text\" ><h4 style=\"margin-bottom: 10px;\">Oensingen:<\/h4>\n<p><strong>Apotheke Oensingen <\/strong>Sonja M\u00fcnch Zentrum M\u00fchlefeld 4702 Oensingen Tel.: 062 396 16 16 <a href=\"mailto:info@apotheke-oensingen.ch\">info@apotheke-oensingen.ch<\/a> <a href=\"http:\/\/www.apotheke-oensingen.ch\">www.apotheke-oensingen.ch<\/a> <\/p>\n<\/div><\/section>\n<\/div><\/div>\n<style type=\"text\/css\" data-created_by=\"avia_inline_auto\" id=\"style-css-av-zk1698-9d5883bf61a17a9888ac807a61c70319\">\n.flex_cell.av-zk1698-9d5883bf61a17a9888ac807a61c70319{\nvertical-align:top;\n}\n.responsive #top #wrap_all .flex_cell.av-zk1698-9d5883bf61a17a9888ac807a61c70319{\npadding:40px 10px 40px 40px !important;\n}\n<\/style>\n<div class='flex_cell av-zk1698-9d5883bf61a17a9888ac807a61c70319 av-gridrow-cell av_one_fourth no_margin  avia-builder-el-245  el_after_av_cell_one_fourth  el_before_av_cell_one_fourth '  ><div class='flex_cell_inner'>\n<style type=\"text\/css\" data-created_by=\"avia_inline_auto\" id=\"style-css-av-qsx2ws-45f0a5427243eeda00f671d817418297\">\n#top .av_textblock_section.av-qsx2ws-45f0a5427243eeda00f671d817418297 .avia_textblock{\nfont-size:14px;\n}\n<\/style>\n<section  class='av_textblock_section av-qsx2ws-45f0a5427243eeda00f671d817418297 '   itemscope=\"itemscope\" itemtype=\"https:\/\/schema.org\/CreativeWork\" ><div class='avia_textblock'  itemprop=\"text\" ><h4 style=\"margin-bottom: 10px;\">Oerlikon:<\/h4>\n<p><strong>Bahnhof Apotheke Oerlikon <\/strong>Simone D\u00e4pp Hofwiesenstrasse 369 8050 Z\u00fcrich-Oerlikon Tel.:\u00a0044 364 44 44 <a href=\"mailto:a41@achillea.ch\">a41@achillea.ch<\/a> <a href=\"a41@achillea.ch\">www.achillea.ch<\/a> <\/p>\n<\/div><\/section>\n<\/div><\/div>\n<style type=\"text\/css\" data-created_by=\"avia_inline_auto\" id=\"style-css-av-w6m8v0-98a43fee253c9d66456558a0968b33d9\">\n.flex_cell.av-w6m8v0-98a43fee253c9d66456558a0968b33d9{\nvertical-align:top;\n}\n.responsive #top #wrap_all .flex_cell.av-w6m8v0-98a43fee253c9d66456558a0968b33d9{\npadding:40px 10px 40px 40px !important;\n}\n<\/style>\n<div class='flex_cell av-w6m8v0-98a43fee253c9d66456558a0968b33d9 av-gridrow-cell av_one_fourth no_margin  avia-builder-el-247  el_after_av_cell_one_fourth  el_before_av_cell_one_fourth '  ><div class='flex_cell_inner'>\n<style type=\"text\/css\" data-created_by=\"avia_inline_auto\" id=\"style-css-av-u54xdo-4678566a96158a7dfa93b04d115c8642\">\n#top .av_textblock_section.av-u54xdo-4678566a96158a7dfa93b04d115c8642 .avia_textblock{\nfont-size:14px;\n}\n<\/style>\n<section  class='av_textblock_section av-u54xdo-4678566a96158a7dfa93b04d115c8642 '   itemscope=\"itemscope\" itemtype=\"https:\/\/schema.org\/CreativeWork\" ><div class='avia_textblock'  itemprop=\"text\" ><h4 style=\"margin-bottom: 10px;\">Olten:<\/h4>\n<p><strong>TopPharm Apotheke zum Kreuz <\/strong>Tuyen Vo Turbenweg 2 4600 Olten Tel.: 062 212 09 09 <a href=\"mailto:kreuzapo.olten@bluewin.ch\">kreuzapo.olten@bluewin.ch<\/a> <a href=\"http:\/\/www.apotheke.ch\/kreuz\" target=\"_blank\" rel=\"noopener noreferrer\">www.apotheke.ch\/kreuz<\/a> <\/p>\n<\/div><\/section>\n<\/div><\/div>\n<style type=\"text\/css\" data-created_by=\"avia_inline_auto\" id=\"style-css-av-tf5cto-69097998ea736468281781e24f175e46\">\n.flex_cell.av-tf5cto-69097998ea736468281781e24f175e46{\nvertical-align:top;\n}\n.responsive #top #wrap_all .flex_cell.av-tf5cto-69097998ea736468281781e24f175e46{\npadding:40px 10px 40px 40px !important;\n}\n<\/style>\n<div class='flex_cell av-tf5cto-69097998ea736468281781e24f175e46 av-gridrow-cell av_one_fourth no_margin  avia-builder-el-249  el_after_av_cell_one_fourth  avia-builder-el-last '  ><div class='flex_cell_inner'>\n<style type=\"text\/css\" data-created_by=\"avia_inline_auto\" id=\"style-css-av-u54xdo-4678566a96158a7dfa93b04d115c8642\">\n#top .av_textblock_section.av-u54xdo-4678566a96158a7dfa93b04d115c8642 .avia_textblock{\nfont-size:14px;\n}\n<\/style>\n<section  class='av_textblock_section av-u54xdo-4678566a96158a7dfa93b04d115c8642 '   itemscope=\"itemscope\" itemtype=\"https:\/\/schema.org\/CreativeWork\" ><div class='avia_textblock'  itemprop=\"text\" ><h4 style=\"margin-bottom: 10px;\">Opfikon:<\/h4>\n<p><strong>TopPharm Glattpark Apotheke <\/strong>Beate Brozek Wright-Strasse 7 8152 Opfikon Tel.: 044 315 10 00 <a href=\"mailto:info@glattpark.apotheke.ch\">info@glattpark.apotheke.ch<\/a> <a href=\"http:\/\/www.apotheke.ch\/glattpark\" target=\"_blank\" rel=\"noopener noreferrer\">www.apotheke.ch\/glattpark<\/a> <\/p>\n<\/div><\/section>\n<\/div><\/div>\n<\/div>\n<div id='av-layout-grid-30'  class='av-layout-grid-container av-14u2b4c-d3e02b048e5f69916292c547f645f5c4 entry-content-wrapper main_color av-border-cells av-flex-cells  avia-builder-el-251  el_after_av_layout_row  el_before_av_layout_row  grid-row-not-first  container_wrap fullsize'  >\n\n<style type=\"text\/css\" data-created_by=\"avia_inline_auto\" id=\"style-css-av-13klnd8-9d1a2f3fe845da8bffd6580d2a92a669\">\n.flex_cell.av-13klnd8-9d1a2f3fe845da8bffd6580d2a92a669{\nvertical-align:top;\n}\n.responsive #top #wrap_all .flex_cell.av-13klnd8-9d1a2f3fe845da8bffd6580d2a92a669{\npadding:40px 10px 40px 40px !important;\n}\n<\/style>\n<div class='flex_cell av-13klnd8-9d1a2f3fe845da8bffd6580d2a92a669 av-gridrow-cell av_one_fourth no_margin  avia-builder-el-252  el_before_av_cell_one_fourth  avia-builder-el-first '  ><div class='flex_cell_inner'>\n<style type=\"text\/css\" data-created_by=\"avia_inline_auto\" id=\"style-css-av-qsx2ws-45f0a5427243eeda00f671d817418297\">\n#top .av_textblock_section.av-qsx2ws-45f0a5427243eeda00f671d817418297 .avia_textblock{\nfont-size:14px;\n}\n<\/style>\n<section  class='av_textblock_section av-qsx2ws-45f0a5427243eeda00f671d817418297 '   itemscope=\"itemscope\" itemtype=\"https:\/\/schema.org\/CreativeWork\" ><div class='avia_textblock'  itemprop=\"text\" ><h4>Peseux:<\/h4>\n<p><strong>Pharmacieplus de la Grand-Rue Peseux SA<\/strong> Jean Altwegg Grand-Rue 42 2034 Peseux Tel. : 032 731 20 10 <a href=\"mailto:pharm.grandrue@ovan.ch\">pharm.grandrue@ovan.ch<\/a> <a href=\"http:\/\/www.pharmacie-grandrue.ch\" target=\"_blank\" rel=\"noopener noreferrer\">www.pharmacie-grandrue.ch<\/a> <\/p>\n<\/div><\/section>\n<\/div><\/div>\n<style type=\"text\/css\" data-created_by=\"avia_inline_auto\" id=\"style-css-av-zk1698-9d5883bf61a17a9888ac807a61c70319\">\n.flex_cell.av-zk1698-9d5883bf61a17a9888ac807a61c70319{\nvertical-align:top;\n}\n.responsive #top #wrap_all .flex_cell.av-zk1698-9d5883bf61a17a9888ac807a61c70319{\npadding:40px 10px 40px 40px !important;\n}\n<\/style>\n<div class='flex_cell av-zk1698-9d5883bf61a17a9888ac807a61c70319 av-gridrow-cell av_one_fourth no_margin  avia-builder-el-254  el_after_av_cell_one_fourth  el_before_av_cell_one_fourth '  ><div class='flex_cell_inner'>\n<style type=\"text\/css\" data-created_by=\"avia_inline_auto\" id=\"style-css-av-qsx2ws-9e92d0fec4c17a97d2f35b2e9dfa3902\">\n#top .av_textblock_section.av-qsx2ws-9e92d0fec4c17a97d2f35b2e9dfa3902 .avia_textblock{\nfont-size:14px;\n}\n<\/style>\n<section  class='av_textblock_section av-qsx2ws-9e92d0fec4c17a97d2f35b2e9dfa3902 '   itemscope=\"itemscope\" itemtype=\"https:\/\/schema.org\/CreativeWork\" ><div class='avia_textblock'  itemprop=\"text\" ><h4 style=\"margin-bottom: 10px;\">Pf\u00e4ffikon ZH:<\/h4>\n<h4 class=\"title\">Medbase Apotheke Pf\u00e4ffikon<\/h4>\n<p>Lea Broggini Turmstrasse 5 8330 Pf\u00e4ffikon Tel.: 044 950 17 17 <a href=\"mailto:apotheke-pfaeffikon@medbase.ch\">apotheke-pfaeffikon@medbase.ch<\/a> <a href=\"http:\/\/www.topwell.ch\">www.topwell.ch<\/a> <\/p>\n<\/div><\/section>\n<\/div><\/div>\n<style type=\"text\/css\" data-created_by=\"avia_inline_auto\" id=\"style-css-av-w6m8v0-98a43fee253c9d66456558a0968b33d9\">\n.flex_cell.av-w6m8v0-98a43fee253c9d66456558a0968b33d9{\nvertical-align:top;\n}\n.responsive #top #wrap_all .flex_cell.av-w6m8v0-98a43fee253c9d66456558a0968b33d9{\npadding:40px 10px 40px 40px !important;\n}\n<\/style>\n<div class='flex_cell av-w6m8v0-98a43fee253c9d66456558a0968b33d9 av-gridrow-cell av_one_fourth no_margin  avia-builder-el-256  el_after_av_cell_one_fourth  el_before_av_cell_one_fourth '  ><div class='flex_cell_inner'>\n<style type=\"text\/css\" data-created_by=\"avia_inline_auto\" id=\"style-css-av-u54xdo-4678566a96158a7dfa93b04d115c8642\">\n#top .av_textblock_section.av-u54xdo-4678566a96158a7dfa93b04d115c8642 .avia_textblock{\nfont-size:14px;\n}\n<\/style>\n<section  class='av_textblock_section av-u54xdo-4678566a96158a7dfa93b04d115c8642 '   itemscope=\"itemscope\" itemtype=\"https:\/\/schema.org\/CreativeWork\" ><div class='avia_textblock'  itemprop=\"text\" ><h4>Porrentruy:<\/h4>\n<p><strong>Pharmacieplus Milliet Gare<\/strong> Blenner M\u00e9lissa Rue Xavier-Stockmar 2 2900 Porrentruy Tel. : 032 466 20 14 <a href=\"mailto:millietgare.porrentruy@pharmacieplus.ch\">millietgare.porrentruy@pharmacieplus.ch<\/a> <a href=\"http:\/\/www.pharmacieplus.ch\" target=\"_blank\" rel=\"noopener noreferrer\">www.pharmacieplus.ch<\/a> <\/p>\n<\/div><\/section>\n<\/div><\/div>\n<style type=\"text\/css\" data-created_by=\"avia_inline_auto\" id=\"style-css-av-tf5cto-69097998ea736468281781e24f175e46\">\n.flex_cell.av-tf5cto-69097998ea736468281781e24f175e46{\nvertical-align:top;\n}\n.responsive #top #wrap_all .flex_cell.av-tf5cto-69097998ea736468281781e24f175e46{\npadding:40px 10px 40px 40px !important;\n}\n<\/style>\n<div class='flex_cell av-tf5cto-69097998ea736468281781e24f175e46 av-gridrow-cell av_one_fourth no_margin  avia-builder-el-258  el_after_av_cell_one_fourth  avia-builder-el-last '  ><div class='flex_cell_inner'>\n<style type=\"text\/css\" data-created_by=\"avia_inline_auto\" id=\"style-css-av-u54xdo-4678566a96158a7dfa93b04d115c8642\">\n#top .av_textblock_section.av-u54xdo-4678566a96158a7dfa93b04d115c8642 .avia_textblock{\nfont-size:14px;\n}\n<\/style>\n<section  class='av_textblock_section av-u54xdo-4678566a96158a7dfa93b04d115c8642 '   itemscope=\"itemscope\" itemtype=\"https:\/\/schema.org\/CreativeWork\" ><div class='avia_textblock'  itemprop=\"text\" ><h4>Porrentruy:<\/h4>\n<p><strong>Pharmacieplus Milliet ville<\/strong> Riat Laurence Grand-Rue 2 \/ CV 117 2900 Porrentruy 2 Tel. : 032 466 27 27 <a href=\"mailto:millietville.porrentruy@pharmacieplus.ch\">millietville.porrentruy@pharmacieplus.ch<\/a> <a href=\"http:\/\/www.pharmacieplus.ch\" target=\"_blank\" rel=\"noopener noreferrer\">www.pharmacieplus.ch<\/a> <\/p>\n<\/div><\/section>\n<\/div><\/div>\n<\/div>\n<div id='av-layout-grid-31'  class='av-layout-grid-container av-14u2b4c-d3e02b048e5f69916292c547f645f5c4 entry-content-wrapper main_color av-border-cells av-flex-cells  avia-builder-el-260  el_after_av_layout_row  el_before_av_layout_row  grid-row-not-first  container_wrap fullsize'  >\n\n<style type=\"text\/css\" data-created_by=\"avia_inline_auto\" id=\"style-css-av-13klnd8-9d1a2f3fe845da8bffd6580d2a92a669\">\n.flex_cell.av-13klnd8-9d1a2f3fe845da8bffd6580d2a92a669{\nvertical-align:top;\n}\n.responsive #top #wrap_all .flex_cell.av-13klnd8-9d1a2f3fe845da8bffd6580d2a92a669{\npadding:40px 10px 40px 40px !important;\n}\n<\/style>\n<div class='flex_cell av-13klnd8-9d1a2f3fe845da8bffd6580d2a92a669 av-gridrow-cell av_one_fourth no_margin  avia-builder-el-261  el_before_av_cell_one_fourth  avia-builder-el-first '  ><div class='flex_cell_inner'>\n<style type=\"text\/css\" data-created_by=\"avia_inline_auto\" id=\"style-css-av-qsx2ws-45f0a5427243eeda00f671d817418297\">\n#top .av_textblock_section.av-qsx2ws-45f0a5427243eeda00f671d817418297 .avia_textblock{\nfont-size:14px;\n}\n<\/style>\n<section  class='av_textblock_section av-qsx2ws-45f0a5427243eeda00f671d817418297 '   itemscope=\"itemscope\" itemtype=\"https:\/\/schema.org\/CreativeWork\" ><div class='avia_textblock'  itemprop=\"text\" ><h4>Prilly:<\/h4>\n<p><strong>Pharmacie de Prilly SA<\/strong> Dr. Jean-Fran\u00e7ois Locca Route de Cossonay 28 1008 Prilly Tel. : 021 624 81 40 <a href=\"mailto:gestion@pharmaciedeprilly.ch\">gestion@pharmaciedeprilly.ch<\/a> <a href=\"http:\/\/www.pharmaciedeprilly.ch\" target=\"_blank\" rel=\"noopener noreferrer\">www.pharmaciedeprilly.ch<\/a> <\/p>\n<\/div><\/section>\n<\/div><\/div>\n<style type=\"text\/css\" data-created_by=\"avia_inline_auto\" id=\"style-css-av-zk1698-9d5883bf61a17a9888ac807a61c70319\">\n.flex_cell.av-zk1698-9d5883bf61a17a9888ac807a61c70319{\nvertical-align:top;\n}\n.responsive #top #wrap_all .flex_cell.av-zk1698-9d5883bf61a17a9888ac807a61c70319{\npadding:40px 10px 40px 40px !important;\n}\n<\/style>\n<div class='flex_cell av-zk1698-9d5883bf61a17a9888ac807a61c70319 av-gridrow-cell av_one_fourth no_margin  avia-builder-el-263  el_after_av_cell_one_fourth  el_before_av_cell_one_fourth '  ><div class='flex_cell_inner'><\/div><\/div>\n<style type=\"text\/css\" data-created_by=\"avia_inline_auto\" id=\"style-css-av-w6m8v0-98a43fee253c9d66456558a0968b33d9\">\n.flex_cell.av-w6m8v0-98a43fee253c9d66456558a0968b33d9{\nvertical-align:top;\n}\n.responsive #top #wrap_all .flex_cell.av-w6m8v0-98a43fee253c9d66456558a0968b33d9{\npadding:40px 10px 40px 40px !important;\n}\n<\/style>\n<div class='flex_cell av-w6m8v0-98a43fee253c9d66456558a0968b33d9 av-gridrow-cell av_one_fourth no_margin  avia-builder-el-264  el_after_av_cell_one_fourth  el_before_av_cell_one_fourth '  ><div class='flex_cell_inner'><\/div><\/div>\n<style type=\"text\/css\" data-created_by=\"avia_inline_auto\" id=\"style-css-av-tf5cto-69097998ea736468281781e24f175e46\">\n.flex_cell.av-tf5cto-69097998ea736468281781e24f175e46{\nvertical-align:top;\n}\n.responsive #top #wrap_all .flex_cell.av-tf5cto-69097998ea736468281781e24f175e46{\npadding:40px 10px 40px 40px !important;\n}\n<\/style>\n<div class='flex_cell av-tf5cto-69097998ea736468281781e24f175e46 av-gridrow-cell av_one_fourth no_margin  avia-builder-el-265  el_after_av_cell_one_fourth  avia-builder-el-last '  ><div class='flex_cell_inner'><\/div><\/div>\n<\/div>\n<div id='av-layout-grid-32'  class='av-layout-grid-container av-14u2b4c-d3e02b048e5f69916292c547f645f5c4 entry-content-wrapper main_color av-border-cells av-flex-cells  avia-builder-el-266  el_after_av_layout_row  el_before_av_layout_row  grid-row-not-first  container_wrap fullsize'  >\n\n<style type=\"text\/css\" data-created_by=\"avia_inline_auto\" id=\"style-css-av-13klnd8-9d1a2f3fe845da8bffd6580d2a92a669\">\n.flex_cell.av-13klnd8-9d1a2f3fe845da8bffd6580d2a92a669{\nvertical-align:top;\n}\n.responsive #top #wrap_all .flex_cell.av-13klnd8-9d1a2f3fe845da8bffd6580d2a92a669{\npadding:40px 10px 40px 40px !important;\n}\n<\/style>\n<div class='flex_cell av-13klnd8-9d1a2f3fe845da8bffd6580d2a92a669 av-gridrow-cell av_one_fourth no_margin  avia-builder-el-267  el_before_av_cell_one_fourth  avia-builder-el-first '  ><div class='flex_cell_inner'>\n<style type=\"text\/css\" data-created_by=\"avia_inline_auto\" id=\"style-css-av-ca0zw-6ab7efa587e90f893c311d1e27d31997\">\n#top .av_textblock_section.av-ca0zw-6ab7efa587e90f893c311d1e27d31997 .avia_textblock{\nfont-size:14px;\n}\n<\/style>\n<section  class='av_textblock_section av-ca0zw-6ab7efa587e90f893c311d1e27d31997 '   itemscope=\"itemscope\" itemtype=\"https:\/\/schema.org\/CreativeWork\" ><div class='avia_textblock'  itemprop=\"text\" ><h4>Rapperswil:<\/h4>\n<p><strong>Apotheke Dr. Stoffel AG <\/strong>Dr. Philippe Stoffel Klaus-Gebert-Strasse 2 8640 Rapperswil-Jona Tel.:\u00a0055 220 60 20 <a href=\"mailto:info@apotheke-drstoffel.ch\">info@apotheke-drstoffel.ch<\/a> <a href=\"http:\/\/www.apotheke-drstoffel.ch\" target=\"_blank\" rel=\"noopener noreferrer\">http:\/\/www.apotheke-drstoffel.ch<\/a> <\/p>\n<\/div><\/section>\n<\/div><\/div>\n<style type=\"text\/css\" data-created_by=\"avia_inline_auto\" id=\"style-css-av-zk1698-9d5883bf61a17a9888ac807a61c70319\">\n.flex_cell.av-zk1698-9d5883bf61a17a9888ac807a61c70319{\nvertical-align:top;\n}\n.responsive #top #wrap_all .flex_cell.av-zk1698-9d5883bf61a17a9888ac807a61c70319{\npadding:40px 10px 40px 40px !important;\n}\n<\/style>\n<div class='flex_cell av-zk1698-9d5883bf61a17a9888ac807a61c70319 av-gridrow-cell av_one_fourth no_margin  avia-builder-el-269  el_after_av_cell_one_fourth  el_before_av_cell_one_fourth '  ><div class='flex_cell_inner'>\n<style type=\"text\/css\" data-created_by=\"avia_inline_auto\" id=\"style-css-av-u54xdo-4678566a96158a7dfa93b04d115c8642\">\n#top .av_textblock_section.av-u54xdo-4678566a96158a7dfa93b04d115c8642 .avia_textblock{\nfont-size:14px;\n}\n<\/style>\n<section  class='av_textblock_section av-u54xdo-4678566a96158a7dfa93b04d115c8642 '   itemscope=\"itemscope\" itemtype=\"https:\/\/schema.org\/CreativeWork\" ><div class='avia_textblock'  itemprop=\"text\" ><h4 style=\"margin-bottom: 10px;\">Regensdorf:<\/h4>\n<p><strong>TopPharm Zentrums-Apotheke <\/strong>Denise Brack Zentrum Nord 1 8105 Regensdorf Tel.: 044 840 30 40 <a href=\"mailto:info@zentrums.apotheke.ch\">info@zentrums.apotheke.ch<\/a> <a href=\"http:\/\/www.apotheke.ch\/zentrum-regensdorf\" target=\"_blank\" rel=\"noopener noreferrer\">www.apotheke.ch\/zentrum-regensdorf<\/a> <\/p>\n<\/div><\/section>\n<\/div><\/div>\n<style type=\"text\/css\" data-created_by=\"avia_inline_auto\" id=\"style-css-av-w6m8v0-98a43fee253c9d66456558a0968b33d9\">\n.flex_cell.av-w6m8v0-98a43fee253c9d66456558a0968b33d9{\nvertical-align:top;\n}\n.responsive #top #wrap_all .flex_cell.av-w6m8v0-98a43fee253c9d66456558a0968b33d9{\npadding:40px 10px 40px 40px !important;\n}\n<\/style>\n<div class='flex_cell av-w6m8v0-98a43fee253c9d66456558a0968b33d9 av-gridrow-cell av_one_fourth no_margin  avia-builder-el-271  el_after_av_cell_one_fourth  el_before_av_cell_one_fourth '  ><div class='flex_cell_inner'>\n<style type=\"text\/css\" data-created_by=\"avia_inline_auto\" id=\"style-css-av-u54xdo-c8292773052f1230d9e38f358023ec9f\">\n#top .av_textblock_section.av-u54xdo-c8292773052f1230d9e38f358023ec9f .avia_textblock{\nfont-size:14px;\n}\n<\/style>\n<section  class='av_textblock_section av-u54xdo-c8292773052f1230d9e38f358023ec9f '   itemscope=\"itemscope\" itemtype=\"https:\/\/schema.org\/CreativeWork\" ><div class='avia_textblock'  itemprop=\"text\" ><h4 style=\"margin-bottom: 10px;\">Reinach:<\/h4>\n<p><strong>TopPharm Apotheke Parf\u00fcmerie Liechti-Dorf <\/strong>Matthias Liechti Hauptstrasse 27 4153 Reinach Tel.: 061 711 21 21 <a href=\"mailto:info@apothekeliechti.ch\">info@apothekeliechti.ch<\/a> <a href=\"http:\/\/www.apotheke.ch\/liechti-dorf\" target=\"_blank\" rel=\"noopener noreferrer\">www.apotheke.ch\/liechti-dorf<\/a> <\/p>\n<\/div><\/section>\n<\/div><\/div>\n<style type=\"text\/css\" data-created_by=\"avia_inline_auto\" id=\"style-css-av-tf5cto-69097998ea736468281781e24f175e46\">\n.flex_cell.av-tf5cto-69097998ea736468281781e24f175e46{\nvertical-align:top;\n}\n.responsive #top #wrap_all .flex_cell.av-tf5cto-69097998ea736468281781e24f175e46{\npadding:40px 10px 40px 40px !important;\n}\n<\/style>\n<div class='flex_cell av-tf5cto-69097998ea736468281781e24f175e46 av-gridrow-cell av_one_fourth no_margin  avia-builder-el-273  el_after_av_cell_one_fourth  avia-builder-el-last '  ><div class='flex_cell_inner'>\n<style type=\"text\/css\" data-created_by=\"avia_inline_auto\" id=\"style-css-av-u54xdo-c8292773052f1230d9e38f358023ec9f\">\n#top .av_textblock_section.av-u54xdo-c8292773052f1230d9e38f358023ec9f .avia_textblock{\nfont-size:14px;\n}\n<\/style>\n<section  class='av_textblock_section av-u54xdo-c8292773052f1230d9e38f358023ec9f '   itemscope=\"itemscope\" itemtype=\"https:\/\/schema.org\/CreativeWork\" ><div class='avia_textblock'  itemprop=\"text\" ><h4 style=\"margin-bottom: 10px;\">Reinach:<\/h4>\n<p><strong>TopPharm Apotheke Parf\u00fcmerie Liechti-Mischeli <\/strong>Daniela Reith Plattner Niederbergstrasse 1 4153 Reinach Tel.: 061 711 11 44 <a href=\"mailto:mischeli@apothekeliechti.ch\">mischeli@apothekeliechti.ch<\/a> <a href=\"http:\/\/www.apotheke.ch\/liechti-mischeli\" target=\"_blank\" rel=\"noopener noreferrer\">www.apotheke.ch\/liechti-mischeli<\/a> <\/p>\n<\/div><\/section>\n<\/div><\/div>\n<\/div>\n<div id='av-layout-grid-33'  class='av-layout-grid-container av-14u2b4c-d3e02b048e5f69916292c547f645f5c4 entry-content-wrapper main_color av-border-cells av-flex-cells  avia-builder-el-275  el_after_av_layout_row  el_before_av_layout_row  grid-row-not-first  container_wrap fullsize'  >\n\n<style type=\"text\/css\" data-created_by=\"avia_inline_auto\" id=\"style-css-av-13klnd8-9d1a2f3fe845da8bffd6580d2a92a669\">\n.flex_cell.av-13klnd8-9d1a2f3fe845da8bffd6580d2a92a669{\nvertical-align:top;\n}\n.responsive #top #wrap_all .flex_cell.av-13klnd8-9d1a2f3fe845da8bffd6580d2a92a669{\npadding:40px 10px 40px 40px !important;\n}\n<\/style>\n<div class='flex_cell av-13klnd8-9d1a2f3fe845da8bffd6580d2a92a669 av-gridrow-cell av_one_fourth no_margin  avia-builder-el-276  el_before_av_cell_one_fourth  avia-builder-el-first '  ><div class='flex_cell_inner'>\n<style type=\"text\/css\" data-created_by=\"avia_inline_auto\" id=\"style-css-av-u54xdo-4678566a96158a7dfa93b04d115c8642\">\n#top .av_textblock_section.av-u54xdo-4678566a96158a7dfa93b04d115c8642 .avia_textblock{\nfont-size:14px;\n}\n<\/style>\n<section  class='av_textblock_section av-u54xdo-4678566a96158a7dfa93b04d115c8642 '   itemscope=\"itemscope\" itemtype=\"https:\/\/schema.org\/CreativeWork\" ><div class='avia_textblock'  itemprop=\"text\" ><h4 style=\"margin-bottom: 10px;\">Rheinfelden:<\/h4>\n<p><strong>TopPharm Kapuziner Apotheke &#038; Drogerie <\/strong>Annemarie Galli-Spychiger Baslerstrasse 4 4310 Rheinfelden Tel.: 061 833 00 30 <a href=\"mailto:salmenpark@kapuziner-apotheke.ch\" target=\"_blank\" rel=\"noopener noreferrer\">salmenpark@kapuziner-apotheke.ch<\/a> <a href=\"http:\/\/www.apotheke.ch\/kapuziner-baslerstrasse\" target=\"_blank\" rel=\"noopener noreferrer\">www.apotheke.ch\/kapuziner-baslerstrasse<\/a> <\/p>\n<\/div><\/section>\n<\/div><\/div>\n<style type=\"text\/css\" data-created_by=\"avia_inline_auto\" id=\"style-css-av-zk1698-9d5883bf61a17a9888ac807a61c70319\">\n.flex_cell.av-zk1698-9d5883bf61a17a9888ac807a61c70319{\nvertical-align:top;\n}\n.responsive #top #wrap_all .flex_cell.av-zk1698-9d5883bf61a17a9888ac807a61c70319{\npadding:40px 10px 40px 40px !important;\n}\n<\/style>\n<div class='flex_cell av-zk1698-9d5883bf61a17a9888ac807a61c70319 av-gridrow-cell av_one_fourth no_margin  avia-builder-el-278  el_after_av_cell_one_fourth  el_before_av_cell_one_fourth '  ><div class='flex_cell_inner'>\n<style type=\"text\/css\" data-created_by=\"avia_inline_auto\" id=\"style-css-av-u54xdo-c8292773052f1230d9e38f358023ec9f\">\n#top .av_textblock_section.av-u54xdo-c8292773052f1230d9e38f358023ec9f .avia_textblock{\nfont-size:14px;\n}\n<\/style>\n<section  class='av_textblock_section av-u54xdo-c8292773052f1230d9e38f358023ec9f '   itemscope=\"itemscope\" itemtype=\"https:\/\/schema.org\/CreativeWork\" ><div class='avia_textblock'  itemprop=\"text\" ><h4 style=\"margin-bottom: 10px;\">Rheinfelden:<\/h4>\n<p><strong>TopPharm Kapuziner Apotheke &#8211; Stadtweg <\/strong>Dr. Katrin Ellgenhausen Forrer Stadtweg 4 4310 Rheinfelden Tel.: 061 833 14 00 <a href=\"mailto:apo@kapuziner-apotheke.ch\">apo@kapuziner-apotheke.ch<\/a> <a href=\"http:\/\/www.apotheke.ch\/kapuziner-stadtweg\" target=\"_blank\" rel=\"noopener noreferrer\">www.apotheke.ch\/kapuziner-stadtweg<\/a> <\/p>\n<\/div><\/section>\n<\/div><\/div>\n<style type=\"text\/css\" data-created_by=\"avia_inline_auto\" id=\"style-css-av-w6m8v0-98a43fee253c9d66456558a0968b33d9\">\n.flex_cell.av-w6m8v0-98a43fee253c9d66456558a0968b33d9{\nvertical-align:top;\n}\n.responsive #top #wrap_all .flex_cell.av-w6m8v0-98a43fee253c9d66456558a0968b33d9{\npadding:40px 10px 40px 40px !important;\n}\n<\/style>\n<div class='flex_cell av-w6m8v0-98a43fee253c9d66456558a0968b33d9 av-gridrow-cell av_one_fourth no_margin  avia-builder-el-280  el_after_av_cell_one_fourth  el_before_av_cell_one_fourth '  ><div class='flex_cell_inner'>\n<style type=\"text\/css\" data-created_by=\"avia_inline_auto\" id=\"style-css-av-ca0zw-6ab7efa587e90f893c311d1e27d31997\">\n#top .av_textblock_section.av-ca0zw-6ab7efa587e90f893c311d1e27d31997 .avia_textblock{\nfont-size:14px;\n}\n<\/style>\n<section  class='av_textblock_section av-ca0zw-6ab7efa587e90f893c311d1e27d31997 '   itemscope=\"itemscope\" itemtype=\"https:\/\/schema.org\/CreativeWork\" ><div class='avia_textblock'  itemprop=\"text\" ><h4>Riaz:<\/h4>\n<p>Pharmacieplus de Riaz SA Sandrine Vial Impasse des Terreaux 2 1632 Riaz Tel. : 026 912 62 62 <a href=\"mailto:Riaz.fr@pharmacieplus.ch\">Riaz.fr@pharmacieplus.ch<\/a> <a href=\"http:\/\/www.pharmacieplus.ch\" target=\"_blank\" rel=\"noopener noreferrer\">www.pharmacieplus.ch<\/a> <\/p>\n<\/div><\/section>\n<\/div><\/div>\n<style type=\"text\/css\" data-created_by=\"avia_inline_auto\" id=\"style-css-av-tf5cto-69097998ea736468281781e24f175e46\">\n.flex_cell.av-tf5cto-69097998ea736468281781e24f175e46{\nvertical-align:top;\n}\n.responsive #top #wrap_all .flex_cell.av-tf5cto-69097998ea736468281781e24f175e46{\npadding:40px 10px 40px 40px !important;\n}\n<\/style>\n<div class='flex_cell av-tf5cto-69097998ea736468281781e24f175e46 av-gridrow-cell av_one_fourth no_margin  avia-builder-el-282  el_after_av_cell_one_fourth  avia-builder-el-last '  ><div class='flex_cell_inner'><\/div><\/div>\n<\/div>\n<div id='av-layout-grid-34'  class='av-layout-grid-container av-14u2b4c-d3e02b048e5f69916292c547f645f5c4 entry-content-wrapper main_color av-border-cells av-flex-cells  avia-builder-el-283  el_after_av_layout_row  el_before_av_layout_row  grid-row-not-first  container_wrap fullsize'  >\n\n<style type=\"text\/css\" data-created_by=\"avia_inline_auto\" id=\"style-css-av-13klnd8-9d1a2f3fe845da8bffd6580d2a92a669\">\n.flex_cell.av-13klnd8-9d1a2f3fe845da8bffd6580d2a92a669{\nvertical-align:top;\n}\n.responsive #top #wrap_all .flex_cell.av-13klnd8-9d1a2f3fe845da8bffd6580d2a92a669{\npadding:40px 10px 40px 40px !important;\n}\n<\/style>\n<div class='flex_cell av-13klnd8-9d1a2f3fe845da8bffd6580d2a92a669 av-gridrow-cell av_one_fourth no_margin  avia-builder-el-284  el_before_av_cell_one_fourth  avia-builder-el-first '  ><div class='flex_cell_inner'>\n<style type=\"text\/css\" data-created_by=\"avia_inline_auto\" id=\"style-css-av-ca0zw-6ab7efa587e90f893c311d1e27d31997\">\n#top .av_textblock_section.av-ca0zw-6ab7efa587e90f893c311d1e27d31997 .avia_textblock{\nfont-size:14px;\n}\n<\/style>\n<section  class='av_textblock_section av-ca0zw-6ab7efa587e90f893c311d1e27d31997 '   itemscope=\"itemscope\" itemtype=\"https:\/\/schema.org\/CreativeWork\" ><div class='avia_textblock'  itemprop=\"text\" ><h4>Safenwil:<\/h4>\n<p><strong>TopPharm Storchen Apotheke <\/strong>Diana Born &#8211; Di Liddo G\u00fcterstrasse 1b 5745 Safenwil Tel.: 062 797 05 50 <a href=\"mailto:info@storchenapotheke.ch\">info@storchenapotheke.ch<\/a> <a href=\"http:\/\/www.apotheke.ch\/storchen\" target=\"_blank\" rel=\"noopener noreferrer\">www.apotheke.ch\/storchen<\/a> <\/p>\n<\/div><\/section>\n<\/div><\/div>\n<style type=\"text\/css\" data-created_by=\"avia_inline_auto\" id=\"style-css-av-zk1698-9d5883bf61a17a9888ac807a61c70319\">\n.flex_cell.av-zk1698-9d5883bf61a17a9888ac807a61c70319{\nvertical-align:top;\n}\n.responsive #top #wrap_all .flex_cell.av-zk1698-9d5883bf61a17a9888ac807a61c70319{\npadding:40px 10px 40px 40px !important;\n}\n<\/style>\n<div class='flex_cell av-zk1698-9d5883bf61a17a9888ac807a61c70319 av-gridrow-cell av_one_fourth no_margin  avia-builder-el-286  el_after_av_cell_one_fourth  el_before_av_cell_one_fourth '  ><div class='flex_cell_inner'>\n<style type=\"text\/css\" data-created_by=\"avia_inline_auto\" id=\"style-css-av-u54xdo-4678566a96158a7dfa93b04d115c8642\">\n#top .av_textblock_section.av-u54xdo-4678566a96158a7dfa93b04d115c8642 .avia_textblock{\nfont-size:14px;\n}\n<\/style>\n<section  class='av_textblock_section av-u54xdo-4678566a96158a7dfa93b04d115c8642 '   itemscope=\"itemscope\" itemtype=\"https:\/\/schema.org\/CreativeWork\" ><div class='avia_textblock'  itemprop=\"text\" ><h4 style=\"margin-bottom: 10px;\">Sarnen:<\/h4>\n<p><strong>TopPharm L\u00f6wen Apotheke <\/strong>Dr. Walter Odermatt Nelkenstrasse 2 6060 Sarnen Tel.: 041 660 11 55 <a href=\"mailto:info@apothekesarnen.ch\" target=\"_blank\" rel=\"noopener noreferrer\">info@apothekesarnen.ch<\/a> <a href=\"http:\/\/www.apotheke.ch\/sarnen\" target=\"_blank\" rel=\"noopener noreferrer\">www.apotheke.ch\/sarnen<\/a> <\/p>\n<\/div><\/section>\n<\/div><\/div>\n<style type=\"text\/css\" data-created_by=\"avia_inline_auto\" id=\"style-css-av-w6m8v0-98a43fee253c9d66456558a0968b33d9\">\n.flex_cell.av-w6m8v0-98a43fee253c9d66456558a0968b33d9{\nvertical-align:top;\n}\n.responsive #top #wrap_all .flex_cell.av-w6m8v0-98a43fee253c9d66456558a0968b33d9{\npadding:40px 10px 40px 40px !important;\n}\n<\/style>\n<div class='flex_cell av-w6m8v0-98a43fee253c9d66456558a0968b33d9 av-gridrow-cell av_one_fourth no_margin  avia-builder-el-288  el_after_av_cell_one_fourth  el_before_av_cell_one_fourth '  ><div class='flex_cell_inner'>\n<style type=\"text\/css\" data-created_by=\"avia_inline_auto\" id=\"style-css-av-ca0zw-6ab7efa587e90f893c311d1e27d31997\">\n#top .av_textblock_section.av-ca0zw-6ab7efa587e90f893c311d1e27d31997 .avia_textblock{\nfont-size:14px;\n}\n<\/style>\n<section  class='av_textblock_section av-ca0zw-6ab7efa587e90f893c311d1e27d31997 '   itemscope=\"itemscope\" itemtype=\"https:\/\/schema.org\/CreativeWork\" ><div class='avia_textblock'  itemprop=\"text\" ><h4>Sierre :<\/h4>\n<p><strong>BENU Pharmacie Bonvin Sierre<\/strong> Emilie Perrin Avenue G\u00e9n\u00e9ral-Guisan 30 3960 Sierre Tel. : 027 455 10 29 <a href=\"mailto:bonvin-sierre@benu.ch\">bonvin-sierre@benu.ch<\/a> <a href=\"http:\/\/www.benu.ch\" target=\"_blank\" rel=\"noopener noreferrer\">www.benu.ch<\/a> <\/p>\n<\/div><\/section>\n<\/div><\/div>\n<style type=\"text\/css\" data-created_by=\"avia_inline_auto\" id=\"style-css-av-tf5cto-69097998ea736468281781e24f175e46\">\n.flex_cell.av-tf5cto-69097998ea736468281781e24f175e46{\nvertical-align:top;\n}\n.responsive #top #wrap_all .flex_cell.av-tf5cto-69097998ea736468281781e24f175e46{\npadding:40px 10px 40px 40px !important;\n}\n<\/style>\n<div class='flex_cell av-tf5cto-69097998ea736468281781e24f175e46 av-gridrow-cell av_one_fourth no_margin  avia-builder-el-290  el_after_av_cell_one_fourth  avia-builder-el-last '  ><div class='flex_cell_inner'>\n<style type=\"text\/css\" data-created_by=\"avia_inline_auto\" id=\"style-css-av-ca0zw-6ab7efa587e90f893c311d1e27d31997\">\n#top .av_textblock_section.av-ca0zw-6ab7efa587e90f893c311d1e27d31997 .avia_textblock{\nfont-size:14px;\n}\n<\/style>\n<section  class='av_textblock_section av-ca0zw-6ab7efa587e90f893c311d1e27d31997 '   itemscope=\"itemscope\" itemtype=\"https:\/\/schema.org\/CreativeWork\" ><div class='avia_textblock'  itemprop=\"text\" ><h4>Siebnen:<\/h4>\n<p><strong>TopPharm Apotheke Siebnen <\/strong>Danielle Basler Glarnerstrasse 1 8854 Siebnen Tel.: 055 440 37 77 <a href=\"info@siebnen.apotheke.ch\">info@siebnen.apotheke.ch<\/a> <a href=\"http:\/\/www.apotheke.ch\/siebnen\" target=\"_blank\" rel=\"noopener noreferrer\">www.apotheke.ch\/siebnen<\/a> <\/p>\n<\/div><\/section>\n<\/div><\/div>\n<\/div>\n<div id='av-layout-grid-35'  class='av-layout-grid-container av-14u2b4c-d3e02b048e5f69916292c547f645f5c4 entry-content-wrapper main_color av-border-cells av-flex-cells  avia-builder-el-292  el_after_av_layout_row  el_before_av_layout_row  grid-row-not-first  container_wrap fullsize'  >\n\n<style type=\"text\/css\" data-created_by=\"avia_inline_auto\" id=\"style-css-av-13klnd8-9d1a2f3fe845da8bffd6580d2a92a669\">\n.flex_cell.av-13klnd8-9d1a2f3fe845da8bffd6580d2a92a669{\nvertical-align:top;\n}\n.responsive #top #wrap_all .flex_cell.av-13klnd8-9d1a2f3fe845da8bffd6580d2a92a669{\npadding:40px 10px 40px 40px !important;\n}\n<\/style>\n<div class='flex_cell av-13klnd8-9d1a2f3fe845da8bffd6580d2a92a669 av-gridrow-cell av_one_fourth no_margin  avia-builder-el-293  el_before_av_cell_one_fourth  avia-builder-el-first '  ><div class='flex_cell_inner'>\n<style type=\"text\/css\" data-created_by=\"avia_inline_auto\" id=\"style-css-av-ca0zw-6ab7efa587e90f893c311d1e27d31997\">\n#top .av_textblock_section.av-ca0zw-6ab7efa587e90f893c311d1e27d31997 .avia_textblock{\nfont-size:14px;\n}\n<\/style>\n<section  class='av_textblock_section av-ca0zw-6ab7efa587e90f893c311d1e27d31997 '   itemscope=\"itemscope\" itemtype=\"https:\/\/schema.org\/CreativeWork\" ><div class='avia_textblock'  itemprop=\"text\" ><h4>Solothurn:<\/h4>\n<p><strong>TopPharm Hirsch-Apotheke <\/strong>Natalie Fuortes Hauptgasse 53 4501 Solothurn Tel.: 032 622 32 86 <a href=\"mailto:info@hirsch-apotheke.ch\">info@hirsch-apotheke.ch<\/a> <a href=\"http:\/\/www.apotheke.ch\/hirsch-solothurn\" target=\"_blank\" rel=\"noopener noreferrer\">www.apotheke.ch\/hirsch-solothurn<\/a> <\/p>\n<\/div><\/section>\n<\/div><\/div>\n<style type=\"text\/css\" data-created_by=\"avia_inline_auto\" id=\"style-css-av-zk1698-9d5883bf61a17a9888ac807a61c70319\">\n.flex_cell.av-zk1698-9d5883bf61a17a9888ac807a61c70319{\nvertical-align:top;\n}\n.responsive #top #wrap_all .flex_cell.av-zk1698-9d5883bf61a17a9888ac807a61c70319{\npadding:40px 10px 40px 40px !important;\n}\n<\/style>\n<div class='flex_cell av-zk1698-9d5883bf61a17a9888ac807a61c70319 av-gridrow-cell av_one_fourth no_margin  avia-builder-el-295  el_after_av_cell_one_fourth  el_before_av_cell_one_fourth '  ><div class='flex_cell_inner'>\n<style type=\"text\/css\" data-created_by=\"avia_inline_auto\" id=\"style-css-av-ca0zw-6ab7efa587e90f893c311d1e27d31997\">\n#top .av_textblock_section.av-ca0zw-6ab7efa587e90f893c311d1e27d31997 .avia_textblock{\nfont-size:14px;\n}\n<\/style>\n<section  class='av_textblock_section av-ca0zw-6ab7efa587e90f893c311d1e27d31997 '   itemscope=\"itemscope\" itemtype=\"https:\/\/schema.org\/CreativeWork\" ><div class='avia_textblock'  itemprop=\"text\" ><h4>Spiez:<\/h4>\n<p><strong>TopPharm Apotheke Dr. Gr\u00fcnig &#8211; Niesen <\/strong>Dr. Andreas Gr\u00fcnig Oberlandstrasse 7 3700 Spiez Tel.: 033 655 50 50 <a href=\"mailto:niesen@apotheke-spiez.ch\" target=\"_blank\" rel=\"noopener noreferrer\">niesen@apotheke-spiez.ch<\/a> <a href=\"http:\/\/www.apotheke.ch\/gruenig-niesen\" target=\"_blank\" rel=\"noopener noreferrer\">www.apotheke.ch\/gruenig-niesen<\/a> <\/p>\n<\/div><\/section>\n<\/div><\/div>\n<style type=\"text\/css\" data-created_by=\"avia_inline_auto\" id=\"style-css-av-w6m8v0-98a43fee253c9d66456558a0968b33d9\">\n.flex_cell.av-w6m8v0-98a43fee253c9d66456558a0968b33d9{\nvertical-align:top;\n}\n.responsive #top #wrap_all .flex_cell.av-w6m8v0-98a43fee253c9d66456558a0968b33d9{\npadding:40px 10px 40px 40px !important;\n}\n<\/style>\n<div class='flex_cell av-w6m8v0-98a43fee253c9d66456558a0968b33d9 av-gridrow-cell av_one_fourth no_margin  avia-builder-el-297  el_after_av_cell_one_fourth  el_before_av_cell_one_fourth '  ><div class='flex_cell_inner'>\n<style type=\"text\/css\" data-created_by=\"avia_inline_auto\" id=\"style-css-av-ca0zw-6ab7efa587e90f893c311d1e27d31997\">\n#top .av_textblock_section.av-ca0zw-6ab7efa587e90f893c311d1e27d31997 .avia_textblock{\nfont-size:14px;\n}\n<\/style>\n<section  class='av_textblock_section av-ca0zw-6ab7efa587e90f893c311d1e27d31997 '   itemscope=\"itemscope\" itemtype=\"https:\/\/schema.org\/CreativeWork\" ><div class='avia_textblock'  itemprop=\"text\" ><h4>Spiez:<\/h4>\n<p><strong>TopPharm Apotheke Dr. Gr\u00fcnig &#8211; Terminus <\/strong>Dr. Anke Ebenreth Bahnhofstrasse 3700 Spiez Tel.: 033 655 50 60 <a href=\"mailto:terminus@apotheke-spiez.ch\" target=\"_blank\" rel=\"noopener noreferrer\">terminus@apotheke-spiez.ch<\/a> <a href=\"http:\/\/www.apotheke.ch\/gruenig-terminus\" target=\"_blank\" rel=\"noopener noreferrer\">www.apotheke.ch\/gruenig-terminus<\/a> <\/p>\n<\/div><\/section>\n<\/div><\/div>\n<style type=\"text\/css\" data-created_by=\"avia_inline_auto\" id=\"style-css-av-tf5cto-69097998ea736468281781e24f175e46\">\n.flex_cell.av-tf5cto-69097998ea736468281781e24f175e46{\nvertical-align:top;\n}\n.responsive #top #wrap_all .flex_cell.av-tf5cto-69097998ea736468281781e24f175e46{\npadding:40px 10px 40px 40px !important;\n}\n<\/style>\n<div class='flex_cell av-tf5cto-69097998ea736468281781e24f175e46 av-gridrow-cell av_one_fourth no_margin  avia-builder-el-299  el_after_av_cell_one_fourth  avia-builder-el-last '  ><div class='flex_cell_inner'>\n<style type=\"text\/css\" data-created_by=\"avia_inline_auto\" id=\"style-css-av-ca0zw-18eb224eeb742637a0ad24fa82678f3c\">\n#top .av_textblock_section.av-ca0zw-18eb224eeb742637a0ad24fa82678f3c .avia_textblock{\nfont-size:14px;\n}\n<\/style>\n<section  class='av_textblock_section av-ca0zw-18eb224eeb742637a0ad24fa82678f3c '   itemscope=\"itemscope\" itemtype=\"https:\/\/schema.org\/CreativeWork\" ><div class='avia_textblock'  itemprop=\"text\" ><h4>Stans:<\/h4>\n<p><strong>TopPharm Apotheke Zelger <\/strong>Elisabeth Balbi-Zelger Robert-Durrerstrasse 2 6370 Stans Tel.: 041 610 11 19 <a href=\"mailto:info@apotheke-zelger.ch\">info@apotheke-zelger.ch<\/a> <a href=\"http:\/\/www.apotheke.ch\/zelger\" target=\"_blank\" rel=\"noopener noreferrer\">www.apotheke.ch\/zelger<\/a> <\/p>\n<\/div><\/section>\n<\/div><\/div>\n<\/div>\n<div id='av-layout-grid-36'  class='av-layout-grid-container av-14u2b4c-d3e02b048e5f69916292c547f645f5c4 entry-content-wrapper main_color av-border-cells av-flex-cells  avia-builder-el-301  el_after_av_layout_row  el_before_av_layout_row  grid-row-not-first  container_wrap fullsize'  >\n\n<style type=\"text\/css\" data-created_by=\"avia_inline_auto\" id=\"style-css-av-13klnd8-9d1a2f3fe845da8bffd6580d2a92a669\">\n.flex_cell.av-13klnd8-9d1a2f3fe845da8bffd6580d2a92a669{\nvertical-align:top;\n}\n.responsive #top #wrap_all .flex_cell.av-13klnd8-9d1a2f3fe845da8bffd6580d2a92a669{\npadding:40px 10px 40px 40px !important;\n}\n<\/style>\n<div class='flex_cell av-13klnd8-9d1a2f3fe845da8bffd6580d2a92a669 av-gridrow-cell av_one_fourth no_margin  avia-builder-el-302  el_before_av_cell_one_fourth  avia-builder-el-first '  ><div class='flex_cell_inner'>\n<style type=\"text\/css\" data-created_by=\"avia_inline_auto\" id=\"style-css-av-ca0zw-6ab7efa587e90f893c311d1e27d31997\">\n#top .av_textblock_section.av-ca0zw-6ab7efa587e90f893c311d1e27d31997 .avia_textblock{\nfont-size:14px;\n}\n<\/style>\n<section  class='av_textblock_section av-ca0zw-6ab7efa587e90f893c311d1e27d31997 '   itemscope=\"itemscope\" itemtype=\"https:\/\/schema.org\/CreativeWork\" ><div class='avia_textblock'  itemprop=\"text\" ><h4>St\u00e4fa:<\/h4>\n<p><strong>TopPharm Kranich Apotheke <\/strong>Judith Amberg-M\u00fcller Bahnhofwiese 18 8712 St\u00e4fa Tel.: 044 926 83 84 <a href=\"mailto:kranich@apotheke-staefa.ch\" target=\"_blank\" rel=\"noopener noreferrer\">kranich@apotheke-staefa.ch<\/a> <a href=\"http:\/\/www.apotheke.ch\/kranich\" target=\"_blank\" rel=\"noopener noreferrer\">www.apotheke.ch\/kranich<\/a> <\/p>\n<\/div><\/section>\n<\/div><\/div>\n<style type=\"text\/css\" data-created_by=\"avia_inline_auto\" id=\"style-css-av-zk1698-9d5883bf61a17a9888ac807a61c70319\">\n.flex_cell.av-zk1698-9d5883bf61a17a9888ac807a61c70319{\nvertical-align:top;\n}\n.responsive #top #wrap_all .flex_cell.av-zk1698-9d5883bf61a17a9888ac807a61c70319{\npadding:40px 10px 40px 40px !important;\n}\n<\/style>\n<div class='flex_cell av-zk1698-9d5883bf61a17a9888ac807a61c70319 av-gridrow-cell av_one_fourth no_margin  avia-builder-el-304  el_after_av_cell_one_fourth  el_before_av_cell_one_fourth '  ><div class='flex_cell_inner'>\n<style type=\"text\/css\" data-created_by=\"avia_inline_auto\" id=\"style-css-av-u54xdo-4678566a96158a7dfa93b04d115c8642\">\n#top .av_textblock_section.av-u54xdo-4678566a96158a7dfa93b04d115c8642 .avia_textblock{\nfont-size:14px;\n}\n<\/style>\n<section  class='av_textblock_section av-u54xdo-4678566a96158a7dfa93b04d115c8642 '   itemscope=\"itemscope\" itemtype=\"https:\/\/schema.org\/CreativeWork\" ><div class='avia_textblock'  itemprop=\"text\" ><h4>St. Gallen:<\/h4>\n<p><strong>Bruggen-Apotheke<\/strong> Yvonne Geiger F\u00fcrstenlandstrasse\u00a0183 9014 St.\u00a0Gallen Tel.:\u00a0071\u00a0278\u00a014\u00a011 <a href=\"mailto:bruggen-apotheke@ovan.ch\">bruggen-apotheke@ovan.ch<\/a> <a href=\"http:\/\/www.bruggen-apotheke.ch\">www.bruggen-apotheke.ch<\/a> <img loading=\"lazy\" decoding=\"async\" class=\"alignnone wp-image-3730 size-full\" src=\"https:\/\/asthma-check.ch\/wp-content\/uploads\/Logo_AA.png\" alt=\"\" width=\"180\" height=\"23\" \/> <\/p>\n<\/div><\/section>\n<\/div><\/div>\n<style type=\"text\/css\" data-created_by=\"avia_inline_auto\" id=\"style-css-av-w6m8v0-98a43fee253c9d66456558a0968b33d9\">\n.flex_cell.av-w6m8v0-98a43fee253c9d66456558a0968b33d9{\nvertical-align:top;\n}\n.responsive #top #wrap_all .flex_cell.av-w6m8v0-98a43fee253c9d66456558a0968b33d9{\npadding:40px 10px 40px 40px !important;\n}\n<\/style>\n<div class='flex_cell av-w6m8v0-98a43fee253c9d66456558a0968b33d9 av-gridrow-cell av_one_fourth no_margin  avia-builder-el-306  el_after_av_cell_one_fourth  el_before_av_cell_one_fourth '  ><div class='flex_cell_inner'>\n<style type=\"text\/css\" data-created_by=\"avia_inline_auto\" id=\"style-css-av-ca0zw-6ab7efa587e90f893c311d1e27d31997\">\n#top .av_textblock_section.av-ca0zw-6ab7efa587e90f893c311d1e27d31997 .avia_textblock{\nfont-size:14px;\n}\n<\/style>\n<section  class='av_textblock_section av-ca0zw-6ab7efa587e90f893c311d1e27d31997 '   itemscope=\"itemscope\" itemtype=\"https:\/\/schema.org\/CreativeWork\" ><div class='avia_textblock'  itemprop=\"text\" ><h4>Sursee:<\/h4>\n<p><strong>TopPharm Apotheke Meyer <\/strong>Willy Meyer Centralstrasse 1 6210 Sursee Tel.: 041 921 51 00 <a href=\"mailto:info@apothekemeyer.ch\" target=\"_blank\" rel=\"noopener noreferrer\">info@apothekemeyer.ch<\/a> <a href=\"http:\/\/www.apotheke.ch\/meyer\" target=\"_blank\" rel=\"noopener noreferrer\">www.apotheke.ch\/meyer<\/a> <\/p>\n<\/div><\/section>\n<\/div><\/div>\n<style type=\"text\/css\" data-created_by=\"avia_inline_auto\" id=\"style-css-av-tf5cto-69097998ea736468281781e24f175e46\">\n.flex_cell.av-tf5cto-69097998ea736468281781e24f175e46{\nvertical-align:top;\n}\n.responsive #top #wrap_all .flex_cell.av-tf5cto-69097998ea736468281781e24f175e46{\npadding:40px 10px 40px 40px !important;\n}\n<\/style>\n<div class='flex_cell av-tf5cto-69097998ea736468281781e24f175e46 av-gridrow-cell av_one_fourth no_margin  avia-builder-el-308  el_after_av_cell_one_fourth  avia-builder-el-last '  ><div class='flex_cell_inner'><\/div><\/div>\n<\/div>\n<div id='av-layout-grid-37'  class='av-layout-grid-container av-14u2b4c-d3e02b048e5f69916292c547f645f5c4 entry-content-wrapper main_color av-border-cells av-flex-cells  avia-builder-el-309  el_after_av_layout_row  el_before_av_layout_row  grid-row-not-first  container_wrap fullsize'  >\n\n<style type=\"text\/css\" data-created_by=\"avia_inline_auto\" id=\"style-css-av-13klnd8-9d1a2f3fe845da8bffd6580d2a92a669\">\n.flex_cell.av-13klnd8-9d1a2f3fe845da8bffd6580d2a92a669{\nvertical-align:top;\n}\n.responsive #top #wrap_all .flex_cell.av-13klnd8-9d1a2f3fe845da8bffd6580d2a92a669{\npadding:40px 10px 40px 40px !important;\n}\n<\/style>\n<div class='flex_cell av-13klnd8-9d1a2f3fe845da8bffd6580d2a92a669 av-gridrow-cell av_one_fourth no_margin  avia-builder-el-310  el_before_av_cell_one_fourth  avia-builder-el-first '  ><div class='flex_cell_inner'>\n<style type=\"text\/css\" data-created_by=\"avia_inline_auto\" id=\"style-css-av-u54xdo-4678566a96158a7dfa93b04d115c8642\">\n#top .av_textblock_section.av-u54xdo-4678566a96158a7dfa93b04d115c8642 .avia_textblock{\nfont-size:14px;\n}\n<\/style>\n<section  class='av_textblock_section av-u54xdo-4678566a96158a7dfa93b04d115c8642 '   itemscope=\"itemscope\" itemtype=\"https:\/\/schema.org\/CreativeWork\" ><div class='avia_textblock'  itemprop=\"text\" ><h4>Thalwil:<\/h4>\n<p><strong>Central Apotheke Thalwil<\/strong> Carmelina Pacifico Gotthardstrasse 16a 8800 Thalwil Tel.: 044 720 06 93 <a href=\"mailto:info@apotheke-thalwil.ch\">info@apotheke-thalwil.ch<\/a> <a href=\"http:\/\/www.apotheke-thalwil.ch\">www.apotheke-thalwil.ch<\/a> <\/p>\n<\/div><\/section>\n<\/div><\/div>\n<style type=\"text\/css\" data-created_by=\"avia_inline_auto\" id=\"style-css-av-zk1698-9d5883bf61a17a9888ac807a61c70319\">\n.flex_cell.av-zk1698-9d5883bf61a17a9888ac807a61c70319{\nvertical-align:top;\n}\n.responsive #top #wrap_all .flex_cell.av-zk1698-9d5883bf61a17a9888ac807a61c70319{\npadding:40px 10px 40px 40px !important;\n}\n<\/style>\n<div class='flex_cell av-zk1698-9d5883bf61a17a9888ac807a61c70319 av-gridrow-cell av_one_fourth no_margin  avia-builder-el-312  el_after_av_cell_one_fourth  el_before_av_cell_one_fourth '  ><div class='flex_cell_inner'>\n<style type=\"text\/css\" data-created_by=\"avia_inline_auto\" id=\"style-css-av-ca0zw-6ab7efa587e90f893c311d1e27d31997\">\n#top .av_textblock_section.av-ca0zw-6ab7efa587e90f893c311d1e27d31997 .avia_textblock{\nfont-size:14px;\n}\n<\/style>\n<section  class='av_textblock_section av-ca0zw-6ab7efa587e90f893c311d1e27d31997 '   itemscope=\"itemscope\" itemtype=\"https:\/\/schema.org\/CreativeWork\" ><div class='avia_textblock'  itemprop=\"text\" ><h4>Thalwil:<\/h4>\n<p><strong>TopPharm Gotthard-Apotheke <\/strong>Regula Padeste Gotthardstrasse 25 8800 Thalwil Tel.: 044 720 04 70 <a href=\"mailto:info@gotthard.apotheke.ch\" target=\"_blank\" rel=\"noopener noreferrer\">info@gotthard.apotheke.ch<\/a> <a href=\"http:\/\/www.apotheke.ch\/gotthard\" target=\"_blank\" rel=\"noopener noreferrer\">www.apotheke.ch\/gotthard<\/a> <\/p>\n<\/div><\/section>\n<\/div><\/div>\n<style type=\"text\/css\" data-created_by=\"avia_inline_auto\" id=\"style-css-av-w6m8v0-98a43fee253c9d66456558a0968b33d9\">\n.flex_cell.av-w6m8v0-98a43fee253c9d66456558a0968b33d9{\nvertical-align:top;\n}\n.responsive #top #wrap_all .flex_cell.av-w6m8v0-98a43fee253c9d66456558a0968b33d9{\npadding:40px 10px 40px 40px !important;\n}\n<\/style>\n<div class='flex_cell av-w6m8v0-98a43fee253c9d66456558a0968b33d9 av-gridrow-cell av_one_fourth no_margin  avia-builder-el-314  el_after_av_cell_one_fourth  el_before_av_cell_one_fourth '  ><div class='flex_cell_inner'>\n<style type=\"text\/css\" data-created_by=\"avia_inline_auto\" id=\"style-css-av-ca0zw-6ab7efa587e90f893c311d1e27d31997\">\n#top .av_textblock_section.av-ca0zw-6ab7efa587e90f893c311d1e27d31997 .avia_textblock{\nfont-size:14px;\n}\n<\/style>\n<section  class='av_textblock_section av-ca0zw-6ab7efa587e90f893c311d1e27d31997 '   itemscope=\"itemscope\" itemtype=\"https:\/\/schema.org\/CreativeWork\" ><div class='avia_textblock'  itemprop=\"text\" ><h4>Thun:<\/h4>\n<p><strong>TopPharm Apotheke Dr. Gr\u00fcnig &#8211; Bl\u00fcmlisalp <\/strong>Brigitte Iseli Frutigenstrasse 56 3600 Thun Tel.: 033 335 35 55 <a href=\"mailto:info@bluemlisalp-apotheke.ch\" target=\"_blank\" rel=\"noopener noreferrer\">info@bluemlisalp-apotheke.ch<\/a> <a href=\"http:\/\/www.apotheke.ch\/gruenig-bluemlisalp\" target=\"_blank\" rel=\"noopener noreferrer\">www.apotheke.ch\/gruenig-bluemlisalp<\/a> <\/p>\n<\/div><\/section>\n<\/div><\/div>\n<style type=\"text\/css\" data-created_by=\"avia_inline_auto\" id=\"style-css-av-tf5cto-69097998ea736468281781e24f175e46\">\n.flex_cell.av-tf5cto-69097998ea736468281781e24f175e46{\nvertical-align:top;\n}\n.responsive #top #wrap_all .flex_cell.av-tf5cto-69097998ea736468281781e24f175e46{\npadding:40px 10px 40px 40px !important;\n}\n<\/style>\n<div class='flex_cell av-tf5cto-69097998ea736468281781e24f175e46 av-gridrow-cell av_one_fourth no_margin  avia-builder-el-316  el_after_av_cell_one_fourth  avia-builder-el-last '  ><div class='flex_cell_inner'>\n<style type=\"text\/css\" data-created_by=\"avia_inline_auto\" id=\"style-css-av-ca0zw-6ab7efa587e90f893c311d1e27d31997\">\n#top .av_textblock_section.av-ca0zw-6ab7efa587e90f893c311d1e27d31997 .avia_textblock{\nfont-size:14px;\n}\n<\/style>\n<section  class='av_textblock_section av-ca0zw-6ab7efa587e90f893c311d1e27d31997 '   itemscope=\"itemscope\" itemtype=\"https:\/\/schema.org\/CreativeWork\" ><div class='avia_textblock'  itemprop=\"text\" ><h4>Thun:<\/h4>\n<p><strong>TopPharm B\u00e4lliz Apotheke &#038; Drogerie <\/strong>Frank L\u00fcscher B\u00e4lliz 42 3600 Thun Tel.: 033 225 14 25 <a href=\"mailto:info@baelliz.ch\" target=\"_blank\" rel=\"noopener noreferrer\">info@baelliz.ch<\/a> <a href=\"http:\/\/www.apotheke.ch\/baelliz\" target=\"_blank\" rel=\"noopener noreferrer\">www.apotheke.ch\/baelliz<\/a> <\/p>\n<\/div><\/section>\n<\/div><\/div>\n<\/div>\n<div id='av-layout-grid-38'  class='av-layout-grid-container av-14u2b4c-d3e02b048e5f69916292c547f645f5c4 entry-content-wrapper main_color av-border-cells av-flex-cells  avia-builder-el-318  el_after_av_layout_row  el_before_av_layout_row  grid-row-not-first  container_wrap fullsize'  >\n\n<style type=\"text\/css\" data-created_by=\"avia_inline_auto\" id=\"style-css-av-13klnd8-9d1a2f3fe845da8bffd6580d2a92a669\">\n.flex_cell.av-13klnd8-9d1a2f3fe845da8bffd6580d2a92a669{\nvertical-align:top;\n}\n.responsive #top #wrap_all .flex_cell.av-13klnd8-9d1a2f3fe845da8bffd6580d2a92a669{\npadding:40px 10px 40px 40px !important;\n}\n<\/style>\n<div class='flex_cell av-13klnd8-9d1a2f3fe845da8bffd6580d2a92a669 av-gridrow-cell av_one_fourth no_margin  avia-builder-el-319  el_before_av_cell_one_fourth  avia-builder-el-first '  ><div class='flex_cell_inner'>\n<style type=\"text\/css\" data-created_by=\"avia_inline_auto\" id=\"style-css-av-ca0zw-6ab7efa587e90f893c311d1e27d31997\">\n#top .av_textblock_section.av-ca0zw-6ab7efa587e90f893c311d1e27d31997 .avia_textblock{\nfont-size:14px;\n}\n<\/style>\n<section  class='av_textblock_section av-ca0zw-6ab7efa587e90f893c311d1e27d31997 '   itemscope=\"itemscope\" itemtype=\"https:\/\/schema.org\/CreativeWork\" ><div class='avia_textblock'  itemprop=\"text\" ><h4>Thusis:<\/h4>\n<p><strong>TopPharm Rhein Apotheke <\/strong>J\u00fcrg Schneiter Neudorfstrasse 71 7430 Thusis Tel.: 081 651 11 10 <a href=\"mailto:rheinapo@bluewin.ch\" target=\"_blank\" rel=\"noopener noreferrer\">rheinapo@bluewin.ch<\/a> <a href=\"http:\/\/www.apotheke.ch\/thusis\" target=\"_blank\" rel=\"noopener noreferrer\">www.apotheke.ch\/thusis<\/a> <\/p>\n<\/div><\/section>\n<\/div><\/div>\n<style type=\"text\/css\" data-created_by=\"avia_inline_auto\" id=\"style-css-av-zk1698-9d5883bf61a17a9888ac807a61c70319\">\n.flex_cell.av-zk1698-9d5883bf61a17a9888ac807a61c70319{\nvertical-align:top;\n}\n.responsive #top #wrap_all .flex_cell.av-zk1698-9d5883bf61a17a9888ac807a61c70319{\npadding:40px 10px 40px 40px !important;\n}\n<\/style>\n<div class='flex_cell av-zk1698-9d5883bf61a17a9888ac807a61c70319 av-gridrow-cell av_one_fourth no_margin  avia-builder-el-321  el_after_av_cell_one_fourth  el_before_av_cell_one_fourth '  ><div class='flex_cell_inner'>\n<style type=\"text\/css\" data-created_by=\"avia_inline_auto\" id=\"style-css-av-ca0zw-18eb224eeb742637a0ad24fa82678f3c\">\n#top .av_textblock_section.av-ca0zw-18eb224eeb742637a0ad24fa82678f3c .avia_textblock{\nfont-size:14px;\n}\n<\/style>\n<section  class='av_textblock_section av-ca0zw-18eb224eeb742637a0ad24fa82678f3c '   itemscope=\"itemscope\" itemtype=\"https:\/\/schema.org\/CreativeWork\" ><div class='avia_textblock'  itemprop=\"text\" ><h4>Unterkulm:<\/h4>\n<p><strong>TopPharm Wyna-Apotheke <\/strong>Simon Wild Hauptstrasse 13 5726 Unterkulm Tel.: 062 776 16 57 <a href=\"mailto:wynaapotheke@ifak-hin.ch\">wynaapotheke@ifak-hin.ch<\/a> <a href=\"http:\/\/www.apotheke.ch\/wyna\" target=\"_blank\" rel=\"noopener noreferrer\">www.apotheke.ch\/wyna<\/a> <\/p>\n<\/div><\/section>\n<\/div><\/div>\n<style type=\"text\/css\" data-created_by=\"avia_inline_auto\" id=\"style-css-av-w6m8v0-98a43fee253c9d66456558a0968b33d9\">\n.flex_cell.av-w6m8v0-98a43fee253c9d66456558a0968b33d9{\nvertical-align:top;\n}\n.responsive #top #wrap_all .flex_cell.av-w6m8v0-98a43fee253c9d66456558a0968b33d9{\npadding:40px 10px 40px 40px !important;\n}\n<\/style>\n<div class='flex_cell av-w6m8v0-98a43fee253c9d66456558a0968b33d9 av-gridrow-cell av_one_fourth no_margin  avia-builder-el-323  el_after_av_cell_one_fourth  el_before_av_cell_one_fourth '  ><div class='flex_cell_inner'><\/div><\/div>\n<style type=\"text\/css\" data-created_by=\"avia_inline_auto\" id=\"style-css-av-tf5cto-69097998ea736468281781e24f175e46\">\n.flex_cell.av-tf5cto-69097998ea736468281781e24f175e46{\nvertical-align:top;\n}\n.responsive #top #wrap_all .flex_cell.av-tf5cto-69097998ea736468281781e24f175e46{\npadding:40px 10px 40px 40px !important;\n}\n<\/style>\n<div class='flex_cell av-tf5cto-69097998ea736468281781e24f175e46 av-gridrow-cell av_one_fourth no_margin  avia-builder-el-324  el_after_av_cell_one_fourth  avia-builder-el-last '  ><div class='flex_cell_inner'><\/div><\/div>\n<\/div>\n<div id='av-layout-grid-39'  class='av-layout-grid-container av-14u2b4c-d3e02b048e5f69916292c547f645f5c4 entry-content-wrapper main_color av-border-cells av-flex-cells  avia-builder-el-325  el_after_av_layout_row  el_before_av_layout_row  grid-row-not-first  container_wrap fullsize'  >\n\n<style type=\"text\/css\" data-created_by=\"avia_inline_auto\" id=\"style-css-av-13klnd8-9d1a2f3fe845da8bffd6580d2a92a669\">\n.flex_cell.av-13klnd8-9d1a2f3fe845da8bffd6580d2a92a669{\nvertical-align:top;\n}\n.responsive #top #wrap_all .flex_cell.av-13klnd8-9d1a2f3fe845da8bffd6580d2a92a669{\npadding:40px 10px 40px 40px !important;\n}\n<\/style>\n<div class='flex_cell av-13klnd8-9d1a2f3fe845da8bffd6580d2a92a669 av-gridrow-cell av_one_fourth no_margin  avia-builder-el-326  el_before_av_cell_one_fourth  avia-builder-el-first '  ><div class='flex_cell_inner'>\n<style type=\"text\/css\" data-created_by=\"avia_inline_auto\" id=\"style-css-av-qsx2ws-45f0a5427243eeda00f671d817418297\">\n#top .av_textblock_section.av-qsx2ws-45f0a5427243eeda00f671d817418297 .avia_textblock{\nfont-size:14px;\n}\n<\/style>\n<section  class='av_textblock_section av-qsx2ws-45f0a5427243eeda00f671d817418297 '   itemscope=\"itemscope\" itemtype=\"https:\/\/schema.org\/CreativeWork\" ><div class='avia_textblock'  itemprop=\"text\" ><h4>Visp:<\/h4>\n<p><strong>Apotheke Lagger Visp<\/strong> Carole Lagger-Hildbrand Bahnhofstrasse 17 3930 Visp Tel.:\u00a0027 946 23 12 <a href=\"mailto:lagger.visp@ovan.ch\">lagger.visp@ovan.ch<\/a> <a href=\"http:\/\/www.apotheke-lagger.ch\" target=\"_blank\" rel=\"noopener noreferrer\">www.apotheke-lagger.ch<\/a> <\/p>\n<\/div><\/section>\n<\/div><\/div>\n<style type=\"text\/css\" data-created_by=\"avia_inline_auto\" id=\"style-css-av-zk1698-9d5883bf61a17a9888ac807a61c70319\">\n.flex_cell.av-zk1698-9d5883bf61a17a9888ac807a61c70319{\nvertical-align:top;\n}\n.responsive #top #wrap_all .flex_cell.av-zk1698-9d5883bf61a17a9888ac807a61c70319{\npadding:40px 10px 40px 40px !important;\n}\n<\/style>\n<div class='flex_cell av-zk1698-9d5883bf61a17a9888ac807a61c70319 av-gridrow-cell av_one_fourth no_margin  avia-builder-el-328  el_after_av_cell_one_fourth  el_before_av_cell_one_fourth '  ><div class='flex_cell_inner'>\n<style type=\"text\/css\" data-created_by=\"avia_inline_auto\" id=\"style-css-av-qsx2ws-45f0a5427243eeda00f671d817418297\">\n#top .av_textblock_section.av-qsx2ws-45f0a5427243eeda00f671d817418297 .avia_textblock{\nfont-size:14px;\n}\n<\/style>\n<section  class='av_textblock_section av-qsx2ws-45f0a5427243eeda00f671d817418297 '   itemscope=\"itemscope\" itemtype=\"https:\/\/schema.org\/CreativeWork\" ><div class='avia_textblock'  itemprop=\"text\" ><h4>Vuadens:<\/h4>\n<p><strong>Pharmacieplus de Vuadens<\/strong> Zejnep Mejdi Route Principale 166 1628 Vuadens Tel.: 026 552 50 60 <a href=\"vuadens.fr@pharmacieplus.ch\">vuadens.fr@pharmacieplus.ch<\/a> <\/p>\n<\/div><\/section>\n<\/div><\/div>\n<style type=\"text\/css\" data-created_by=\"avia_inline_auto\" id=\"style-css-av-w6m8v0-98a43fee253c9d66456558a0968b33d9\">\n.flex_cell.av-w6m8v0-98a43fee253c9d66456558a0968b33d9{\nvertical-align:top;\n}\n.responsive #top #wrap_all .flex_cell.av-w6m8v0-98a43fee253c9d66456558a0968b33d9{\npadding:40px 10px 40px 40px !important;\n}\n<\/style>\n<div class='flex_cell av-w6m8v0-98a43fee253c9d66456558a0968b33d9 av-gridrow-cell av_one_fourth no_margin  avia-builder-el-330  el_after_av_cell_one_fourth  el_before_av_cell_one_fourth '  ><div class='flex_cell_inner'>\n<style type=\"text\/css\" data-created_by=\"avia_inline_auto\" id=\"style-css-av-19hkegc-149893c166953debb3eae9701d5e5267\">\n#top .av_textblock_section.av-19hkegc-149893c166953debb3eae9701d5e5267 .avia_textblock{\nfont-size:14px;\n}\n<\/style>\n<section  class='av_textblock_section av-19hkegc-149893c166953debb3eae9701d5e5267 '   itemscope=\"itemscope\" itemtype=\"https:\/\/schema.org\/CreativeWork\" ><div class='avia_textblock'  itemprop=\"text\" ><h4 style=\"margin-bottom: 10px;\">Wabern:<\/h4>\n<p><strong>TopPharm Gurten Apotheke<\/strong> Eva-Maria Franz Seftigenstrasse 219 3084 Wabern Tel.: 031 961 26 10 <a href=\"mailto:info@gurtenapotheke.ch\">info@gurtenapotheke.ch<\/a> <a href=\"http:\/\/www.gurtenapotheke.ch\" target=\"_blank\" rel=\"noopener noreferrer\">www.gurtenapotheke.ch<\/a> <\/p>\n<\/div><\/section>\n<\/div><\/div>\n<style type=\"text\/css\" data-created_by=\"avia_inline_auto\" id=\"style-css-av-tf5cto-69097998ea736468281781e24f175e46\">\n.flex_cell.av-tf5cto-69097998ea736468281781e24f175e46{\nvertical-align:top;\n}\n.responsive #top #wrap_all .flex_cell.av-tf5cto-69097998ea736468281781e24f175e46{\npadding:40px 10px 40px 40px !important;\n}\n<\/style>\n<div class='flex_cell av-tf5cto-69097998ea736468281781e24f175e46 av-gridrow-cell av_one_fourth no_margin  avia-builder-el-332  el_after_av_cell_one_fourth  avia-builder-el-last '  ><div class='flex_cell_inner'>\n<style type=\"text\/css\" data-created_by=\"avia_inline_auto\" id=\"style-css-av-114rzx8-478b29bb38680a07ab4b33572af9e409\">\n#top .av_textblock_section.av-114rzx8-478b29bb38680a07ab4b33572af9e409 .avia_textblock{\nfont-size:14px;\n}\n<\/style>\n<section  class='av_textblock_section av-114rzx8-478b29bb38680a07ab4b33572af9e409 '   itemscope=\"itemscope\" itemtype=\"https:\/\/schema.org\/CreativeWork\" ><div class='avia_textblock'  itemprop=\"text\" ><h4 style=\"margin-bottom: 10px;\">Wettingen:<\/h4>\n<p><strong>TopPharm Rathaus-Apotheke <\/strong> Dr. Hans J\u00fcrg Engel Landstrasse 77 5430 Wettingen Tel.: 056 426 77 44 <a href=\"mailto:rathaus-apo@hin.ch\">rathaus-apo@hin.ch<\/a> <a href=\"http:\/\/www.apotheke.ch\/rathaus-wettingen\" target=\"_blank\" rel=\"noopener noreferrer\">www.apotheke.ch\/rathaus-wettingen<\/a> <\/p>\n<\/div><\/section>\n<\/div><\/div>\n<\/div>\n<div id='av-layout-grid-40'  class='av-layout-grid-container av-14u2b4c-d3e02b048e5f69916292c547f645f5c4 entry-content-wrapper main_color av-border-cells av-flex-cells  avia-builder-el-334  el_after_av_layout_row  el_before_av_layout_row  grid-row-not-first  container_wrap fullsize'  >\n\n<style type=\"text\/css\" data-created_by=\"avia_inline_auto\" id=\"style-css-av-13klnd8-9d1a2f3fe845da8bffd6580d2a92a669\">\n.flex_cell.av-13klnd8-9d1a2f3fe845da8bffd6580d2a92a669{\nvertical-align:top;\n}\n.responsive #top #wrap_all .flex_cell.av-13klnd8-9d1a2f3fe845da8bffd6580d2a92a669{\npadding:40px 10px 40px 40px !important;\n}\n<\/style>\n<div class='flex_cell av-13klnd8-9d1a2f3fe845da8bffd6580d2a92a669 av-gridrow-cell av_one_fourth no_margin  avia-builder-el-335  el_before_av_cell_one_fourth  avia-builder-el-first '  ><div class='flex_cell_inner'>\n<style type=\"text\/css\" data-created_by=\"avia_inline_auto\" id=\"style-css-av-114rzx8-478b29bb38680a07ab4b33572af9e409\">\n#top .av_textblock_section.av-114rzx8-478b29bb38680a07ab4b33572af9e409 .avia_textblock{\nfont-size:14px;\n}\n<\/style>\n<section  class='av_textblock_section av-114rzx8-478b29bb38680a07ab4b33572af9e409 '   itemscope=\"itemscope\" itemtype=\"https:\/\/schema.org\/CreativeWork\" ><div class='avia_textblock'  itemprop=\"text\" ><h4 style=\"margin-bottom: 10px;\">Wetzikon:<\/h4>\n<p><strong>Apotheke Drogerie Kempten<\/strong> Edith Kleisner Bahnhofstrasse 257 8623 Wetzikon Tel.: 044 930 05 80 <a href=\"mailto:info@apotheke-kempten.ch\">info@apotheke-kempten.ch<\/a> <a href=\"http:\/\/www.apotheke-kempten.ch\">www.apotheke-kempten.ch<\/a> <\/p>\n<\/div><\/section>\n<\/div><\/div>\n<style type=\"text\/css\" data-created_by=\"avia_inline_auto\" id=\"style-css-av-zk1698-9d5883bf61a17a9888ac807a61c70319\">\n.flex_cell.av-zk1698-9d5883bf61a17a9888ac807a61c70319{\nvertical-align:top;\n}\n.responsive #top #wrap_all .flex_cell.av-zk1698-9d5883bf61a17a9888ac807a61c70319{\npadding:40px 10px 40px 40px !important;\n}\n<\/style>\n<div class='flex_cell av-zk1698-9d5883bf61a17a9888ac807a61c70319 av-gridrow-cell av_one_fourth no_margin  avia-builder-el-337  el_after_av_cell_one_fourth  el_before_av_cell_one_fourth '  ><div class='flex_cell_inner'>\n<style type=\"text\/css\" data-created_by=\"avia_inline_auto\" id=\"style-css-av-114rzx8-478b29bb38680a07ab4b33572af9e409\">\n#top .av_textblock_section.av-114rzx8-478b29bb38680a07ab4b33572af9e409 .avia_textblock{\nfont-size:14px;\n}\n<\/style>\n<section  class='av_textblock_section av-114rzx8-478b29bb38680a07ab4b33572af9e409 '   itemscope=\"itemscope\" itemtype=\"https:\/\/schema.org\/CreativeWork\" ><div class='avia_textblock'  itemprop=\"text\" ><h4 style=\"margin-bottom: 10px;\">Wil:<\/h4>\n<p><strong>TopPharm St. Peter Apotheke Drogerie Sanit\u00e4tsgesch\u00e4ft<\/strong> Marco Canevascini Untere Bahnhofstrasse 16 9500 Wil Tel.: 071 914 80 80 <a href=\"mailto:info@sanpietro.ch\">info@sanpietro.ch<\/a> <a href=\"http:\/\/www.apotheke.ch\/stpeter\" target=\"_blank\" rel=\"noopener noreferrer\">www.apotheke.ch\/stpeter<\/a> <\/p>\n<\/div><\/section>\n<\/div><\/div>\n<style type=\"text\/css\" data-created_by=\"avia_inline_auto\" id=\"style-css-av-w6m8v0-98a43fee253c9d66456558a0968b33d9\">\n.flex_cell.av-w6m8v0-98a43fee253c9d66456558a0968b33d9{\nvertical-align:top;\n}\n.responsive #top #wrap_all .flex_cell.av-w6m8v0-98a43fee253c9d66456558a0968b33d9{\npadding:40px 10px 40px 40px !important;\n}\n<\/style>\n<div class='flex_cell av-w6m8v0-98a43fee253c9d66456558a0968b33d9 av-gridrow-cell av_one_fourth no_margin  avia-builder-el-339  el_after_av_cell_one_fourth  el_before_av_cell_one_fourth '  ><div class='flex_cell_inner'>\n<style type=\"text\/css\" data-created_by=\"avia_inline_auto\" id=\"style-css-av-114rzx8-a619d860e9ee34564ff2e57739778adf\">\n#top .av_textblock_section.av-114rzx8-a619d860e9ee34564ff2e57739778adf .avia_textblock{\nfont-size:14px;\n}\n<\/style>\n<section  class='av_textblock_section av-114rzx8-a619d860e9ee34564ff2e57739778adf '   itemscope=\"itemscope\" itemtype=\"https:\/\/schema.org\/CreativeWork\" ><div class='avia_textblock'  itemprop=\"text\" ><h4 style=\"margin-bottom: 10px;\">Windisch:<\/h4>\n<p><strong>Vindonissa Rotpunkt Apotheke<\/strong> Angelika Oleas Z\u00fcrcherstrasse 26 5210 Windisch Tel.: 056 441 47 41 <a href=\"mailto:info@vindonissa.apotheke.ch\">info@vindonissa.apotheke.ch<\/a> <a href=\"http:\/\/www.apotheke.ch\/vindonissa\" target=\"_blank\" rel=\"noopener noreferrer\">www.apotheke.ch\/vindonissa<\/a> <\/p>\n<\/div><\/section>\n<\/div><\/div>\n<style type=\"text\/css\" data-created_by=\"avia_inline_auto\" id=\"style-css-av-tf5cto-69097998ea736468281781e24f175e46\">\n.flex_cell.av-tf5cto-69097998ea736468281781e24f175e46{\nvertical-align:top;\n}\n.responsive #top #wrap_all .flex_cell.av-tf5cto-69097998ea736468281781e24f175e46{\npadding:40px 10px 40px 40px !important;\n}\n<\/style>\n<div class='flex_cell av-tf5cto-69097998ea736468281781e24f175e46 av-gridrow-cell av_one_fourth no_margin  avia-builder-el-341  el_after_av_cell_one_fourth  avia-builder-el-last '  ><div class='flex_cell_inner'>\n<style type=\"text\/css\" data-created_by=\"avia_inline_auto\" id=\"style-css-av-114rzx8-478b29bb38680a07ab4b33572af9e409\">\n#top .av_textblock_section.av-114rzx8-478b29bb38680a07ab4b33572af9e409 .avia_textblock{\nfont-size:14px;\n}\n<\/style>\n<section  class='av_textblock_section av-114rzx8-478b29bb38680a07ab4b33572af9e409 '   itemscope=\"itemscope\" itemtype=\"https:\/\/schema.org\/CreativeWork\" ><div class='avia_textblock'  itemprop=\"text\" ><h4 style=\"margin-bottom: 10px;\">Willisau:<\/h4>\n<p><strong>Apotheke Willisau<\/strong> Rita Santalucia Postplatz 3 6130\u00a0Willisau Tel.:\u00a0041 970 17 01 <a href=\"mailto:mail@apowil.ch\">mail@apowil.ch<\/a> <a href=\"http:\/\/www.apotheke-willisau.ch\" target=\"_blank\" rel=\"noopener noreferrer\">www.apotheke-willisau.ch<\/a> <\/p>\n<\/div><\/section>\n<\/div><\/div>\n<\/div>\n<div id='av-layout-grid-41'  class='av-layout-grid-container av-14u2b4c-d3e02b048e5f69916292c547f645f5c4 entry-content-wrapper main_color av-border-cells av-flex-cells  avia-builder-el-343  el_after_av_layout_row  el_before_av_layout_row  grid-row-not-first  container_wrap fullsize'  >\n\n<style type=\"text\/css\" data-created_by=\"avia_inline_auto\" id=\"style-css-av-13klnd8-9d1a2f3fe845da8bffd6580d2a92a669\">\n.flex_cell.av-13klnd8-9d1a2f3fe845da8bffd6580d2a92a669{\nvertical-align:top;\n}\n.responsive #top #wrap_all .flex_cell.av-13klnd8-9d1a2f3fe845da8bffd6580d2a92a669{\npadding:40px 10px 40px 40px !important;\n}\n<\/style>\n<div class='flex_cell av-13klnd8-9d1a2f3fe845da8bffd6580d2a92a669 av-gridrow-cell av_one_fourth no_margin  avia-builder-el-344  el_before_av_cell_one_fourth  avia-builder-el-first '  ><div class='flex_cell_inner'>\n<style type=\"text\/css\" data-created_by=\"avia_inline_auto\" id=\"style-css-av-114rzx8-478b29bb38680a07ab4b33572af9e409\">\n#top .av_textblock_section.av-114rzx8-478b29bb38680a07ab4b33572af9e409 .avia_textblock{\nfont-size:14px;\n}\n<\/style>\n<section  class='av_textblock_section av-114rzx8-478b29bb38680a07ab4b33572af9e409 '   itemscope=\"itemscope\" itemtype=\"https:\/\/schema.org\/CreativeWork\" ><div class='avia_textblock'  itemprop=\"text\" ><h4 style=\"margin-bottom: 10px;\">Winterthur:<\/h4>\n<p><strong>Adler Apotheke<\/strong> Florian Meier Untertor 39 \/ Bahnhofplatz 2 8400\u00a0Winterthur Tel.:\u00a0052\u00a0269 08 51 <a href=\"mailto:info@adlershop.ch\">info@adlershop.ch<\/a> <a href=\"http:\/\/www.adlershop.ch\">http:\/\/www.adlershop.ch<\/a> <\/p>\n<\/div><\/section>\n<\/div><\/div>\n<style type=\"text\/css\" data-created_by=\"avia_inline_auto\" id=\"style-css-av-zk1698-9d5883bf61a17a9888ac807a61c70319\">\n.flex_cell.av-zk1698-9d5883bf61a17a9888ac807a61c70319{\nvertical-align:top;\n}\n.responsive #top #wrap_all .flex_cell.av-zk1698-9d5883bf61a17a9888ac807a61c70319{\npadding:40px 10px 40px 40px !important;\n}\n<\/style>\n<div class='flex_cell av-zk1698-9d5883bf61a17a9888ac807a61c70319 av-gridrow-cell av_one_fourth no_margin  avia-builder-el-346  el_after_av_cell_one_fourth  el_before_av_cell_one_fourth '  ><div class='flex_cell_inner'>\n<style type=\"text\/css\" data-created_by=\"avia_inline_auto\" id=\"style-css-av-114rzx8-478b29bb38680a07ab4b33572af9e409\">\n#top .av_textblock_section.av-114rzx8-478b29bb38680a07ab4b33572af9e409 .avia_textblock{\nfont-size:14px;\n}\n<\/style>\n<section  class='av_textblock_section av-114rzx8-478b29bb38680a07ab4b33572af9e409 '   itemscope=\"itemscope\" itemtype=\"https:\/\/schema.org\/CreativeWork\" ><div class='avia_textblock'  itemprop=\"text\" ><h4 style=\"margin-bottom: 10px;\">Winterthur:<\/h4>\n<p><strong>TopPharm Apotheke W\u00fclflingen<\/strong> Claudia F\u00e4h W\u00fclflingerstrasse 254 8408 Winterthur Tel.: 052 222 32 79 <a href=\"mailto:apo.wuelflingen@ovan.ch\">apo.wuelflingen@ovan.ch<\/a> <a href=\"http:\/\/www.apotheke.ch\/wuelflingen\">www.apotheke.ch\/wuelflingen<\/a> <\/p>\n<\/div><\/section>\n<\/div><\/div>\n<style type=\"text\/css\" data-created_by=\"avia_inline_auto\" id=\"style-css-av-w6m8v0-98a43fee253c9d66456558a0968b33d9\">\n.flex_cell.av-w6m8v0-98a43fee253c9d66456558a0968b33d9{\nvertical-align:top;\n}\n.responsive #top #wrap_all .flex_cell.av-w6m8v0-98a43fee253c9d66456558a0968b33d9{\npadding:40px 10px 40px 40px !important;\n}\n<\/style>\n<div class='flex_cell av-w6m8v0-98a43fee253c9d66456558a0968b33d9 av-gridrow-cell av_one_fourth no_margin  avia-builder-el-348  el_after_av_cell_one_fourth  el_before_av_cell_one_fourth '  ><div class='flex_cell_inner'>\n<style type=\"text\/css\" data-created_by=\"avia_inline_auto\" id=\"style-css-av-ca0zw-6ab7efa587e90f893c311d1e27d31997\">\n#top .av_textblock_section.av-ca0zw-6ab7efa587e90f893c311d1e27d31997 .avia_textblock{\nfont-size:14px;\n}\n<\/style>\n<section  class='av_textblock_section av-ca0zw-6ab7efa587e90f893c311d1e27d31997 '   itemscope=\"itemscope\" itemtype=\"https:\/\/schema.org\/CreativeWork\" ><div class='avia_textblock'  itemprop=\"text\" ><h4 style=\"margin-bottom: 10px;\">Winterthur:<\/h4>\n<p><strong>TopPharm R\u00f6mer Apotheke<\/strong> Annette Prohaska R\u00f6merstrasse\u00a0232 8404\u00a0Winterthur Tel.:\u00a0052\u00a0242\u00a036\u00a060 <a href=\"mailto:roemer@ovan.ch\">roemer@ovan.ch<\/a> <a href=\"http:\/\/top-roemer.apotheke.ch\" target=\"_blank\" rel=\"noopener noreferrer\">top-roemer.apotheke.ch<\/a> <img loading=\"lazy\" decoding=\"async\" class=\"alignnone wp-image-3730 size-full\" src=\"https:\/\/asthma-check.ch\/wp-content\/uploads\/Logo_AA.png\" alt=\"\" width=\"180\" height=\"23\" \/> <\/p>\n<\/div><\/section>\n<\/div><\/div>\n<style type=\"text\/css\" data-created_by=\"avia_inline_auto\" id=\"style-css-av-tf5cto-69097998ea736468281781e24f175e46\">\n.flex_cell.av-tf5cto-69097998ea736468281781e24f175e46{\nvertical-align:top;\n}\n.responsive #top #wrap_all .flex_cell.av-tf5cto-69097998ea736468281781e24f175e46{\npadding:40px 10px 40px 40px !important;\n}\n<\/style>\n<div class='flex_cell av-tf5cto-69097998ea736468281781e24f175e46 av-gridrow-cell av_one_fourth no_margin  avia-builder-el-350  el_after_av_cell_one_fourth  avia-builder-el-last '  ><div class='flex_cell_inner'>\n<style type=\"text\/css\" data-created_by=\"avia_inline_auto\" id=\"style-css-av-114rzx8-478b29bb38680a07ab4b33572af9e409\">\n#top .av_textblock_section.av-114rzx8-478b29bb38680a07ab4b33572af9e409 .avia_textblock{\nfont-size:14px;\n}\n<\/style>\n<section  class='av_textblock_section av-114rzx8-478b29bb38680a07ab4b33572af9e409 '   itemscope=\"itemscope\" itemtype=\"https:\/\/schema.org\/CreativeWork\" ><div class='avia_textblock'  itemprop=\"text\" ><h4 style=\"margin-bottom: 10px;\">Wohlen:<\/h4>\n<p><strong>Apotheke K\u00fclling<\/strong> Stefanie Dos Santos Zentralstrasse 29 5610 Wohlen Tel.: 056 618 46 46 <a href=\"mailto:info@apokuelling.ch\">info@apokuelling.ch<\/a> <a href=\"http:\/\/www.apokuelling.ch\">www.apokuelling.ch<\/a> <\/p>\n<\/div><\/section>\n<\/div><\/div>\n<\/div>\n<div id='av-layout-grid-42'  class='av-layout-grid-container av-14u2b4c-d3e02b048e5f69916292c547f645f5c4 entry-content-wrapper main_color av-border-cells av-flex-cells  avia-builder-el-352  el_after_av_layout_row  el_before_av_layout_row  grid-row-not-first  container_wrap fullsize'  >\n\n<style type=\"text\/css\" data-created_by=\"avia_inline_auto\" id=\"style-css-av-13klnd8-9d1a2f3fe845da8bffd6580d2a92a669\">\n.flex_cell.av-13klnd8-9d1a2f3fe845da8bffd6580d2a92a669{\nvertical-align:top;\n}\n.responsive #top #wrap_all .flex_cell.av-13klnd8-9d1a2f3fe845da8bffd6580d2a92a669{\npadding:40px 10px 40px 40px !important;\n}\n<\/style>\n<div class='flex_cell av-13klnd8-9d1a2f3fe845da8bffd6580d2a92a669 av-gridrow-cell av_one_fourth no_margin  avia-builder-el-353  el_before_av_cell_one_fourth  avia-builder-el-first '  ><div class='flex_cell_inner'>\n<style type=\"text\/css\" data-created_by=\"avia_inline_auto\" id=\"style-css-av-114rzx8-478b29bb38680a07ab4b33572af9e409\">\n#top .av_textblock_section.av-114rzx8-478b29bb38680a07ab4b33572af9e409 .avia_textblock{\nfont-size:14px;\n}\n<\/style>\n<section  class='av_textblock_section av-114rzx8-478b29bb38680a07ab4b33572af9e409 '   itemscope=\"itemscope\" itemtype=\"https:\/\/schema.org\/CreativeWork\" ><div class='avia_textblock'  itemprop=\"text\" ><h4 style=\"margin-bottom: 10px;\">Wollerau:<\/h4>\n<p><strong>H\u00f6fner Apotheke<\/strong> Oliver Kuonen W\u00e4chlenstrasse 5 8832 Wollerau Tel.: 044 785 07 12 <a href=\"mailto:hoefner-apotheke@bluewin.ch\">hoefner-apotheke@bluewin.ch<\/a> <a href=\"http:\/\/www.hoefner-apotheke.ch\">www.hoefner-apotheke.ch<\/a> <\/p>\n<\/div><\/section>\n<\/div><\/div>\n<style type=\"text\/css\" data-created_by=\"avia_inline_auto\" id=\"style-css-av-zk1698-9d5883bf61a17a9888ac807a61c70319\">\n.flex_cell.av-zk1698-9d5883bf61a17a9888ac807a61c70319{\nvertical-align:top;\n}\n.responsive #top #wrap_all .flex_cell.av-zk1698-9d5883bf61a17a9888ac807a61c70319{\npadding:40px 10px 40px 40px !important;\n}\n<\/style>\n<div class='flex_cell av-zk1698-9d5883bf61a17a9888ac807a61c70319 av-gridrow-cell av_one_fourth no_margin  avia-builder-el-355  el_after_av_cell_one_fourth  el_before_av_cell_one_fourth '  ><div class='flex_cell_inner'>\n<style type=\"text\/css\" data-created_by=\"avia_inline_auto\" id=\"style-css-av-u54xdo-4678566a96158a7dfa93b04d115c8642\">\n#top .av_textblock_section.av-u54xdo-4678566a96158a7dfa93b04d115c8642 .avia_textblock{\nfont-size:14px;\n}\n<\/style>\n<section  class='av_textblock_section av-u54xdo-4678566a96158a7dfa93b04d115c8642 '   itemscope=\"itemscope\" itemtype=\"https:\/\/schema.org\/CreativeWork\" ><div class='avia_textblock'  itemprop=\"text\" ><h4 style=\"margin-bottom: 10px;\">Zug:<\/h4>\n<p><strong>Herti Apotheke und Drogerie AG<\/strong> Gisler Martina Hertizentrum 10 6300 Zug Tel.: 041 711 85 00 <a href=\"mailto:info@hertiapotheke.ch\">info@hertiapotheke.ch<\/a> <a href=\"http:\/\/www.hertiapotheke.ch\">www.hertiapotheke.ch<\/a> <\/p>\n<\/div><\/section>\n<\/div><\/div>\n<style type=\"text\/css\" data-created_by=\"avia_inline_auto\" id=\"style-css-av-w6m8v0-98a43fee253c9d66456558a0968b33d9\">\n.flex_cell.av-w6m8v0-98a43fee253c9d66456558a0968b33d9{\nvertical-align:top;\n}\n.responsive #top #wrap_all .flex_cell.av-w6m8v0-98a43fee253c9d66456558a0968b33d9{\npadding:40px 10px 40px 40px !important;\n}\n<\/style>\n<div class='flex_cell av-w6m8v0-98a43fee253c9d66456558a0968b33d9 av-gridrow-cell av_one_fourth no_margin  avia-builder-el-357  el_after_av_cell_one_fourth  el_before_av_cell_one_fourth '  ><div class='flex_cell_inner'>\n<style type=\"text\/css\" data-created_by=\"avia_inline_auto\" id=\"style-css-av-u54xdo-4678566a96158a7dfa93b04d115c8642\">\n#top .av_textblock_section.av-u54xdo-4678566a96158a7dfa93b04d115c8642 .avia_textblock{\nfont-size:14px;\n}\n<\/style>\n<section  class='av_textblock_section av-u54xdo-4678566a96158a7dfa93b04d115c8642 '   itemscope=\"itemscope\" itemtype=\"https:\/\/schema.org\/CreativeWork\" ><div class='avia_textblock'  itemprop=\"text\" ><h4 style=\"margin-bottom: 10px;\">Z\u00fcrich:<\/h4>\n<p><strong>Apotheke Affoltern\u00a0AG<\/strong> Cornelia Fischer Wehntalerstrasse 296 8046\u00a0Z\u00fcrich Tel.:\u00a0044\u00a0371\u00a025\u00a033 <a href=\"mailto:info@apothekeaffoltern.ch\">info@apothekeaffoltern.ch<\/a> <a href=\"http:\/\/www.apothekeaffoltern.ch\" target=\"_blank\" rel=\"noopener noreferrer\">www.apothekeaffoltern.ch<\/a> <\/p>\n<\/div><\/section>\n<\/div><\/div>\n<style type=\"text\/css\" data-created_by=\"avia_inline_auto\" id=\"style-css-av-tf5cto-69097998ea736468281781e24f175e46\">\n.flex_cell.av-tf5cto-69097998ea736468281781e24f175e46{\nvertical-align:top;\n}\n.responsive #top #wrap_all .flex_cell.av-tf5cto-69097998ea736468281781e24f175e46{\npadding:40px 10px 40px 40px !important;\n}\n<\/style>\n<div class='flex_cell av-tf5cto-69097998ea736468281781e24f175e46 av-gridrow-cell av_one_fourth no_margin  avia-builder-el-359  el_after_av_cell_one_fourth  avia-builder-el-last '  ><div class='flex_cell_inner'>\n<style type=\"text\/css\" data-created_by=\"avia_inline_auto\" id=\"style-css-av-qsx2ws-45f0a5427243eeda00f671d817418297\">\n#top .av_textblock_section.av-qsx2ws-45f0a5427243eeda00f671d817418297 .avia_textblock{\nfont-size:14px;\n}\n<\/style>\n<section  class='av_textblock_section av-qsx2ws-45f0a5427243eeda00f671d817418297 '   itemscope=\"itemscope\" itemtype=\"https:\/\/schema.org\/CreativeWork\" ><div class='avia_textblock'  itemprop=\"text\" ><h4 style=\"margin-bottom: 10px;\">Z\u00fcrich:<\/h4>\n<p><strong>Apotheke zum M\u00f6rser<\/strong> Claudio Pelloni Hirzenbachstrasse 40 8051 Z\u00fcrich Tel.: 044 322 00 62 <a href=\"mailto:azm@ovan.ch\">azm@ovan.ch<\/a> <a href=\"http:\/\/www.apothekezummoerser.ch\" target=\"_blank\" rel=\"noopener noreferrer\">www.apothekezummoerser.ch<\/a> <\/p>\n<\/div><\/section>\n<\/div><\/div>\n<\/div>\n<div id='av-layout-grid-43'  class='av-layout-grid-container av-14u2b4c-d3e02b048e5f69916292c547f645f5c4 entry-content-wrapper main_color av-border-cells av-flex-cells  avia-builder-el-361  el_after_av_layout_row  el_before_av_layout_row  grid-row-not-first  container_wrap fullsize'  >\n\n<style type=\"text\/css\" data-created_by=\"avia_inline_auto\" id=\"style-css-av-13klnd8-9d1a2f3fe845da8bffd6580d2a92a669\">\n.flex_cell.av-13klnd8-9d1a2f3fe845da8bffd6580d2a92a669{\nvertical-align:top;\n}\n.responsive #top #wrap_all .flex_cell.av-13klnd8-9d1a2f3fe845da8bffd6580d2a92a669{\npadding:40px 10px 40px 40px !important;\n}\n<\/style>\n<div class='flex_cell av-13klnd8-9d1a2f3fe845da8bffd6580d2a92a669 av-gridrow-cell av_one_fourth no_margin  avia-builder-el-362  el_before_av_cell_one_fourth  avia-builder-el-first '  ><div class='flex_cell_inner'>\n<style type=\"text\/css\" data-created_by=\"avia_inline_auto\" id=\"style-css-av-114rzx8-478b29bb38680a07ab4b33572af9e409\">\n#top .av_textblock_section.av-114rzx8-478b29bb38680a07ab4b33572af9e409 .avia_textblock{\nfont-size:14px;\n}\n<\/style>\n<section  class='av_textblock_section av-114rzx8-478b29bb38680a07ab4b33572af9e409 '   itemscope=\"itemscope\" itemtype=\"https:\/\/schema.org\/CreativeWork\" ><div class='avia_textblock'  itemprop=\"text\" ><h4 style=\"margin-bottom: 10px;\">Z\u00fcrich:<\/h4>\n<p><strong>B\u00e4ren-Apotheke<\/strong> Dr.\u00a0Christoph Hiltbrunner Kalkbreitestrasse\u00a0131 8003 Z\u00fcrich Tel.: 044\u00a0462\u00a041\u00a044 <a href=\"mailto:baerenapotheke@ovan.ch\">baerenapotheke@ovan.ch<\/a> <a href=\"http:\/\/www.baeren-apotheke.ch\" target=\"_blank\" rel=\"noopener noreferrer\">www.baeren-apotheke.ch<\/a> <\/p>\n<\/div><\/section>\n<\/div><\/div>\n<style type=\"text\/css\" data-created_by=\"avia_inline_auto\" id=\"style-css-av-zk1698-9d5883bf61a17a9888ac807a61c70319\">\n.flex_cell.av-zk1698-9d5883bf61a17a9888ac807a61c70319{\nvertical-align:top;\n}\n.responsive #top #wrap_all .flex_cell.av-zk1698-9d5883bf61a17a9888ac807a61c70319{\npadding:40px 10px 40px 40px !important;\n}\n<\/style>\n<div class='flex_cell av-zk1698-9d5883bf61a17a9888ac807a61c70319 av-gridrow-cell av_one_fourth no_margin  avia-builder-el-364  el_after_av_cell_one_fourth  el_before_av_cell_one_fourth '  ><div class='flex_cell_inner'>\n<style type=\"text\/css\" data-created_by=\"avia_inline_auto\" id=\"style-css-av-ca0zw-6ab7efa587e90f893c311d1e27d31997\">\n#top .av_textblock_section.av-ca0zw-6ab7efa587e90f893c311d1e27d31997 .avia_textblock{\nfont-size:14px;\n}\n<\/style>\n<section  class='av_textblock_section av-ca0zw-6ab7efa587e90f893c311d1e27d31997 '   itemscope=\"itemscope\" itemtype=\"https:\/\/schema.org\/CreativeWork\" ><div class='avia_textblock'  itemprop=\"text\" ><h4 style=\"margin-bottom: 10px;\">Z\u00fcrich:<\/h4>\n<p><strong>BENU Apotheke<\/strong> Sascha Krause Max Bill-Platz 9 8050 Z\u00fcrich Tel.: 044 310 20 81 <a href=\"mailto:maxbill@benu.ch\">maxbill@benu.ch<\/a> <a href=\"http:\/\/www.benu.ch\">www.benu.ch<\/a> <\/p>\n<\/div><\/section>\n<\/div><\/div>\n<style type=\"text\/css\" data-created_by=\"avia_inline_auto\" id=\"style-css-av-w6m8v0-98a43fee253c9d66456558a0968b33d9\">\n.flex_cell.av-w6m8v0-98a43fee253c9d66456558a0968b33d9{\nvertical-align:top;\n}\n.responsive #top #wrap_all .flex_cell.av-w6m8v0-98a43fee253c9d66456558a0968b33d9{\npadding:40px 10px 40px 40px !important;\n}\n<\/style>\n<div class='flex_cell av-w6m8v0-98a43fee253c9d66456558a0968b33d9 av-gridrow-cell av_one_fourth no_margin  avia-builder-el-366  el_after_av_cell_one_fourth  el_before_av_cell_one_fourth '  ><div class='flex_cell_inner'>\n<style type=\"text\/css\" data-created_by=\"avia_inline_auto\" id=\"style-css-av-u54xdo-c8292773052f1230d9e38f358023ec9f\">\n#top .av_textblock_section.av-u54xdo-c8292773052f1230d9e38f358023ec9f .avia_textblock{\nfont-size:14px;\n}\n<\/style>\n<section  class='av_textblock_section av-u54xdo-c8292773052f1230d9e38f358023ec9f '   itemscope=\"itemscope\" itemtype=\"https:\/\/schema.org\/CreativeWork\" ><div class='avia_textblock'  itemprop=\"text\" ><h4 style=\"margin-bottom: 10px;\">Z\u00fcrich:<\/h4>\n<p><strong>Wartau Rotpunkt Apotheke\u00a0<\/strong> Dr. Moritz J\u00fcttner Limmattalstrasse 242 8049 Z\u00fcrich Tel.: 044 341 76 46 <a href=\"mailto:info@limmatapotheke.ch\">info@wartauapotheke.ch<\/a> <a href=\"https:\/\/www.wartauapotheke.ch\/\">www.wartauapotheke.ch\/<\/a> <\/p>\n<\/div><\/section>\n<\/div><\/div>\n<style type=\"text\/css\" data-created_by=\"avia_inline_auto\" id=\"style-css-av-tf5cto-69097998ea736468281781e24f175e46\">\n.flex_cell.av-tf5cto-69097998ea736468281781e24f175e46{\nvertical-align:top;\n}\n.responsive #top #wrap_all .flex_cell.av-tf5cto-69097998ea736468281781e24f175e46{\npadding:40px 10px 40px 40px !important;\n}\n<\/style>\n<div class='flex_cell av-tf5cto-69097998ea736468281781e24f175e46 av-gridrow-cell av_one_fourth no_margin  avia-builder-el-368  el_after_av_cell_one_fourth  avia-builder-el-last '  ><div class='flex_cell_inner'>\n<style type=\"text\/css\" data-created_by=\"avia_inline_auto\" id=\"style-css-av-qsx2ws-45f0a5427243eeda00f671d817418297\">\n#top .av_textblock_section.av-qsx2ws-45f0a5427243eeda00f671d817418297 .avia_textblock{\nfont-size:14px;\n}\n<\/style>\n<section  class='av_textblock_section av-qsx2ws-45f0a5427243eeda00f671d817418297 '   itemscope=\"itemscope\" itemtype=\"https:\/\/schema.org\/CreativeWork\" ><div class='avia_textblock'  itemprop=\"text\" ><h4 style=\"margin-bottom: 10px;\">Z\u00fcrich:<\/h4>\n<p><strong>Rigi Apotheke und Drogerie<\/strong> Katharina Holenweg Universit\u00e4tstrasse\u00a0120 8006 Z\u00fcrich Tel.:\u00a0044\u00a0350\u00a053\u00a020 <a href=\"mailto:mail@rigiwin.ch\">mail@rigiwin.ch<\/a> <a href=\"http:\/\/www.rigiwin.ch\" target=\"_blank\" rel=\"noopener noreferrer\">www.rigiwin.ch<\/a> <img loading=\"lazy\" decoding=\"async\" class=\"alignnone wp-image-3730 size-full\" src=\"https:\/\/asthma-check.ch\/wp-content\/uploads\/Logo_AA.png\" alt=\"\" width=\"180\" height=\"23\" \/> <\/p>\n<\/div><\/section>\n<\/div><\/div>\n<\/div>\n<div id='av-layout-grid-44'  class='av-layout-grid-container av-14u2b4c-d3e02b048e5f69916292c547f645f5c4 entry-content-wrapper main_color av-border-cells av-flex-cells  avia-builder-el-370  el_after_av_layout_row  el_before_av_one_full  grid-row-not-first  container_wrap fullsize'  >\n\n<style type=\"text\/css\" data-created_by=\"avia_inline_auto\" id=\"style-css-av-13klnd8-9d1a2f3fe845da8bffd6580d2a92a669\">\n.flex_cell.av-13klnd8-9d1a2f3fe845da8bffd6580d2a92a669{\nvertical-align:top;\n}\n.responsive #top #wrap_all .flex_cell.av-13klnd8-9d1a2f3fe845da8bffd6580d2a92a669{\npadding:40px 10px 40px 40px !important;\n}\n<\/style>\n<div class='flex_cell av-13klnd8-9d1a2f3fe845da8bffd6580d2a92a669 av-gridrow-cell av_one_fourth no_margin  avia-builder-el-371  el_before_av_cell_one_fourth  avia-builder-el-first '  ><div class='flex_cell_inner'>\n<style type=\"text\/css\" data-created_by=\"avia_inline_auto\" id=\"style-css-av-qsx2ws-45f0a5427243eeda00f671d817418297\">\n#top .av_textblock_section.av-qsx2ws-45f0a5427243eeda00f671d817418297 .avia_textblock{\nfont-size:14px;\n}\n<\/style>\n<section  class='av_textblock_section av-qsx2ws-45f0a5427243eeda00f671d817418297 '   itemscope=\"itemscope\" itemtype=\"https:\/\/schema.org\/CreativeWork\" ><div class='avia_textblock'  itemprop=\"text\" ><h4 style=\"margin-bottom: 10px;\">Z\u00fcrich:<\/h4>\n<p><strong>TopPharm Apotheke Witikon<\/strong> Anja Bauert-Velder Carl-Spitteler-Strasse 2 8053 Z\u00fcrich Tel.: 044 380 00 26 <a href=\"mailto:info@witikon.apotheke.ch\">info@witikon.apotheke.ch<\/a> <a href=\"http:\/\/www.apotheke.ch\/witikon\" target=\"_blank\" rel=\"noopener noreferrer\">www.apotheke.ch\/witikon<\/a> <\/p>\n<\/div><\/section>\n<\/div><\/div>\n<style type=\"text\/css\" data-created_by=\"avia_inline_auto\" id=\"style-css-av-zk1698-9d5883bf61a17a9888ac807a61c70319\">\n.flex_cell.av-zk1698-9d5883bf61a17a9888ac807a61c70319{\nvertical-align:top;\n}\n.responsive #top #wrap_all .flex_cell.av-zk1698-9d5883bf61a17a9888ac807a61c70319{\npadding:40px 10px 40px 40px !important;\n}\n<\/style>\n<div class='flex_cell av-zk1698-9d5883bf61a17a9888ac807a61c70319 av-gridrow-cell av_one_fourth no_margin  avia-builder-el-373  el_after_av_cell_one_fourth  el_before_av_cell_one_fourth '  ><div class='flex_cell_inner'>\n<style type=\"text\/css\" data-created_by=\"avia_inline_auto\" id=\"style-css-av-114rzx8-478b29bb38680a07ab4b33572af9e409\">\n#top .av_textblock_section.av-114rzx8-478b29bb38680a07ab4b33572af9e409 .avia_textblock{\nfont-size:14px;\n}\n<\/style>\n<section  class='av_textblock_section av-114rzx8-478b29bb38680a07ab4b33572af9e409 '   itemscope=\"itemscope\" itemtype=\"https:\/\/schema.org\/CreativeWork\" ><div class='avia_textblock'  itemprop=\"text\" ><h4 style=\"margin-bottom: 10px;\">Z\u00fcrich<\/h4>\n<p><strong>TopPharm Morgental Apotheke &#038; Drogerie Parf\u00fcmerie<\/strong> Dr.\u00a0Valeria\u00a0Dora Albisstrasse 44 8038 Z\u00fcrich Tel.:\u00a0043\u00a0399\u00a088\u00a066 <a href=\"mailto:info@morgental.apotheke.ch\">info@morgental.apotheke.ch<\/a> <a href=\"http:\/\/www.morgental.apotheke.ch\" target=\"_blank\" rel=\"noopener noreferrer\">www.apotheke.ch\/morgental<\/a> <\/p>\n<\/div><\/section>\n<\/div><\/div>\n<style type=\"text\/css\" data-created_by=\"avia_inline_auto\" id=\"style-css-av-w6m8v0-98a43fee253c9d66456558a0968b33d9\">\n.flex_cell.av-w6m8v0-98a43fee253c9d66456558a0968b33d9{\nvertical-align:top;\n}\n.responsive #top #wrap_all .flex_cell.av-w6m8v0-98a43fee253c9d66456558a0968b33d9{\npadding:40px 10px 40px 40px !important;\n}\n<\/style>\n<div class='flex_cell av-w6m8v0-98a43fee253c9d66456558a0968b33d9 av-gridrow-cell av_one_fourth no_margin  avia-builder-el-375  el_after_av_cell_one_fourth  el_before_av_cell_one_fourth '  ><div class='flex_cell_inner'>\n<style type=\"text\/css\" data-created_by=\"avia_inline_auto\" id=\"style-css-av-qsx2ws-45f0a5427243eeda00f671d817418297\">\n#top .av_textblock_section.av-qsx2ws-45f0a5427243eeda00f671d817418297 .avia_textblock{\nfont-size:14px;\n}\n<\/style>\n<section  class='av_textblock_section av-qsx2ws-45f0a5427243eeda00f671d817418297 '   itemscope=\"itemscope\" itemtype=\"https:\/\/schema.org\/CreativeWork\" ><div class='avia_textblock'  itemprop=\"text\" ><h4 style=\"margin-bottom: 10px;\">Z\u00fcrich:<\/h4>\n<p><strong>TopPharm Leonhards Apotheke <\/strong>Dr. Ren\u00e9 Jenni Stampfenbachstrasse 7 8001 Z\u00fcrich Tel.: 044 252 44 20 <a href=\"mailto:leonhards-apotheke@bluewin.ch\">leonhards-apotheke@bluewin.ch<\/a> <a href=\"http:\/\/www.apotheke.ch\/leonhards\" target=\"_blank\" rel=\"noopener noreferrer\">www.apotheke.ch\/leonhards<\/a> <\/p>\n<\/div><\/section>\n<\/div><\/div>\n<style type=\"text\/css\" data-created_by=\"avia_inline_auto\" id=\"style-css-av-tf5cto-69097998ea736468281781e24f175e46\">\n.flex_cell.av-tf5cto-69097998ea736468281781e24f175e46{\nvertical-align:top;\n}\n.responsive #top #wrap_all .flex_cell.av-tf5cto-69097998ea736468281781e24f175e46{\npadding:40px 10px 40px 40px !important;\n}\n<\/style>\n<div class='flex_cell av-tf5cto-69097998ea736468281781e24f175e46 av-gridrow-cell av_one_fourth no_margin  avia-builder-el-377  el_after_av_cell_one_fourth  avia-builder-el-last '  ><div class='flex_cell_inner'>\n<style type=\"text\/css\" data-created_by=\"avia_inline_auto\" id=\"style-css-av-qsx2ws-45f0a5427243eeda00f671d817418297\">\n#top .av_textblock_section.av-qsx2ws-45f0a5427243eeda00f671d817418297 .avia_textblock{\nfont-size:14px;\n}\n<\/style>\n<section  class='av_textblock_section av-qsx2ws-45f0a5427243eeda00f671d817418297 '   itemscope=\"itemscope\" itemtype=\"https:\/\/schema.org\/CreativeWork\" ><div class='avia_textblock'  itemprop=\"text\" ><h4 style=\"margin-bottom: 10px;\">Z\u00fcrich:<\/h4>\n<p><strong>TopPharm Limmatplatz Apotheke <\/strong> Laura Di Vora Limmatstrasse 119 8005 Z\u00fcrich Tel.: 043 366 60 20 <a href=\"mailto:info@limmatplatz-apotheke.ch\">info@limmatplatz-apotheke.ch<\/a> <a href=\"http:\/\/www.apotheke.ch\/limmatplatz\" target=\"_blank\" rel=\"noopener noreferrer\">www.apotheke.ch\/limmatplatz<\/a> <\/p>\n<\/div><\/section>\n<\/div><\/div>\n<\/div><div id='after_grid_row_44'  class='main_color av_default_container_wrap container_wrap fullsize'  ><div class='container av-section-cont-open' ><div class='template-page content  av-content-full alpha units'><div class='post-entry post-entry-type-page post-entry-4588'><div class='entry-content-wrapper clearfix'>\n\n<style type=\"text\/css\" data-created_by=\"avia_inline_auto\" id=\"style-css-av-ehoxm4-436f49c624a5cf525ae0db91dc667fc9\">\n.flex_column.av-ehoxm4-436f49c624a5cf525ae0db91dc667fc9{\nborder-radius:0px 0px 0px 0px;\npadding:40px 0 40px 0;\n}\n<\/style>\n<div  class='flex_column av-ehoxm4-436f49c624a5cf525ae0db91dc667fc9 av_one_full  avia-builder-el-379  el_after_av_layout_row  avia-builder-el-no-sibling  first flex_column_div  '     ><div  class='avia-logo-element-container av-coc6jg-e0e9bc38de2154b68808c08771564a30 av-border-deactivate avia-logo-slider avia-content-slider avia-smallarrow-slider avia-content-slider-active noHover avia-content-slider-even  avia-builder-el-380  avia-builder-el-no-sibling  av-slideshow-ui av-control-hidden av-nav-arrows-visible av-nav-dots-visible av-no-slider-navigation av-hide-nav-arrows av-slideshow-autoplay av-loop-endless av-loop-manual-endless avia-content-slider1' data-slideshow-options=\"{&quot;animation&quot;:&quot;slide&quot;,&quot;autoplay&quot;:true,&quot;loop_autoplay&quot;:&quot;endless&quot;,&quot;interval&quot;:5,&quot;loop_manual&quot;:&quot;manual-endless&quot;,&quot;autoplay_stopper&quot;:false,&quot;noNavigation&quot;:true,&quot;bg_slider&quot;:false,&quot;keep_padding&quot;:&quot;&quot;,&quot;hoverpause&quot;:false,&quot;show_slide_delay&quot;:0}\"><div class='avia-smallarrow-slider-heading '><div class='new-special-heading'><h3 class='av-logo-special-heading-text '>In collaborazione con:<\/h3><\/div><\/div><div class=\"avia-content-slider-inner\"><div class=\"slide-entry-wrap\"><div  class='slide-entry av-5tgd4c-040b367372258348b951ee81dcd6dd08 flex_column no_margin av_one_sixth real-thumbnail post-entry slide-entry-overview slide-loop-1 slide-parity-odd  first'><span class='av-partner-fake-img' style='padding-bottom:30.541871921182%; background-image:url(https:\/\/asthma-check.ch\/wp-content\/uploads\/MIF_aha-logo.jpg);'><\/span><\/div><div  class='slide-entry av-3670bw-4dca628f14f39f15468e64ae5889e88a flex_column no_margin av_one_sixth real-thumbnail post-entry slide-entry-overview slide-loop-2 slide-parity-even  '><span class='av-partner-fake-img' style='padding-bottom:30.541871921182%; background-image:url(https:\/\/asthma-check.ch\/wp-content\/uploads\/MIF_CSS-Versicherung.jpg);'><\/span><\/div><div  class='slide-entry av-35c57w-e33b053f00c04693c2ce85a3a75712dd flex_column no_margin av_one_sixth real-thumbnail post-entry slide-entry-overview slide-loop-3 slide-parity-odd  '><span class='av-partner-fake-img' style='padding-bottom:30.541871921182%; background-image:url(https:\/\/asthma-check.ch\/wp-content\/uploads\/MIF_Lungenzentrum.jpg);'><\/span><\/div><div  class='slide-entry av-4p9e2k-ed1ce8d84b7f7469fe0fa6b63df5761f flex_column no_margin av_one_sixth real-thumbnail post-entry slide-entry-overview slide-loop-4 slide-parity-even  '><span class='av-partner-fake-img' style='padding-bottom:30.541871921182%; background-image:url(https:\/\/asthma-check.ch\/wp-content\/uploads\/MIF_Lunge-Zuerich.jpg);'><\/span><\/div><div  class='slide-entry av-37mg6k-d06170d0b0af0659c8c2087fe35239b8 flex_column no_margin av_one_sixth real-thumbnail post-entry slide-entry-overview slide-loop-5 slide-parity-odd post-entry-last '><a href=\"https:\/\/www.pharmasuisse.org\" data-rel='slide-1' class='slide-image' title='' target=\"_blank\" rel=\"noopener noreferrer\"><span class='av-partner-fake-img' style='padding-bottom:30.541871921182%; background-image:url(https:\/\/asthma-check.ch\/wp-content\/uploads\/AC_PharmaSuisse.jpg);'><\/span><\/a><\/div><\/div><\/div><\/div><\/div>\n","protected":false},"excerpt":{"rendered":"","protected":false},"author":1,"featured_media":0,"parent":0,"menu_order":2,"comment_status":"closed","ping_status":"closed","template":"","meta":{"footnotes":""},"class_list":["post-4588","page","type-page","status-publish","hentry"],"_links":{"self":[{"href":"https:\/\/asthma-check.ch\/it\/wp-json\/wp\/v2\/pages\/4588"}],"collection":[{"href":"https:\/\/asthma-check.ch\/it\/wp-json\/wp\/v2\/pages"}],"about":[{"href":"https:\/\/asthma-check.ch\/it\/wp-json\/wp\/v2\/types\/page"}],"author":[{"embeddable":true,"href":"https:\/\/asthma-check.ch\/it\/wp-json\/wp\/v2\/users\/1"}],"replies":[{"embeddable":true,"href":"https:\/\/asthma-check.ch\/it\/wp-json\/wp\/v2\/comments?post=4588"}],"version-history":[{"count":0,"href":"https:\/\/asthma-check.ch\/it\/wp-json\/wp\/v2\/pages\/4588\/revisions"}],"wp:attachment":[{"href":"https:\/\/asthma-check.ch\/it\/wp-json\/wp\/v2\/media?parent=4588"}],"curies":[{"name":"wp","href":"https:\/\/api.w.org\/{rel}","templated":true}]}}